{"id":4593,"date":"2021-09-20T12:59:36","date_gmt":"2021-09-20T12:59:36","guid":{"rendered":"http:\/\/10.0.1.22\/wordpress\/?page_id=4593"},"modified":"2026-04-21T20:13:36","modified_gmt":"2026-04-21T20:13:36","slug":"virtud-del-pajaro-2","status":"publish","type":"page","link":"https:\/\/www.radioconurbana.unlz.edu.ar\/wordpress\/virtud-del-pajaro-2\/","title":{"rendered":"Virtud del P\u00e1jaro"},"content":{"rendered":"\t\t<div data-elementor-type=\"wp-page\" data-elementor-id=\"4593\" class=\"elementor elementor-4593\" data-elementor-post-type=\"page\">\n\t\t\t\t\t\t<section class=\"elementor-section elementor-top-section elementor-element elementor-element-3109ed05 elementor-section-boxed elementor-section-height-default elementor-section-height-default\" data-id=\"3109ed05\" data-element_type=\"section\" data-e-type=\"section\" data-settings=\"{&quot;background_background&quot;:&quot;classic&quot;}\">\n\t\t\t\t\t\t<div class=\"elementor-container elementor-column-gap-default\">\n\t\t\t\t\t<div class=\"elementor-column elementor-col-100 elementor-top-column elementor-element elementor-element-1550c757\" data-id=\"1550c757\" data-element_type=\"column\" data-e-type=\"column\" data-settings=\"{&quot;background_background&quot;:&quot;classic&quot;}\">\n\t\t\t<div class=\"elementor-widget-wrap elementor-element-populated\">\n\t\t\t\t\t\t<div class=\"elementor-element elementor-element-2abb02ec elementor-drop-cap-yes elementor-widget__width-initial elementor-drop-cap-view-default elementor-widget elementor-widget-text-editor\" data-id=\"2abb02ec\" data-element_type=\"widget\" data-e-type=\"widget\" data-settings=\"{&quot;drop_cap&quot;:&quot;yes&quot;}\" data-widget_type=\"text-editor.default\">\n\t\t\t\t<div class=\"elementor-widget-container\">\n\t\t\t\t\t\t\t\t\t<p>\u00a0<\/p><h5>[Una idea de radio que sobrevuela el mundo del trabajo, la Universidad p\u00fablica, el pensamiento nacional, la pol\u00edtica. La econom\u00eda, la cultura popular, la peque\u00f1a y mediana empresa, la vivienda, la salud. La ciencia y la tecnolog\u00eda. El deporte. El mundo.<\/h5><h5>Una propuesta de la C\u00e1tedra de Radio, con los o\u00eddos y la vista puestos en los barrios, las ciudades, los pueblos. Desde la regi\u00f3n al pa\u00eds, desde la Patria grande al mundo.<\/h5><h5>Con el encabritado coraz\u00f3n de los periodistas Jos\u00e9 Dib\u00e1rtolo, Daniela Melvern, Emmanuel Olea, Miriam Mariotto, Juan Vega y Alicia Paz<\/h5><p><strong>Conducci\u00f3n: Beto Solas.<\/strong><\/p><p><strong>Idea, producci\u00f3n y realizaci\u00f3n: C\u00e1tedra de Radio.<\/strong><\/p><p>Facultad de Ciencias Sociales. Universidad Nacional de Lomas de Zamora.<\/p><h4 style=\"text-align: center;\"><strong>Escuch\u00e1 los programas emitidos\u00a0<\/strong><\/h4><h4 style=\"text-align: center;\"><strong>2026<\/strong><\/h4><p>En el <strong>programa N\u00ba225<\/strong> Ricardo Quintela, gobernador de la provincia de La Rioja y presidente del PJ provincial, quien nos habl\u00f3 de la situaci\u00f3n pol\u00edtica y econ\u00f3mica de su provincia, as\u00ed como del rol de la oposici\u00f3n :<\/p><p>\u201cLa distribuci\u00f3n no es equitativa, para este gobierno la inversi\u00f3n en desarrollo es un gasto\u201d.<\/p><p>Luego, Alicia Paz abord\u00f3 la fiesta electr\u00f3nica que se hiz\u00f3 en Plaza de Mayo, en homenaje al Papa Francisco en el primer aniversario de su fallecimiento; Tambi\u00e9n dedic\u00f3 un espacio al recuerdo del actor Luis Brandoni, con un repas\u00f3 de su trayectoria y carrera.<\/p><p>Adem\u00e1s, contamos con las columnas de Emmanuel Olea, sobre de la nueva Ley de Discapacidad que el Gobierno env\u00edo al Congreso, y de Franco Lavolpe, con detalles sobre la situaci\u00f3n de la guerra en Oriente Medio y la visita del presidente Milei a Israel.<\/p><p>Alicia Paz y Beto Solas te esperan el pr\u00f3ximo martes de 14 a 16 hs.<\/p><p><iframe src=\"https:\/\/www.ivoox.com\/player_ej_172338988_6_1.html?c1=c9b38c\" width=\"100%\" height=\"200\" frameborder=\"0\" scrolling=\"no\" allowfullscreen=\"allowfullscreen\"><\/iframe><\/p><p>En el <strong>programa N\u00ba224<\/strong> \u00d3scar Atienza, m\u00e9dico y m\u00e1gister en Salud p\u00fablica, habl\u00f3 sobre la situaci\u00f3n actual del sistema de salud p\u00fablica y del PAMI en particular: \u201cEra una de las mejores obras sociales de Latinoam\u00e9rica, y ahora est\u00e1 en cesi\u00f3n de pagos\u201d.<\/p><p>Hablamos con el periodista especializado en pol\u00edtica econ\u00f3mica, Ariel Maciel, y en comunicaci\u00f3n con Virtud del P\u00e1jaro asegur\u00f3: \u201cEl Gobierno toma como referencia incluso a los empleos informales como algo positivo\u201d.<\/p><p>Por \u00faltimo, Tom\u00e1s Barrionuevo, abogado de la UBA y docente de las materas Finanzas P\u00fablicas y Derecho Tributario, nos explic\u00f3 el proceso que atraviesa la Ley de Financiamiento Universitario: \u201cEs el Poder Ejecutivo el que debe decidir c\u00f3mo se ejecuta el presupuesto de la ley\u201d.<\/p><p>Alicia Paz y Beto Solas te esperan el pr\u00f3ximo martes de 14 a 16 hs.<\/p><p><iframe src=\"https:\/\/www.ivoox.com\/player_ej_171908173_6_1.html\" width=\"100%\" height=\"200\" frameborder=\"0\" scrolling=\"no\" allowfullscreen=\"allowfullscreen\"><\/iframe><\/p><p>En el <strong>programa N\u00ba223<\/strong> Pablo Romano, director de Radio Conurbana y coordinador del \u00c1rea de Medios de Sociales UNLZ, quien nos adelant\u00f3 un poco del Documental \u201cLa BAP\u2026\u201d que se proyectara en el Auditorio Rodolfo Walsh .<\/p><p>\u00abSon 10 horas de grabaci\u00f3n, donde pudimos recorrer el proceso y el contexto previo de los fundadores de la BAP\u00bb.<\/p><p>Estuvimos en comunici\u00f3n con Emilce Moler, sobreviviente de \u201cLa Noche de los L\u00e1pices\u00bb.<\/p><p>\u201cNos lanzamos con toda nuestra juventud y nuestros idealismos hasta dar la vida, convencidos de que pod\u00edamos transformar el pa\u00eds\u201d.<\/p><p>Por \u00faltimo, Franco Bartolacci, rector de la Universidad Nacional de Rosario y presidente del CIN, nos explic\u00f3 la situaci\u00f3n de la Ley de Financiamiento universitario y el fallo judicial.<\/p><p>\u00abEl a\u00f1o va a ser muy complejo si el gobierno no cumple la ley\u00bb.<\/p><p><iframe src=\"https:\/\/www.ivoox.com\/player_ej_171510123_6_1.html?c1=c9b38c\" width=\"100%\" height=\"200\" frameborder=\"0\" scrolling=\"no\" allowfullscreen=\"allowfullscreen\"><\/iframe><\/p><h4>\u00a0<\/h4><h4 style=\"text-align: center;\"><strong>2025<\/strong><\/h4><p>En el <strong>programa N\u00ba222<\/strong> Alejandro Cruz (@ale_hcruz), docente de #SocialesUNLZ, militante e integrante del espacio Frente Grande y Derecho al futuro del gobernador Kicillof, quien analiz\u00f3 la coyuntura pol\u00edtica de Esteban Echeverr\u00eda y de la provincia de Buenos Aires<\/p><p>\u201cKicillof representa la renovaci\u00f3n en la pol\u00edtica y dentro del campo popular, y el peronismo que tanto ansiamos\u201d.<\/p><p>\u00abEs fundamental que el peronismo y el espacio popular entren en un proceso de unidad con renovaci\u00f3n, esto tiene que ir de la mano\u201d.<\/p><p>A Santiago Arag\u00f3n (@sansanaragon), analista pol\u00edtico, magister Gesti\u00f3n en la Comunicaci\u00f3n de las Organizaciones y docente en #SocialesUNLZ, nos brind\u00f3 un balance de lo que fue este a\u00f1o.<\/p><p>Adem\u00e1s, Oscar Amaya (@oski._.ama), docente y director del Servicio de Atenci\u00f3n y Orientaci\u00f3n Psicopedag\u00f3gico (SAOP) en #Socialesunlz, realiz\u00f3 una reflexi\u00f3n de fin de a\u00f1o.<\/p><p>Por \u00faltimo, Gustavo Na\u00f3n (@gustavonaonok), decano de #SocialesUNLZ y Pablo Romano (@pabloromano74), director de Radio Conurbana, hablaron sobre el desarrollo de la radio en nuestra universidad.<\/p><p>Beto Solas y Alicia Paz te esperan el pr\u00f3ximo a\u00f1o.<\/p><p><iframe src=\"https:\/\/www.ivoox.com\/player_ej_164032019_6_1.html?c1=c9b38c\" width=\"100%\" height=\"200\" frameborder=\"0\" scrolling=\"no\" allowfullscreen=\"allowfullscreen\"><\/iframe><\/p><p>En el <strong>programa N\u00ba221<\/strong> Oscar Atienza, M\u00e9dico mag\u00edster en Salud P\u00fablica y Docente universitario, nos brind\u00f3 una charla sobre las antivacunas, el Rebrote del sarampi\u00f3n y otras enfermedades controladas.<\/p><p>\u00abSon antivacunas pero no son tontos, tienen vacunadas hasta a las vacas, la tienen re clara en ese sentido\u00bb<\/p><p>Adem\u00e1s, Fernando Signorini, Preparador f\u00edsico de Diego Maradona entre 1983 y 1994 y tambi\u00e9n profesor de Educaci\u00f3n f\u00edsica. nos habl\u00f3 y record\u00f3 a Maradona y sobre todo sus 5 a\u00f1os de su paso a la inmortalidad.<\/p><p>Tambi\u00e9n, Claudio Tamburrini, Ex detenido desaparecido durante la dictadura militar, qui\u00e9n logr\u00f3 fugarse de la mansi\u00f3n entre 1977 y 1978. qui\u00e9n habl\u00f3 sobre su retenci\u00f3n en tiempos de la dictadura militar.<\/p><p>Y por \u00faltimo, Daniel M\u00edguez, periodista graduado de la UNLZ, docente universitario, director y fundador de la agencia AUNO de la Facultad de Ciencias Sociales UNLZ. present\u00f3 su libro \u201cSan Mart\u00edn en persona\u201d<\/p><p>Beto Solas y Alicia Paz te esperan el pr\u00f3ximo martes de 14 a 16hs.<\/p><p><iframe src=\"https:\/\/www.ivoox.com\/player_ej_163658120_6_1.html\" width=\"100%\" height=\"200\" frameborder=\"0\" scrolling=\"no\" allowfullscreen=\"allowfullscreen\"><\/iframe><\/p><p>En el <strong>programa N\u00ba220<\/strong> Marina Paulozzo, especialista en Administraci\u00f3n Universitaria, docente y profesora de Ciencias de la Educaci\u00f3n en #SocialesUNLZ, quien analiz\u00f3 la nueva iniciativa del gobierno de reformar el sistema educativo<\/p><p>\u00abEs una prioridad nacional construir una pol\u00edtica de estado para tener una sociedad m\u00e1s justa\u00bb.<\/p><p>Ar\u00f3n Ju\u00e1rez (@aronjuarez03), payador de San Vicente, nos habl\u00f3 sobre su participaci\u00f3n en el noveno festival de tango y criollismo en el Teatro Cosmopolita (@festivaltangoycriollismo), y realiz\u00f3 en vivo una peque\u00f1a payada para Virtud del P\u00e1jaro.<\/p><p>Adem\u00e1s, Loana Tejero (@loana_tejero), periodista graduada de #Socialesunlz, nos explic\u00f3 sobre el potencial de torio (recurso natural) en Argentina.<\/p><p>Beto Solas y Alicia Paz te esperan el pr\u00f3ximo martes de 14 a 16hs.<\/p><p><iframe src=\"https:\/\/www.ivoox.com\/player_ej_163258210_6_1.html?c1=c9b38c\" width=\"100%\" height=\"200\" frameborder=\"0\" scrolling=\"no\" allowfullscreen=\"allowfullscreen\"><\/iframe><\/p><p>En el <strong>programa N\u00ba219<\/strong> Sergio Wisch\u00f1evsky, Historiador, y profesor en la Facultad de Filosof\u00eda y Letras de la Universidad de Buenos Aires, quien nos habl\u00f3 sobre el D\u00eda de la soberan\u00eda.<\/p><p>\u00abEstamos en un momento que un acuerdo con los Estados Unidos va a complicar a nuestra soberan\u00eda\u201d<\/p><p>A continuaci\u00f3n, Ariel Maciel, Periodista graduado de la UNLZ y editor de la secci\u00f3n Econom\u00eda Pol\u00edtica del diario Perfil, nos brind\u00f3 un An\u00e1lisis de la agenda pol\u00edtica .<\/p><p>Beto Solas y Alicia Paz te espera el pr\u00f3ximo martes de 14 a 16hs.<\/p><p><iframe src=\"https:\/\/www.ivoox.com\/player_ej_162869791_6_1.html?c1=c9b38c\" width=\"100%\" height=\"200\" frameborder=\"0\" scrolling=\"no\" allowfullscreen=\"allowfullscreen\"><\/iframe><\/p><p>:n el <strong>programa N\u00ba218<\/strong> Carlos Tomada , ex ministro de Trabajo y ex embajador de Argentina en M\u00e9xico, quien nos habl\u00f3 sobre la Reforma Laboral y la situaci\u00f3n del mundo del trabajo.<\/p><p>\u00abTodas las reformas laborales de este siglo han terminado aumentando la desigualdad, y no el empleo\u201d.<\/p><p>A continuaci\u00f3n, Carlos Buschini, m\u00fasico, bajista y creador del homenaje \u201cLe collectif tango negro\u00bb ensemble, nos brind\u00f3 un adelanto del homenaje que realizar\u00e1 sobre Juan Carlos C\u00e1ceres.<\/p><p>Beto Solas y Alicia Paz te espera el pr\u00f3ximo martes de 14 a 16hs.<\/p><p><iframe src=\"https:\/\/www.ivoox.com\/player_ej_162473993_6_1.html?c1=c9b38c\" width=\"100%\" height=\"200\" frameborder=\"0\" scrolling=\"no\" allowfullscreen=\"allowfullscreen\"><\/iframe><\/p><p>En el <strong>programa N\u00ba217<\/strong> Jorge Capitanich (@coqui.capitanich), ex gobernador de la provincia de Chaco, ex jefe de Gabinete de Naci\u00f3n y actual senador electo por esa provincia en los comicios de octubre por Fuerza Patria, quien realiz\u00f3 un an\u00e1lisis del rol de la oposici\u00f3n y de la situaci\u00f3n del gobierno nacional.<\/p><p>\u00abEs necesario construir para 2027 una estrategia, para ser capaces de dar respuesta y consolidar una presencia en el territorio. El capital debe estar al servicio de la econom\u00eda y el bienestar social\u00bb.<\/p><p>A continuaci\u00f3n, Santiago Arag\u00f3n (@sansanaragon), analista pol\u00edtico, magister en Gesti\u00f3n en la Comunicaci\u00f3n de las Organizaciones y docente universitario de #Socailesunlz, nos brind\u00f3 detalles sobre la VIII Jornada de Comunicaci\u00f3n Estrat\u00e9gica que se llev\u00f3 acabo en nuestra casa de estudios y realiz\u00f3 un an\u00e1lisis de la pol\u00edtica comunicacional en la actualidad y del escenario pol\u00edtico.<\/p><p>Adem\u00e1s, Federico Guerra (@fede_guerrao), periodista de la UNLZ, historiador y escritor, nos habl\u00f3 sobre la inauguraci\u00f3n de la Biblioteca Popular Diego Armando Maradona en Villa Fiorito, de la que particip\u00f3 con la lectura de un cuento suyo.<\/p><p>Beto Solas y Alicia Paz te espera el pr\u00f3ximo martes de 14 a 16hs.<\/p><p><iframe src=\"https:\/\/www.ivoox.com\/player_ej_161877315_6_1.html?c1=c9b38c\" width=\"100%\" height=\"200\" frameborder=\"0\" scrolling=\"no\" allowfullscreen=\"allowfullscreen\"><\/iframe><\/p><p>En el <strong>programa N\u00ba216<\/strong> Carla Moreno (@dra.carla.moreno), abogada especialista en Derecho Laboral y directora de la secretar\u00eda de articulaci\u00f3n territorial del ministerio de Cooperativas y mutuales en C\u00f3rdoba, quien realiz\u00f3 un an\u00e1lisis sobre la iniciativa del gobierno para aplicar una reforma laboral y en materia previsional;<\/p><p>\u201cEsta reforma no busca modernizar el trabajo, sino abaratarlo, que cueste menos despedir, pagar y cumplir derechos\u201d.<\/p><p>A continuaci\u00f3n, hablamos con Julia Mengolini (@juliamengo), periodista, abogada, escritora y directora de la radio \u201cFuturock\u201d, para que nos brinde detalles sobre su nuevo libro:\u201cLas caras del monstruo\u00bb que present\u00f3 en la FILAB.<\/p><p>Adem\u00e1s nos visitaron estudiantes de la Escuela 505 de Esteban Echeverr\u00eda, instituci\u00f3n que recibe personas con baja visi\u00f3n o tambi\u00e9n ceguera, quienes nos instruyeron sobre el tema y las actividades que proponen su difusi\u00f3n.<\/p><p>Beto Solas y Alicia Paz te espera el pr\u00f3ximo martes de 14 a 16hs.<\/p><p><iframe src=\"https:\/\/www.ivoox.com\/player_ej_161481035_6_1.html?c1=c9b38c\" width=\"100%\" height=\"200\" frameborder=\"0\" scrolling=\"no\" allowfullscreen=\"allowfullscreen\"><\/iframe><\/p><p>En el <strong>programa N\u00ba215<\/strong> Ariel Maciel (@arieldelomas), periodista y editor de la secci\u00f3n Econom\u00eda Pol\u00edtica del diario Perfil, que explic\u00f3 el encuentro de Donald Trump con Javier Milei y el plan de \u00abSalvataje\u00bb de Estados Unidos.<\/p><p>\u201cEs la primera vez que Estados Unidos va a comprar bonos argentinos\u201d<\/p><p>A Jos\u00e9 Manuel Ubeira, abogado especialista en derecho penal, quien realiz\u00f3 un an\u00e1lisis de la investigaci\u00f3n a Espert por su v\u00ednculo narco y sobre el veredicto sobre el intento de asesinato a la ex presidente Cristina Fern\u00e1ndez de Kirchner en 2022<\/p><p>Adem\u00e1s Roc\u00edo Galv\u00e1n (@rociomgalvan), periodista y docente de Sociales UNLZ, nos habl\u00f3 sobre la pr\u00f3xima presentaci\u00f3n del libro \u00abLa rosca pol\u00edtica\u00bb en el \u00abClub de Lectura\u00bb.<\/p><p>Por \u00faltimo Francisco Estrada (@Franciscoestradaok), director de cine, habl\u00f3 sobre su pel\u00edcula \u00abEl don de unir\u00bb un retrato audiovisual de Domingo Bresci, que se presentar\u00e1 este lunes 20 de octubre en la Casa de la Provincia de Buenos Aires.<\/p><p>Beto Solas y Alicia Paz te espera el pr\u00f3ximo martes de 14 a 16hs.<\/p><p><iframe src=\"https:\/\/www.ivoox.com\/player_ej_160714261_6_1.html\" width=\"100%\" height=\"200\" frameborder=\"0\" scrolling=\"no\" allowfullscreen=\"allowfullscreen\"><\/iframe><\/p><p>En el <strong>programa N\u00ba214<\/strong> Ra\u00fal Timerman, analista y consultor pol\u00edtico, quien realiz\u00f3 un an\u00e1lisis del esc\u00e1ndalo en La Libertad Avanza por la renuncia de Jos\u00e9 Luis Espert a su candidatura a diputado por la provincia de Buenos Aires.<\/p><p>\u00abEl gobierno de Milei de julio a agosto cay\u00f3 en su aprobaci\u00f3n de gesti\u00f3n de manera dr\u00e1stica, de 48 a 43 puntos, eso se produjo por el triple veto\u00bb.<\/p><p>\u00abMilei trata de rescatar la figura del Milei que gan\u00f3 las elecciones pero en el medio pas\u00f3 un ajuste de m\u00e1s de un a\u00f1o y medio\u00bb.<\/p><p>Adem\u00e1s, Federico Guerra (@fede_guerraok ), historiador, escritor y periodista agropecuario graduado de la Facultad de Ciencias Sociales UNLZ, nos habl\u00f3 sobre el aniversario por los 152 a\u00f1os de la fundaci\u00f3n del partido de Almirante Brown.<\/p><p>Alicia Paz te espera el pr\u00f3ximo martes de 14 a 16hs.<\/p><p><iframe src=\"https:\/\/www.ivoox.com\/player_ej_160383198_6_1.html?c1=c9b38c\" width=\"100%\" height=\"200\" frameborder=\"0\" scrolling=\"no\" allowfullscreen=\"allowfullscreen\"><\/iframe><\/p><p>En el <strong>programa N\u00ba213<\/strong> presenciamos el discurso de Mariano Cascallares en la apertura del evento y entrevistamos a Gustavo Na\u00f3n, decano de nuestra casa de estudios, que detall\u00f3 la situaci\u00f3n pol\u00edtica actual de las universidades p\u00fablicas.<\/p><p>\u00abLa ley de financiamiento universitario es consecuencia de la postergaci\u00f3n del presupuesto nacional\u00bb<\/p><p>Adem\u00e1s, tuvimos las columnas de Emmanuel Olea, periodista de la UNLZ, para hablar sobre el pedido de expulsi\u00f3n de Espert de la C\u00e1mara de Diputados; Franco Lavolpe, director del Instituto de Relaciones Internacionales UNLZ, para ahondar sobre la propuesta de paz de Trump para Israel\/Palestina, y el m\u00f3vil de Loana Tejero, desde el auditorio Rodolfo Walsh con la cobertura del evento.<\/p><p>Alicia Paz y Beto Solas te esperan el pr\u00f3ximo martes de 14 a 16 hs.<\/p><p><iframe src=\"https:\/\/www.ivoox.com\/player_ej_159807245_6_1.html?c1=c9b38c\" width=\"100%\" height=\"200\" frameborder=\"0\" scrolling=\"no\" allowfullscreen=\"allowfullscreen\"><\/iframe><\/p><p>En el <strong>programa N\u00ba212<\/strong> Daniel Arroyo (@licdanielarroyo), diputado nacional de \u00abUni\u00f3n por la Patria\u00bb, quien habl\u00f3 sobre la suspensi\u00f3n de la Ley de emergencia en Discapacidad; y a Ariel Maciel (@arieldelomas), periodista y editor de la secci\u00f3n econom\u00eda pol\u00edtica del diario Perfil, que realiz\u00f3 un an\u00e1lisis del acuerdo de entendimiento del gobierno con el Tesoro de los Estados Unidos y sus posibles repercusiones en el pa\u00eds.<\/p><p>\u00abLo que hizo el gobierno es absurdo e inconstitucional. No est\u00e1 poniendo en marcha lo que es su obligaci\u00f3n, una ley. Una ley no es un consejo. La Justicia le va a decir que ponga en marcha la ley\u00bb.<\/p><p>Adem\u00e1s, Guadalupe Horta y Paloma Rotela, estudiantes de la Facultad de Ciencias Sociales UNLZ, nos compartieron sus experiencias en la Marcha Federal Universitaria.<\/p><p>Alicia Paz te espera el pr\u00f3ximo martes de 14 a 16hs.<\/p><p><iframe src=\"https:\/\/www.ivoox.com\/player_ej_159194726_6_1.html?c1=c9b38c\" width=\"100%\" height=\"200\" frameborder=\"0\" scrolling=\"no\" allowfullscreen=\"allowfullscreen\"><\/iframe><\/p><p>En el <strong>programa N\u00ba211<\/strong> Rosalia Costantino, mag\u00edster en Econom\u00eda Pol\u00edtica y licenciada en Periodismo (UNLZ), para analizar el presupuesto 2026 que envi\u00f3 el Presidente al Congreso.<\/p><p>\u201cEl presupuesto es un enga\u00f1a pichanga. El aumento propuesto por el presidente no es recuperable despu\u00e9s del ajuste\u201d<\/p><p>Beto Solas y Alicia Paz te esperan el pr\u00f3ximo martes de 14 a 16hs.<\/p><p><iframe src=\"https:\/\/www.ivoox.com\/player_ej_158088898_6_1.html?c1=c9b38c\" width=\"100%\" height=\"200\" frameborder=\"0\" scrolling=\"no\" allowfullscreen=\"allowfullscreen\"><\/iframe><\/p><p>En el <strong>programa N\u00ba210<\/strong> el intendente de Pehuaj\u00f3, Pablo Zurro y al analista pol\u00edtico, Santiago Arag\u00f3n, para hablar sobre el escenario pol\u00edtico tras los comicios en la provincia de Buenos Aires.<\/p><p>Zurro: \u00abNo esper\u00e1bamos tanta diferencia, siempre con optimismo, pero ganar tan contundente fue muy bueno\u00bb.<\/p><p><iframe src=\"https:\/\/www.ivoox.com\/player_ej_157523011_6_1.html?c1=c9b38c\" width=\"100%\" height=\"200\" frameborder=\"0\" scrolling=\"no\" allowfullscreen=\"allowfullscreen\"><\/iframe><\/p><p>En el <strong>programa N\u00ba209<\/strong> Sergio Pianciola, secretario de Educaci\u00f3n, Ciencia y Tecnolog\u00eda de Almirante Brown y candidato a concejal del distrito por la lista de Fuerza Patria, para hablar sobre las elecciones. A continuaci\u00f3n, Mercedes D\u2019Alessandro, doctora en Econom\u00eda, docente universitaria y activista social, realiz\u00f3 un an\u00e1lisis del presente econ\u00f3mico del pa\u00eds.<\/p><p>\u00abEl distrito de Almirante Brown se destaca en educaci\u00f3n sobre otros municipios de la regi\u00f3n\u00bb<\/p><p>Adem\u00e1s, Alejandro Cruz, integrante del Frente Grande y tambi\u00e9n del Movimiento Derecho al futuro del gobernador Axel Kicillof, brind\u00f3 detalles sobre el panorama actual del municipio de Esteban Echeverr\u00eda. Para finalizar, Roberto Bacman, soci\u00f3logo, analista pol\u00edtico y director del Centro de Estudios de Opini\u00f3n P\u00fablica (CEOP), nos esclareci\u00f3 el escenario pre electoral.<\/p><p>Beto Solas y Alicia Paz te esperan el pr\u00f3ximo martes de 14 a 16hs.<\/p><p><iframe src=\"https:\/\/www.ivoox.com\/player_ej_156811047_6_1.html?c1=c9b38c\" width=\"100%\" height=\"200\" frameborder=\"0\" scrolling=\"no\" allowfullscreen=\"allowfullscreen\"><\/iframe><\/p><p>En el <strong>programa N\u00ba208<\/strong> Jimena L\u00f3pez (@mariajimenalopezok), dirigente del Frente Renovador y candidata a diputada nacional por Fuerza Patria, que nos habl\u00f3 de los rumores acerca de las coimas en la Agencia Nacional de Discapacidad (ANDIS) y sobre la campa\u00f1a electoral en la Provincia de Buenos Aires; y<\/p><p>\u00abMe asombra la falta de compromiso con la poblaci\u00f3n m\u00e1s fr\u00e1gil de la Argentina\u00bb.<\/p><p>Alejandro Apo (@alejandro_apo_), periodista y comentarista de f\u00fatbol, quien por estos 105 a\u00f1os de la radiodifusi\u00f3n en Argentina nos cont\u00f3 su historia con este gran medio.<\/p><p>Adem\u00e1s, Irina Hauser (@irinahauser), periodista especializada en temas judiciales, nos brind\u00f3 su mirada sobre los audios que se le atribuyen al ex titular de la Agencia Nacional de Discapacidad Diego Spagnuolo y lo que pasa en la justicia.<\/p><p>Beto Solas y Alicia Paz te esperan el pr\u00f3ximo martes de 14 a 16hs<\/p><p><iframe src=\"https:\/\/www.ivoox.com\/player_ej_156350002_6_1.html?c1=c9b38c\" width=\"100%\" height=\"200\" frameborder=\"0\" scrolling=\"no\" allowfullscreen=\"allowfullscreen\"><\/iframe><\/p><p>En el <strong>programa N\u00ba207<\/strong> Nicol\u00e1s Mantegazza (@nico.mantegazza), intendente del municipio de San Vicente (@sanvicentemunicipio) nos brind\u00f3 su mirada sobre el escenario pol\u00edtico rumbo a las pr\u00f3ximas elecciones.<\/p><p>Laura Chamorro (@laurachamorrook), concejala de La Matanza y candidata a diputada provincial por Fuerza Patria, nos habl\u00f3 sobre la campa\u00f1a y la coyuntura pol\u00edtica en La Matanza; y Oscar Atienza (@oscaraatienza), m\u00e9dico cirujano, Mag\u00edster en administraci\u00f3n de servicios de salud y salud p\u00fablica, se pronuncio sobre las muertes por el f\u00e1rmaco fentanilo, producto de las desregulaciones y de quienes no hicieron su trabajo y advirtieron los riesgos.<\/p><p>Adem\u00e1s, Tom\u00e1s Barrionuevo, abogado, docente en la Universidad de Buenos Aires en la materia \u201cFinanzas P\u00fablicas y Derecho Tributario, nos puso en perspectiva las inconstitucionalidades que tiene la \u00abLey Muralla\u00bb propuesta por Javier Milei para sancionar a legisladores.<\/p><p>Beto Solas y Alicia Paz te esperan el pr\u00f3ximo martes de 14 a 16hs.<\/p><p><iframe src=\"https:\/\/www.ivoox.com\/player_ej_155847274_6_1.html\" width=\"100%\" height=\"200\" frameborder=\"0\" scrolling=\"no\" allowfullscreen=\"allowfullscreen\"><\/iframe>En el <strong>programa N\u00ba206<\/strong> Oscar Alpa (@oscaralpa), Rector de la Universidad Nacional de La Pampa y titular del CIN (@cin.oficial), nos brind\u00f3 un an\u00e1lisis de la situaci\u00f3n de la universidad p\u00fablica argentina y la media sanci\u00f3n en Diputados al proyecto de ley de financiamiento universitario.<\/p><p>\u00abNo se han vetado tantas leyes en la historia argentina como ahora\u00bb.<\/p><p>Adem\u00e1s, entrevistamos a Juan Jos\u00e9 Giani, analista pol\u00edtico, escritor y docente de la Universidad Nacional de Entre R\u00edos y de Rosario, que habl\u00f3 acerca del escenario pol\u00edtico actual y del rol del peronismo como conductor de la oposici\u00f3n a las pol\u00edticas de Milei.<\/p><p>Beto Solas y Alicia Paz te esperan el pr\u00f3ximo martes de 14 a 16hs.<\/p><p><iframe src=\"https:\/\/www.ivoox.com\/player_ej_155352867_6_1.html?c1=c9b38c\" width=\"100%\" height=\"200\" frameborder=\"0\" scrolling=\"no\" allowfullscreen=\"allowfullscreen\"><\/iframe><\/p><p>En el <strong>programa N\u00ba205<\/strong> Sol Tischik (@soltischik), jefa de gabinete del municipio de Lomas de Zamora, quien encabeza la lista a concejales en Lomas por \u201cFuerza Patria\u00bb (@fuerzapatrialomas), que habl\u00f3 acerca del cierre de listas de cara a las elecciones del 7 de septiembre:<\/p><p>\u00abTener pol\u00edticas p\u00fablicas concretas que solucionen el problema de los vecinos, que fue para eso que nos eligieron\u00bb.<\/p><p>Roberto Bacman, soci\u00f3logo, analista pol\u00edtico y director del Centro de Estudios de Opini\u00f3n P\u00fablica (CEOP), que brind\u00f3 un an\u00e1lisis pol\u00edtico sobre las elecciones, la situaci\u00f3n del gobierno y rol de la oposici\u00f3n.<\/p><p>Beto Solas y Alicia Paz te esperan el martes 5 de agosto de 14 a 16hs.<\/p><p><iframe src=\"https:\/\/www.ivoox.com\/player_ej_153592044_6_1.html?c1=c9b38c\" width=\"100%\" height=\"200\" frameborder=\"0\" scrolling=\"no\" allowfullscreen=\"allowfullscreen\"><\/iframe><\/p><p>En el <strong>programa N\u00ba204<\/strong> Jos\u00e9 Mayans, senador de Uni\u00f3n por la Patria por la provincia de Formosa, que habl\u00f3 acerca de la sanci\u00f3n en el Senado sobre los proyectos jubilatorios y de emergencia en discapacidad:<\/p><p>Mayans: \u201cLo que est\u00e1n haciendo es incitar a la violencia, con esto de publicar nuestras fotos, pidiendo justicia como por mano propia\u201d.<\/p><p>\u00abEl 70% de los jubilados est\u00e1n por debajo de la l\u00ednea de pobreza\u00bb.<\/p><p>Alexia Navarro (@alexiannavarro ), viceministra de Salud de la provincia de Buenos Aires, que brind\u00f3 detalles sobre el sistema de salud, el brote de enfermedades y el recorte y desfinanciamiento a los programas de esta \u00e1rea.<\/p><p>Adem\u00e1s, estuvimos en comunicaci\u00f3n con Ariel Maciel (@arieldelomas), periodista y editor en Perfil en la secci\u00f3n econom\u00eda pol\u00edtica, para analizar la coyuntura y la situaci\u00f3n del Gobierno nacional con los gobernadores.<\/p><p>Beto Solas y Alicia Paz te esperan el pr\u00f3ximo martes de 14 a 16hs.<\/p><p><iframe src=\"https:\/\/www.ivoox.com\/player_ej_153070999_6_1.html?c1=c9b38c\" width=\"100%\" height=\"200\" frameborder=\"0\" scrolling=\"no\" allowfullscreen=\"allowfullscreen\"><\/iframe>En el <strong>programa N\u00ba203<\/strong>\u00a0Ernesto Al\u00ed (@pipialiok), Diputado por la provincia de San Luis y miembro del bloque de Uni\u00f3n por la Patria; y a Willy Gonz\u00e1lez (@willygonzalezbajo), bajista.<\/p><p>Ernesto Al\u00ed (@pipialiok), Diputado por la provincia de San Luis y miembro del bloque de Uni\u00f3n por la Patria, pas\u00f3 por el aire @conurbanaradio en el programa Virtud del P\u00e1jaro para realizar un an\u00e1lisis el Proyecto de ley para incrementar los Aportes del Tesoro de la Naci\u00f3n y la situaci\u00f3n pol\u00edtica de San Luis y a escala nacional<\/p><p>\u00abEl problema es que no le est\u00e1n girando a las provincias lo que por ley les corresponde, no est\u00e1n cumpliendo desde el gobierno Nacional\u00bb<\/p><p>\u00abEn funci\u00f3n de este super\u00e1vit que quieren tener o el equilibrio fiscal, lo hacen a costa de las provincias, los mas d\u00e9biles\u00bb<\/p><p>Adem\u00e1s, recibimos en el estudio a los estudiantes de la Escuela Secundaria N\u00b020 con especializaci\u00f3n en Comunicaci\u00f3n de 9 de Abril, Esteban Echeverr\u00eda.<\/p><p>Beto Solas y Alicia Paz te esperan el pr\u00f3ximo martes de 14 a 16hs.<\/p><p><iframe src=\"https:\/\/www.ivoox.com\/player_ej_152282301_6_1.html?c1=c9b38c\" width=\"100%\" height=\"200\" frameborder=\"0\" scrolling=\"no\" allowfullscreen=\"allowfullscreen\"><\/iframe><\/p><p>En el <strong>programa N\u00ba202<\/strong> Eduardo Barcesat (@eduardosalvadorbarcesat), Abogado constitucionalista.<\/p><p>Barcesat: \u201cLa condena y el fallo es ficcional porque no se condice con ning\u00fan aspecto de la realidad\u201d.<\/p><p>Entrevistamos a Daniel Yofra (@danielyofraok), Secretario general de la Federaci\u00f3n de Trabajadores del Complejo Industrial Oleaginoso, Desmotadores de Algod\u00f3n y Afines de la Rep\u00fablica Argentina (@aceiterosdesmotadores).\u00a0 Adem\u00e1s, Alicia Paz, docente de nuestra Facultad de Ciencias Sociales y de la UNDAV, licenciada en Periodismo y Comunicaci\u00f3n Social, habl\u00f3 sobre las elecciones del domingo 29 de junio en Santa Fe y en Formosa, y Mar\u00eda Florencia Blanco, graduada del Profesorado en Comunicaci\u00f3n Social de la Universidad Nacional de Lomas de Zamora, realiz\u00f3 una columna sobre la exposici\u00f3n de cine y literatura en la Biblioteca Nacional.<\/p><p><iframe src=\"https:\/\/www.ivoox.com\/player_ej_151524373_6_1.html?c1=c9b38c\" width=\"100%\" height=\"200\" frameborder=\"0\" scrolling=\"no\" allowfullscreen=\"allowfullscreen\"><\/iframe><\/p><p>En el <strong>programa N\u00ba201<\/strong> Oscar Atienza (@oscaraatienza), m\u00e9dico cirujano y mag\u00edster en Administraci\u00f3n de Servicios de Salud y Salud P\u00fablica, nos brind\u00f3 los detalles sobre el aumento de casos de gripe y la disminuci\u00f3n de vacunados.<\/p><p>\u201cEl 70% de los ni\u00f1os y ni\u00f1as no tienen el calendario de vacunaci\u00f3n completo\u201d<\/p><p>Beto Solas y Alicia Paz te esperan el pr\u00f3ximo martes de 14 a 16hs.<\/p><p><iframe src=\"https:\/\/www.ivoox.com\/player_ej_151006387_6_1.html?c1=c9b38c\" width=\"100%\" height=\"200\" frameborder=\"0\" scrolling=\"no\" allowfullscreen=\"allowfullscreen\"><\/iframe><\/p><p>En el <strong>programa N\u00ba200<\/strong> Juan Ramos Padilla (@juanramospadilla), Juez Federal:<\/p><p>\u00abEs un papel firmado por tres personas que est\u00e1n alineadas al poder econ\u00f3mico\u00bb<\/p><p>Y a Santiago Arag\u00f3n (@sansanaragon), Analista pol\u00edtico y docente de la UNLZ, UNLaM y Austral.<\/p><p>Beto Solas y Alicia Paz te esperan el pr\u00f3ximo martes de 14 a 16hs.<\/p><p><iframe src=\"https:\/\/www.ivoox.com\/player_ej_150459048_6_1.html?c1=c9b38c\" width=\"100%\" height=\"200\" frameborder=\"0\" scrolling=\"no\" allowfullscreen=\"allowfullscreen\"><\/iframe><\/p><p>En el <strong>programa N\u00ba199<\/strong> Norma Lezana, secretaria general de la Asociaci\u00f3n de Profesionales y T\u00e9cnicos (APyT) del Hospital Garrahan, pas\u00f3 por el aire de #VirtuddelPajaro para anunciar la marcha del mi\u00e9rcoles 11 de Junio a Casa Rosada y visibilizar la situaci\u00f3n general del conflicto por la recomposici\u00f3n salarial.<\/p><p>\u201cNo hay futuro para la pediatr\u00eda, no hay futuro para la salud de los chicos que necesitan alta complejidad en nuestro pa\u00eds\u201d.<\/p><p>\u201cEs un golpe al coraz\u00f3n de la salud p\u00fablica que se cierre el Garrahan\u201d<\/p><p><iframe src=\"https:\/\/www.ivoox.com\/player_ej_149904562_6_1.html\" width=\"100%\" height=\"200\" frameborder=\"0\" scrolling=\"no\" allowfullscreen=\"allowfullscreen\"><\/iframe><\/p><p>En el <strong>programa N\u00ba198<\/strong> Cristina Alonso, Bioqu\u00edmica y jefa del \u00e1rea de los laboratorios especializadas del Hospital Garrahan.<br \/>\u201cNo somos de paro f\u00e1cil en el Garrahan pero esto no da para m\u00e1s, no da para seguir funcionando\u201d.<\/p><p>Tambi\u00e9n hablamos con Fernando Galarraga (@fggalarraga), ex director ejecutivo de la Agencia Nacional de Discapacidad (ANDIS); Alejandro Horowicz, ensayista y analista pol\u00edtico; Jorge Calzoni (@JorgeCalzoni), ingeniero y rector de la Universidad Nacional de Avellaneda, y Cristina Alonso, Bioqu\u00edmica y jefa del \u00e1rea de los laboratorios especializadas del Hospital Garrahan.<\/p><p>Beto Solas y Alicia Paz te esperan el pr\u00f3ximo martes de 14 a 16hs.<\/p><p><iframe src=\"https:\/\/www.ivoox.com\/player_ej_149101054_6_1.html?c1=c9b38c\" width=\"100%\" height=\"200\" frameborder=\"0\" scrolling=\"no\" allowfullscreen=\"allowfullscreen\"><\/iframe><\/p><p>En el <strong>programa N\u00ba197<\/strong> Alberto Kornblihtt, bi\u00f3logo molecular e investigador del CONICET, pas\u00f3 por el aire de @conurbanaradio e hizo referencia a la actualidad pol\u00edtica del gobierno Nacional.<\/p><p>\u201cEl ajuste que ocurri\u00f3 con Menem y Macri son muy peque\u00f1os comparados con la situaci\u00f3n actual\u201d<\/p><p>Beto Solas y Alicia Paz te esperan el pr\u00f3ximo martes de 14 a 16hs.<\/p><p><iframe src=\"https:\/\/www.ivoox.com\/player_ej_148621106_6_1.html\" width=\"100%\" height=\"200\" frameborder=\"0\" scrolling=\"no\" allowfullscreen=\"allowfullscreen\"><\/iframe><\/p><p>En el <strong>programa N\u00ba196<\/strong> Santiago Fidanza, subsecretario de Organizaci\u00f3n comunitaria de la provincia de Buenos Aires, pas\u00f3 por el aire de @conurbanaradio y analiz\u00f3 el presente de la Provincia de Buenos Aires.<\/p><p>\u201cEn el peronismo tenemos que avanzar y mostrarle a la gente que somos una alternativa para el futuro\u201d<\/p><p>Asimismo, hizo referencia a las inundaciones que sufrieron este fin de semana varios municipios: \u201cEstamos esperando una respuesta por parte de Naci\u00f3n por el pedido de insumos para los damnificados\u201d.<\/p><p>Beto Solas y Alicia Paz te esperan el pr\u00f3ximo martes de 14 a 16hs.<\/p><p><iframe src=\"https:\/\/www.ivoox.com\/player_ej_147779309_6_1.html\" width=\"100%\" height=\"200\" frameborder=\"0\" scrolling=\"no\" allowfullscreen=\"allowfullscreen\"><\/iframe><\/p><p>En el <strong>programa N\u00ba195<\/strong> Juan Modarelli, legislador en CABA y candidato a renovar por la lista \u00abEs Ahora Buenos Aires\u00bb, analiz\u00f3 el presente de la Ciudad de Buenos Aires y las pr\u00f3ximas elecciones:<\/p><p>\u00abLa ciudad hoy est\u00e1 atravesando un proceso de crisis y el gobierno no tiene respuestas\u00bb.<\/p><p>\u00abEs una elecci\u00f3n que est\u00e1 bastante pareja pero creo que lo que nosotros construimos es una alternativa\u00bb.<\/p><p>Alicia Paz y equipo te esperan el pr\u00f3ximo martes de 14 a 16hs<\/p><p><iframe src=\"https:\/\/www.ivoox.com\/player_ej_146622807_6_1.html?c1=c9b38c\" width=\"100%\" height=\"200\" frameborder=\"0\" scrolling=\"no\" allowfullscreen=\"allowfullscreen\"><\/iframe><\/p><p>En el <strong>programa N\u00ba 194<\/strong> Mart\u00edn Granovsky, periodista e historiador, analiz\u00f3 el presente de la pol\u00edtica argentina.<\/p><p>\u00abHoy en d\u00eda el blanco son los fotoreporteros, es de ataque f\u00edsico y del Estado\u00bb.<\/p><p>\u201cLa figura m\u00e1s importante del peronismo en t\u00e9rminos de representatividad de votos y de la gente que gobierna es Axel Kicillof\u00bb<\/p><p><iframe src=\"https:\/\/www.ivoox.com\/player_ej_146218278_6_1.html?c1=c9b38c\" width=\"100%\" height=\"200\" frameborder=\"0\" scrolling=\"no\" allowfullscreen=\"allowfullscreen\"><\/iframe><\/p><p>En el <strong>programa N\u00ba193<\/strong> Juan Giani, Licenciado y profesor de Filosof\u00eda en la Universidad Nacional de Rosario y de Entre R\u00edos, pas\u00f3 por @conurbanaradio y reflexion\u00f3 sobre la situaci\u00f3n actual del peronismo y las internas de cara a las elecciones legislativas.<\/p><p>\u201dEl peronismo tiene que estar a la altura de la discusi\u00f3n de los valores fundamentales del movimiento\u00bb.<\/p><p>\u00abEn la Argentina no alcanza con el peronismo. Se necesita un peronismo unido, cohesionado, con una actitud generosa convocando a sectores que no fueron, no son, ni van a ser peronistas\u00bb.<\/p><p>\u00abCon la idea de que el peronismo puede seguir en conflicto interno nos estamos equivocando y le estamos haciendo el caldo gordo para que Milei siga siendo presidente\u00bb.<\/p><p><iframe src=\"https:\/\/www.ivoox.com\/player_ej_145828820_6_1.html?c1=c9b38c\" width=\"100%\" height=\"200\" frameborder=\"0\" scrolling=\"no\" allowfullscreen=\"allowfullscreen\"><\/iframe><\/p><p>En el <strong>programa N\u00ba192<\/strong> Eduardo de la Serna, Cura en la opci\u00f3n por los pobres y sacerdote de la Di\u00f3cesis de Quilmes, en di\u00e1logo con #VirtuddelPajaro, reflexion\u00f3 sobre el trabajo de Francisco en la iglesia y el legado que dej\u00f3.<\/p><p>\u201dFrancisco logr\u00f3 volver a integrar a la iglesia con la realidad\u201d.<\/p><p>\u201dUna de las cosas que hizo el Papa fue mostrar una iglesia simple, sencilla y abierta a la escucha\u201d.<\/p><p>\u201dOjala haya quienes contin\u00faen el legado del Papa Francisco para no volver a los castillos\u201d.<\/p><p><iframe src=\"https:\/\/www.ivoox.com\/player_ej_145436035_6_1.html?c1=c9b38c\" width=\"100%\" height=\"200\" frameborder=\"0\" scrolling=\"no\" allowfullscreen=\"allowfullscreen\"><\/iframe><\/p><p>En el <strong>programa N\u00ba 191 <\/strong>Jorge Yoma (NegroYoma), abogado y ex senador riojano. Hizo referencia al plan del gobierno para vender los complejos de Chapadmalal.<\/p><p>\u201dEl presidente no tiene idea de lo que es el turismo social de la Argentina\u201d<\/p><p>\u201cEl turismo social es una pol\u00edtica de Estado para el peronismo. A los privados no les interesa la experiencia que puedan tener los m\u00e1s peque\u00f1os\u201d<\/p><p>\u201cEl peronismo es la \u00fanica opci\u00f3n que tiene el pueblo argentino para devolverles la dignidad\u201d<\/p><p><iframe src=\"https:\/\/www.ivoox.com\/player_ej_145073251_6_1.html?c1=c9b38c\" width=\"100%\" height=\"200\" frameborder=\"0\" scrolling=\"no\" allowfullscreen=\"allowfullscreen\"><\/iframe><\/p><p>En el <strong>programa N\u00ba190 <\/strong>Juan \u201cChipi\u201d Monta\u00f1a, concejal de Lomas de Zamora y referente del Frente Patria Grande, hizo referencia a las elecciones desdobladas en la provincia de Buenos Aires.<\/p><p>\u201cHasta \u00faltimo momento vamos a trabajar para que la unidad sea posible, y para que todos juntos podamos enfrentar al gobierno de Milei\u201d.<\/p><p>Virtud del P\u00e1jaro con las \u00faltimas novedades de la pol\u00edtica nacional e internacional por @conurbanaradio<\/p><p>Beto Solas junto a Alicia Paz te esperan el pr\u00f3ximo martes de 14 a 16hs.<\/p><p><iframe src=\"https:\/\/www.ivoox.com\/player_ej_144759749_6_1.html?c1=c9b38c\" width=\"100%\" height=\"200\" frameborder=\"0\" scrolling=\"no\" allowfullscreen=\"allowfullscreen\"><\/iframe><\/p><p style=\"text-align: left;\">En el<strong> programa N\u00ba189 <\/strong>Jorge Chamorro, periodista en Splendid AM 990, pas\u00f3 por #VirtuddelPajaro y analiz\u00f3 el presente de la econom\u00eda argentina.<br \/>\u201cEl gobierno va a tener que elegir por el mal menor\u201d.<\/p><p>Adem\u00e1s, analiz\u00f3 la interna entre Axel Kicillof y Cristina Fern\u00e1ndez de Kirchner.<br \/>\u201cNo se est\u00e1n peleando por ideas, se pelean por qui\u00e9n maneja la lapicera\u201d.<\/p><p><iframe src=\"https:\/\/www.ivoox.com\/player_ej_144232387_6_1.html\" width=\"100%\" height=\"200\" frameborder=\"0\" scrolling=\"no\" allowfullscreen=\"allowfullscreen\"><\/iframe><\/p><h4 style=\"text-align: center;\"><strong>2024<\/strong><\/h4><h4 style=\"text-align: center;\">\u00a0<\/h4><p>En el <strong>programa N\u00ba188<\/strong> Jos\u00e9 Manuel Ubeira, abogado de Cristina Fern\u00e1ndez de Kirchner<\/p><p>\u201cLa condena de Cristina tiene que ver m\u00e1s con la supresi\u00f3n de sus derechos pol\u00edticos que con una condena penal\u201d<\/p><p>Adem\u00e1s, columna sobre la pol\u00edtica internacional por Franco Lavolpe sobre el conflicto en Corea del Sur; la columna de Oscar Amaya sobre Educaci\u00f3n y Aprendizaje, y para cerrar, la columna de Emmanuel Olea acerca de la actualidad de la pol\u00edtica nacional.<\/p><p><iframe src=\"https:\/\/www.ivoox.com\/player_ej_136541744_6_1.html?c1=c8b38c\" width=\"100%\" height=\"200\" frameborder=\"0\" scrolling=\"no\" allowfullscreen=\"allowfullscreen\"><\/iframe><\/p><p>En el <strong>programa N\u00ba187<\/strong> Fernando Tranfo, escritor y docente en la Facultad de Ciencias Sociales UNLZ<\/p><p>\u00abEst\u00e1 creciendo la idea de \u201cEl Diego plantado ante la vida\u00bb, es una apolog\u00eda de la imperfecci\u00f3n de \u00e9l\u00bb.<\/p><p>Adem\u00e1s, columna sobre la pol\u00edtica internacional por Franco Lavolpe sobre la Cumbre G20 en Brasil; la columna de Oscar Amaya sobre la entrega de libros en bibliotecas de la provincia de Buenos Aires y la pol\u00e9mica por la ESI, y para cerrar, la columna de Automovilismo por Paola Lederer acerca de las \u00faltimas novedades de la f\u00f3rmula 1 y los requisitos para ser piloto.<\/p><p><iframe src=\"https:\/\/www.ivoox.com\/player_ej_136085454_6_1.html?c1=c8b38c\" width=\"100%\" height=\"200\" frameborder=\"0\" scrolling=\"no\" allowfullscreen=\"allowfullscreen\"><\/iframe><\/p><p>En el <strong>programa N\u00ba186<\/strong> Gabriel Katopodis (@gabriel_katopodis ), ministro de Infraestructura y Servicios P\u00fablicos de la Provincia de Buenos Aires y ex ministro de Obras P\u00fablicas de la Naci\u00f3n<\/p><p>\u201cEs una provincia y un pa\u00eds que no tienen destino si no hay obra p\u00fablica, porque no hay posibilidades de desarrollo en Argentina si no hay rutas, puertos\u00bb.<\/p><p>Adem\u00e1s, entrevista a Walter Torchio (@wtorchio), senador Provincial de Uni\u00f3n por la Patria, y a Tom\u00e1s Barrionuevo, abogado, docente de la UBA y Miembro del Observatorio Legislativo Argentino (OLEGISAR); columna sobre la pol\u00edtica nacional por Emmanuel Olea y la columna de pol\u00edtica internacional por Franco Lavolpe.<\/p><p><iframe src=\"https:\/\/www.ivoox.com\/player_ej_135716005_6_1.html?c1=c8b38c\" width=\"100%\" height=\"200\" frameborder=\"0\" scrolling=\"no\" allowfullscreen=\"allowfullscreen\"><\/iframe><\/p><p>En el <strong>programa N\u00ba185<\/strong> Roberto Feletti, economista y ex secretario de Comercio<\/p><p>\u201cTodav\u00eda no ha aparecido un frente nacional y popular consistente\u00bb<\/p><p>Adem\u00e1s, entrevista a Alejandro Bagato, m\u00e9dico especialista en sistemas de salud y seguridad social; columna sobre la pol\u00edtica nacional por Emmanuel Olea y la columna de pol\u00edtica internacional por Franco Lavolpe.<\/p><p><iframe src=\"https:\/\/www.ivoox.com\/player_ej_135358972_6_1.html\" width=\"100%\" height=\"200\" frameborder=\"0\" scrolling=\"no\" allowfullscreen=\"allowfullscreen\"><\/iframe><\/p><p>En el<strong> programa N\u00ba184<\/strong>\u00a0H\u00e9ctor Recalde, abogado laboralista<\/p><p>\u201cLo que pretenden es la deslaboralizaci\u00f3n de las relaciones entre un patr\u00f3n y un trabajador\u201d.<\/p><p>Adem\u00e1s, columna sobre la pol\u00edtica nacional por Emmanuel Olea; la columna de pol\u00edtica internacional por Franco Lavolpe, y m\u00f3vil de Loana Tejero junto a estudiantes, docentes y nodocentes desde la Radio Abierta en el Hall Central de #SocialesUNLZ<\/p><p><iframe src=\"https:\/\/www.ivoox.com\/player_ej_134883650_6_1.html?c1=c8b38c\" width=\"100%\" height=\"200\" frameborder=\"0\" scrolling=\"no\" allowfullscreen=\"allowfullscreen\"><\/iframe><\/p><p>En el <strong>programa N\u00ba183<\/strong> Roberto Salvarezza, presidente de la Comisi\u00f3n de Investigaciones Cient\u00edficas de la provincia de Buenos Aires (CIC).<\/p><p>\u201cClaramente hay un abandono por parte del gobierno nacional en el apoyo a la ciencia y a la tecnolog\u00eda\u201d.<\/p><p>\u201cEl acuerdo con M\u00e9xico es fundamental porque nos permite recuperar un proyecto, que ten\u00edamos a nivel nacional a trav\u00e9s de YPF, que era el desarrollo de la cadena de valor del litio\u201d.<\/p><p>Adem\u00e1s, entrevista a la secretaria General APyT (Asociaci\u00f3n de Profesionales y T\u00e9cnicos del Hospital Garrahan), Norma Lezana; al ex ministro de Defensa nacional, ex diputado, y ex jefe de Gabinete de la Naci\u00f3n, Agust\u00edn Rossi; columna sobre la pol\u00edtica nacional por Emmanuel Olea; la columna de pol\u00edtica internacional por Franco Lavolpe, y las novedades musicales con Paola Jinks, estudiante de Periodismo en #SocialesUNLZ.<\/p><p><iframe src=\"https:\/\/www.ivoox.com\/player_ej_134631528_6_1.html?c1=c8b38c\" width=\"100%\" height=\"200\" frameborder=\"0\" scrolling=\"no\" allowfullscreen=\"allowfullscreen\"><\/iframe><\/p><p>En el <strong>programa N\u00ba182<\/strong> Gustavo Ciampa, abogado laboralista<\/p><p>\u201cLo que est\u00e1 habilitando la Ley Bases es que las empresas puedan contratar equipos de hasta 4 trabajadores, todos ellos sin registrar. Los van a tener inscriptos como monotributistas, que es un fraude a la ley y no tienen ning\u00fan derecho\u201d.<\/p><p>Adem\u00e1s, entrevista al secretario general de ADIULZA, Miguel Briscas; al m\u00e9dico infect\u00f3logo, Tom\u00e1s Orduna; columna sobre la pol\u00edtica nacional por Emmanuel Olea, y las novedades literarias con Andrea Torres, estudiante de Comunicaci\u00f3n Social en #SocialesUNLZ.<\/p><p><iframe src=\"https:\/\/www.ivoox.com\/player_ej_134391848_6_1.html?c1=c8b38c\" width=\"100%\" height=\"200\" frameborder=\"0\" scrolling=\"no\" allowfullscreen=\"allowfullscreen\"><\/iframe><\/p><p>En el <strong>programa N\u00ba181<\/strong> Oscar Alpa, vicepresidente de CIN y rector de la Universidad Nacional de La Pampa<\/p><p>\u00abLa Universidad P\u00fablica Argentina es parte de la comunidad, parte de lo que necesita. Tambi\u00e9n es parte de la industria, si queremos crecer como pa\u00eds necesitamos un sistema universitario de calidad como fue hist\u00f3ricamente\u00bb.<\/p><p>Adem\u00e1s, entrevista al periodista y analista internacional Mart\u00edn Granovsky, columna sobre las relaciones internacionales con Franco Lavolpe; la columna de pol\u00edtica nacional por Emmanuel Olea, y las novedades del cine argentino con Mar\u00eda Florencio Blanco.<\/p><p><iframe src=\"https:\/\/www.ivoox.com\/player_ej_134146179_6_1.html?c1=c8b38c\" width=\"100%\" height=\"200\" frameborder=\"0\" scrolling=\"no\" allowfullscreen=\"allowfullscreen\"><\/iframe><\/p><p>En el <strong>programa N\u00ba180<\/strong> An\u00edbal Fern\u00e1ndez, ex ministro de Interior, Justicia, Seguridad; ex senador y ex jefe de Gabinete.<\/p><p>\u201cNuestra visi\u00f3n tiene que estar en c\u00f3mo cuidar que no les hagan m\u00e1s da\u00f1o a los viejos y que se vaya pensando en un gobierno alternativo cuando se den las condiciones para que pueda reparar la barbaridad que hicieron estos tipos\u201d.<\/p><p>Adem\u00e1s, la columna sobre el D\u00eda de la Psicopedagog\u00eda por Oscar Amaya; todo sobre las relaciones internacionales con Franco Lavolpe; la columna de pol\u00edtica nacional por Emmanuel Olea, y las novedades del cine argentino con Candela Lederer.<\/p><p><iframe src=\"https:\/\/www.ivoox.com\/player_ej_133909575_6_1.html?c1=c8b38c\" width=\"100%\" height=\"200\" frameborder=\"0\" scrolling=\"no\" allowfullscreen=\"allowfullscreen\"><\/iframe><\/p><p>En el <strong>programa N\u00ba179<\/strong> Jorge D\u00b4Onofrio, ministro de Transporte de la provincia de Buenos Aires<\/p><p>\u201cM\u00e1s all\u00e1 de si tenemos o no la plata, no tenemos la herramienta jur\u00eddica porque el presupuesto autoriza al pago de compensaciones al transporte no de un programa que compensa l\u00edneas y sistemas que est\u00e1n fuera de nuestra jur\u00edsdicci\u00f3n\u00bb.<\/p><p>\u00abPara arreglar esto hay que ir a la Legislatura con un proyecto modificando la ley de Presupuesto y que abran una partida nueva\u00bb.<\/p><p>Adem\u00e1s, entrevista a Nora Biaggio, docente jubilada y titular del Plenario de Trabajadores Jubilados en la Coordinadora Sindical Clasista.<\/p><p><iframe src=\"https:\/\/www.ivoox.com\/player_ej_133436616_6_1.html?c1=c8b38c\" width=\"100%\" height=\"200\" frameborder=\"0\" scrolling=\"no\" allowfullscreen=\"allowfullscreen\"><\/iframe><\/p><p>En el <strong>programa N\u00ba178<\/strong> Alejandro Dolina, escritor, comunicador y m\u00fasico.<\/p><p>\u201cVeo mucho dolor y desesperanza, mucha desconfianza y dificultad para salir adelante con cualquier tipo de proyecto medianamente generoso, la \u00fanica posibilidad que tenemos es trabajar cada uno de nosotros tratando de ser emp\u00e1tico desde nosotros mismos, no desde los cuadros pol\u00edticos porque, evidentemente, el pueblo argentino est\u00e1 desenga\u00f1ado de quienes debieran abrazar sus causas, entonces creo que debemos abrazarlas nosotros mismos\u00bb.<\/p><p>Adem\u00e1s, entrevista al decano de la Facultad de Ciencias Sociales UNLZ, Gustavo Na\u00f3n, y el director del \u00e1rea de Medios y de Radio Conurbana, Pablo Romano, para hablar acerca del quinto aniversario de nuestra emisora. En esta misma l\u00ednea, recibimos los saludos de estudiantes y docentes que son parte del programa.<\/p><p><iframe src=\"https:\/\/www.ivoox.com\/player_ej_133209759_6_1.html?c1=c8b38c\" width=\"100%\" height=\"200\" frameborder=\"0\" scrolling=\"no\" allowfullscreen=\"allowfullscreen\"><\/iframe><br \/>En el <strong>programa N\u00ba177 <\/strong>Felipe Sol\u00e1, ex gobernador de la Provincia de Buenos Aires<\/p><p>\u201cAxel es muy buen gestor, muy honesto, pero le falta una comunicaci\u00f3n con el hombre com\u00fan que diga \u2018no me gusta el kirchnerismo pero lo voy a votar a Axel porque es un hombre independiente\u201d para sumar m\u00e1s. El peronismo necesita un plus\u00bb.<\/p><p>Adem\u00e1s, entrevista al vir\u00f3logo, investigador del CONICET y docente, Mario Lozano; al abogado Javier Gar\u00edn y al secretario general de ADIULZA,Miguel Briscas. Por otro lado,la columna de Emmanuel Olea, docente de nuestra casa de estudios, acerca de la actualidad del Partido Justicialista.<\/p><p><iframe src=\"https:\/\/www.ivoox.com\/player_ej_132777183_6_1.html?c1=c8b38c\" width=\"100%\" height=\"200\" frameborder=\"0\" scrolling=\"no\" allowfullscreen=\"allowfullscreen\"><\/iframe><\/p><p>En el <strong>programa N\u00ba176<\/strong> Daniel \u201cTano\u201d Catalano, secretario general de la Asociaci\u00f3n de Trabajadores del Estado (ATE) Capital.<br \/>\u00abNo se est\u00e1 pensando c\u00f3mo abrazar a los sectores populares despojados de todo\u00bb.<br \/>Adem\u00e1s, entrevista a Pablo Van Den Heuvel, secretario general del Sindicato de Trabajadores de la Industria del Gas de Bah\u00eda Blanca; Gustavo Lopez, presidente de FORJA y expresidente de ENACOM; y Juan Manuel Telechea, economista y director del Instituto de Trabajo y Econom\u00eda. Tambi\u00e9n la columna de Franco Lavolpe, docente titular de Relaciones Internacionales.<\/p><p><iframe src=\"https:\/\/www.ivoox.com\/player_ej_132562337_6_1.html?c1=c8b38c\" width=\"100%\" height=\"200\" frameborder=\"0\" scrolling=\"no\" allowfullscreen=\"allowfullscreen\"><\/iframe><br \/>En el <strong>programa N\u00ba175<\/strong> Cristina Caama\u00f1o, ex rectora de la Universidad Nacional \u00abMadres de Plaza de Mayo\u00bb<\/p><p>\u201cpor una persecuci\u00f3n ideol\u00f3gica, empez\u00f3 con una persecuci\u00f3n financiera al no pasarnos el dinero que nos corresponde, que figura en el presupuesto nacional\u201d<\/p><p>Adem\u00e1s, entrevista a la polit\u00f3loga Carolina Berardi y a Pablo Gonzalez (Protagonista del hist\u00f3rico tango \u201cChiquil\u00edn de Bach\u00edn\u201d), Columnas por Franco Lavolpe y Emmanuel Olea<\/p><p><iframe src=\"https:\/\/www.ivoox.com\/player_ej_132221018_6_1.html?c1=c8b38c\" width=\"100%\" height=\"200\" frameborder=\"0\" scrolling=\"no\" allowfullscreen=\"allowfullscreen\"><\/iframe><br \/>En el <strong>programa N\u00ba174<\/strong> Federico Oterm\u00edn (@federico.otermin), intendente de Lomas de Zamora<\/p><p>\u00abLa \u00fanica pol\u00edtica que tiene el gobierno nacional es el ajuste, consiste en no invertir, en \u201cno gastar\u201d en t\u00e9rminos de lenguajes libertarios\u201d.<\/p><p>Adem\u00e1s, entrevista al periodista Ernesto \u201cCherquis\u201d Bialo y a Gustavo L\u00f3pez (@drgustavolopez), ex vicepresidente de @ENACOMArgentina<\/p><p>En <iframe src=\"https:\/\/www.ivoox.com\/player_ej_131979102_6_1.html?c1=c8b38c\" width=\"100%\" height=\"200\" frameborder=\"0\" scrolling=\"no\" allowfullscreen=\"allowfullscreen\"><\/iframe>el <strong>programa N\u00ba173<\/strong> Eleonora V\u00e1zquez, secretaria de Educaci\u00f3n del partido de San Vicente<\/p><p>\u00abVamos a redoblar el esfuerzo porque de ninguna manera este alejamiento y este recorte de recursos por parte del Gobierno Nacional nos va a paralizar, sino que nos da m\u00e1s fuerza para seguir trabajando por todo lo que falta\u201d.<\/p><p>Adem\u00e1s, la columna de Emmanuel Olea acerca de los viajes de Milei y la Ley Bases; Franco Lavolpe con los detalles de las elecciones en el mundo y Loana Tejero con la cobertura de la inauguraci\u00f3n del Centro de Extensi\u00f3n Universitario en la Universidad de San Vicente.<\/p><p><iframe src=\"https:\/\/www.ivoox.com\/player_ej_131152296_6_1.html\" width=\"100%\" height=\"200\" frameborder=\"0\" scrolling=\"no\" allowfullscreen=\"allowfullscreen\"><\/iframe><\/p><p>En el <strong>programa N\u00ba172<\/strong> Carlos Del Frade, diputado de la provincia de Santa Fe por el bloque Frente Amplio por la Soberan\u00eda<\/p><p>\u00abEl gran desaf\u00edo pol\u00edtico es construir una esperanza y una estrategia de poder que pueda convencer a nuestro pueblo que la decisi\u00f3n pasa por otro lado, que el Estado est\u00e9 a favor de las grandes mayor\u00edas y no a favor de las minor\u00edas\u201d.<\/p><p>Adem\u00e1s, entrevista al analista pol\u00edtico y director de la Revista Panam\u00e1, Mart\u00edn Rodr\u00edguez, visita de los estudiantes del Instituto Mariano Moreno de Luis Guill\u00f3n y la columna de Franco Lavolpe sobre los viajes al exterior por parte del presidente Javier Milei.<\/p><p><iframe src=\"https:\/\/www.ivoox.com\/player_ej_130843963_6_1.html?c1=19150c\" width=\"100%\" height=\"200\" frameborder=\"0\" scrolling=\"no\" allowfullscreen=\"allowfullscreen\"><\/iframe><\/p><p>En el <strong>programa N\u00ba 171<\/strong> Mar\u00eda del Carmen Verd\u00fa, abogada y militante de Coordinadora contra la Represi\u00f3n Policial e Institucional (CORREPI)<\/p><p>\u201cEl objetivo es el amedrentramiento y el disciplinamiento, que te quedes en tu casa y te dejes avasallar, que dejes que destruyan todos los derechos\u201d.<\/p><p>Adem\u00e1s, entrevista a Alan Ju\u00e1rez hermano de Camila, joven detenida el mi\u00e9rcoles en Congreso; Columna de la actualidad pol\u00edtica nacioanl por Emmanuel Olea; columna de Candela Lederer sobre \u00abRada, la pel\u00edcula\u00bb; columna de deportes sobre el campeonato de Los Andes y la Copa Am\u00e9rica por Nahuel Villar, y m\u00f3vil desde Plaza de Mayo con Loana Tejero en la marcha por los detenidos\/as en Congreso.<\/p><p><iframe src=\"https:\/\/www.ivoox.com\/player_ej_130527323_6_1.html?c1=19150c\" width=\"100%\" height=\"200\" frameborder=\"0\" scrolling=\"no\" allowfullscreen=\"allowfullscreen\"><\/iframe><\/p><p>En el <strong>programa N\u00ba170<\/strong> Roberto Feletti, ex secretario de Comercio de la Naci\u00f3n<\/p><p>\u00abEl principal factor de la econom\u00eda argentina es el consumo interno, ya sea por el salario o por el est\u00edmulo del gasto p\u00fablico, se cort\u00f3\u00bb.<\/p><p>Adem\u00e1s, entrevista al ex subsecretario de Hidrocarburos de la Naci\u00f3n, Juan Jos\u00e9 Carbajales; columna de Franco Lavolpe sobre las elecciones en M\u00e9xico y Tom\u00e1s Barrionuevo acerca de los alimentos almacenados en Villa Martelli y Taf\u00ed Viejo.<\/p><p><iframe src=\"https:\/\/www.ivoox.com\/player_ej_129883793_6_1.html?c1=19150c\" width=\"100%\" height=\"200\" frameborder=\"0\" scrolling=\"no\" allowfullscreen=\"allowfullscreen\"><\/iframe><\/p><p>En el <strong>programa N\u00ba169<\/strong> Gustavo L\u00f3pez, abogado, presidente del partido FORJA y ex vicepresidente del Ente Nacional de Comunicaciones (ENACOM).<\/p><p>\u00abEstamos en emergencia democr\u00e1tica porque estamos ante un gobierno de rasgos fuertemente autoritarios\u00bb.<\/p><p>\u201cLo que m\u00e1s me preocupa no es Milei, porque es esto. A m\u00ed me preocupan los diputados y senadores que le han votado la Ley y se la votar\u00e1n en el Senado para legitimar la barbaridad que va a ocurrir en la Argentina, un pa\u00eds que se encamina al 70% de pobres\u201d.<\/p><p>Adem\u00e1s, entrevista a Adam Tully, m\u00fasico guitarrista nacido en Nueva York; columna de Emmanuel Olea, Franco Lavolpe y Mar\u00eda Florencia Blanco.<\/p><p><iframe src=\"https:\/\/www.ivoox.com\/player_ej_129552312_6_1.html?c1=0a0a0a\" width=\"100%\" height=\"200\" frameborder=\"0\" scrolling=\"no\" allowfullscreen=\"allowfullscreen\"><\/iframe><\/p><p>En el <strong>programa N\u00ba168<\/strong> M\u00f3nica Gurina, docente y secretaria General de la Central de Trabajadores de la Argentina Aut\u00f3noma (CTA Aut\u00f3noma), seccional Misiones.<\/p><p>\u00abLo que hizo la polic\u00eda fue demoler el cerco medi\u00e1tico pero primero empezamos los docentes y luego el personal de salud\u00bb.<\/p><p>\u00abLos docentes estamos de paro, el a\u00f1o pasado hicimos 70 d\u00edas y este 2024 arrancamos igual\u00bb.<\/p><p>Adem\u00e1s, entrevista a Roberto Bacman, director del Centro de Estudios de Opini\u00f3n P\u00fablica y Soci\u00f3logo; Miguel Briscas, secretario general de ADIULZA; columna de Oscar Amaya, director del SAOP, y Roc\u00edo Galv\u00e1n, licenciada en Periodismo.<\/p><p><iframe src=\"https:\/\/www.ivoox.com\/player_ej_129236864_6_1.html?c1=0a0a0a\" width=\"100%\" height=\"200\" frameborder=\"0\" scrolling=\"no\" allowfullscreen=\"allowfullscreen\"><\/iframe><\/p><p>En el <strong>programa N\u00ba167<\/strong> Mario \u201cPaco\u201d Manrique, diputado de Uni\u00f3n por la Patria y secretario adjunto del Sindicato de Mec\u00e1nicos y Afines al Transporte Automotor (SMATA).<\/p><p>\u00abLa Ley Bases est\u00e1 en manos de los compa\u00f1eros del Senado, espero que puedan entender que lo \u00fanico que est\u00e1n haciendo es entregar la soberan\u00eda para transformar esta Naci\u00f3n en un paraiso fiscal\u00bb.<\/p><p>Adem\u00e1s, entrevista al Padre Francisco \u201cPaco\u201d Olveira y continuamos con la columna de Franco Lavolpe, docente titular de Relaciones Internacionales, y Candela Lederer, estudiante de periodismo.<\/p><p><iframe src=\"https:\/\/www.ivoox.com\/player_ej_128587463_6_1.html?c1=0a0a0a\" width=\"100%\" height=\"200\" frameborder=\"0\" scrolling=\"no\" allowfullscreen=\"allowfullscreen\"><\/iframe><\/p><p>En el <strong>programa N\u00ba166<\/strong> Daniel Succi, secretario general del Sindicato de Obreros y Empleados Aceiteros del departamento de San Lorenzo de la provincia de Santa Fe<\/p><p>\u201cTenemos la posibilidad de revertir esto, porque sino va a ser el genocidio mas grande que va a existir en la argentina porque vamos a tener que enterrar a nuestros trabajadores\u201c<\/p><p>Adem\u00e1s, entrevista: a Gustavo Na\u00f3n, decano de la Universidad Nacional de Lomas de Zamora; Ariel Hern\u00e0ndez, m\u00fasico, guitarrista y voz del proyecto \u201cDe Leyendas Populares\u201d .Continuamos con la columna de Emmanuel Olea sobre pol\u00edtica nacional y Paola Jinks, estudiante de periodismo, sobre la Cobertura de la marcha federal.<\/p><p><iframe src=\"https:\/\/www.ivoox.com\/player_ej_128273894_6_1.html?c1=0a0a0a\" width=\"100%\" height=\"200\" frameborder=\"0\" scrolling=\"no\" allowfullscreen=\"allowfullscreen\"><\/iframe><\/p><p>En el <strong>programa N\u00ba165<\/strong> Miguel Briscas, secretario general de Asociaci\u00f3n de Docentes e Investigadores de la Universidad Nacional de Lomas de Zamora (ADIULZA)\u00a0<a class=\"x1i10hfl xjbqb8w x1ejq31n xd10rxx x1sy0etr x17r0tee x972fbf xcfux6l x1qhh985 xm0m39n x9f619 x1ypdohk xt0psk2 xe8uvvx xdj266r x11i5rnm xat24cr x1mh8g0r xexx8yu x4uap5 x18d9i69 xkhd6sd x16tdsg8 x1hl2dhg xggy1nq x1a2a7pz notranslate _a6hd\" tabindex=\"0\" role=\"link\" href=\"https:\/\/www.instagram.com\/adiulza\/\">@adiulza<\/a><\/p><p>\u00abAc\u00e1 no est\u00e1 en juego una cuesti\u00f3n salarial, est\u00e1 en peligro el sistema universitario p\u00fablico y gratuito de todo el pa\u00eds. Nunca pasamos una situaci\u00f3n como esta\u00bb<\/p><p>Adem\u00e1s, entrevista a Tomas Barrionuevo, abogado y docente universitario; y Oscar Atienza, m\u00e9dico mag\u00edster en salud p\u00fablica y docente universitario. Continuamos con la columna de Franco Lavolpe, docente titular de Relaciones Internacionales, y Paola Lederer, estudiante de periodismo.<\/p><p><iframe src=\"https:\/\/www.ivoox.com\/player_ej_127638852_6_1.html?c1=121212\" width=\"100%\" height=\"200\" frameborder=\"0\" scrolling=\"no\" allowfullscreen=\"allowfullscreen\"><\/iframe><\/p><p>En el <strong>programa N\u00ba164<\/strong> Alberto Sileoni (@albertosileoniok), Director de Cultura y Educaci\u00f3n de la Provincia de Buenos Aires, y ex ministro de Educaci\u00f3n de la Naci\u00f3n<\/p><p>\u00bb Tenemos una obligaci\u00f3n \u00e9tica y pol\u00edtica de hacer las cosas mejor, el da\u00f1o lo sufren los que no tienen nada en la heladera, el pueblo exige que tengamos esa sensibilidad para construir lo que viene\u00bb.<\/p><p>Adem\u00e1s, entrevista a An\u00edbal Filippini, abogado y analista pol\u00edtico; Miguel Briscas, secretario general de ADIULZA; Teresa Varela, directora de Vigilancia Epidemiol\u00f3gica y Control de Brotes del Ministerio de Salud bonaerense y la columna de Franco Lavolpe, docente titular de Relaciones Internacionales.<\/p><p><iframe src=\"https:\/\/www.ivoox.com\/player_ej_127295156_6_1.html?c1=0a0a0a\" width=\"100%\" height=\"200\" frameborder=\"0\" scrolling=\"no\" allowfullscreen=\"allowfullscreen\"><\/iframe><\/p><p>En el <strong>programa N\u00ba163 <\/strong>Alejandro \u00abTopo\u00bb Rodr\u00edguez (@topo.rodriguez) , Ex Diputado Nacional y actual Director del Instituto Consenso Federal.<br \/>\u201cTenemos que ir a una concepci\u00f3n de frente sectorial, social y partidaria muy amplio, de lo contrario, se va a consolidar lo que hoy est\u00e1 en g\u00e9nesis, que es un partido de derecha muy fuerte en Argentina\u201d.<\/p><p>Adem\u00e1s, entrevista a Tom\u00e1s Orduna, M\u00e9dico Infect\u00f3logo; Nicol\u00e1s Macchi, Delegado de CoTraMel; y las columnas de Loana Tejero, Roc\u00edo Galv\u00e1n y Oscar Amaya.<\/p><p>En el <strong>programa N\u00ba162<\/strong> Ernesto Cherquis Bialo, periodista deportivo<br \/>\u00abEstamos en un mundo donde preveo conflictos fuertes y todo depender\u00e1 de la capacidad de aguante de los argentinos\u00bb<\/p><p>Adem\u00e1s, entrevista a Jorge Rachid, m\u00e9dico sanitarista y militante del campo popular, y las columnas de Emmanuel Olea y Andrea Torres.<\/p><p><iframe src=\"https:\/\/www.ivoox.com\/player_ej_121004366_6_1.html?c1=0094ff\" width=\"100%\" height=\"200\" frameborder=\"0\" scrolling=\"no\" allowfullscreen=\"allowfullscreen\"><\/iframe><\/p><p>En el <strong>programa N\u00ba161<\/strong> Ignacio Damiani, periodista deportivo y docente en DeporTEA<\/p><p>\u00abLa estrategia que propone Macri es antidemocr\u00e1tica, lo que termina buscando es la privatizaci\u00f3n del club\u00bb.<\/p><p>Adem\u00e1s, entrevista al m\u00e9dico sanitarista, Jorge Rachid; el economista de CESO, Federico Zirulnik; el abogado, Tomas Barrionuevo, y la columna de Emmanuel Olea con la actualidad de la pol\u00edtica nacional.<\/p><p><iframe src=\"https:\/\/www.ivoox.com\/player_ej_120623641_6_1.html?c1=0094ff\" width=\"100%\" height=\"200\" frameborder=\"0\" scrolling=\"no\" allowfullscreen=\"allowfullscreen\"><\/iframe><\/p><p>En el <strong>programa N\u00ba160<\/strong>\u00a0Gustavo L\u00f3pez, vicepresidente de ENACOM<\/p><p>\u00abLa Corte del 2003 al 2015 tomaba decisiones en progreso social pensando que detr\u00e1s de cada necesidad hab\u00eda un derecho. El vicepresidente actual opina lo contrario\u201d.<\/p><p>Adem\u00e1s, las columnas de Franco Lavolpe acerca de las relaciones bilaterales de Argentina y Brasil y Candela Lederer con informaci\u00f3n sobre la pel\u00edcula argentina \u00abNo me rompan\u201d, dirigida por Azul Lombard\u00eda.<\/p><p><iframe src=\"https:\/\/www.ivoox.com\/player_ej_120306809_6_1.html?c1=0094ff\" width=\"100%\" height=\"200\" frameborder=\"0\" scrolling=\"no\" allowfullscreen=\"allowfullscreen\"><\/iframe><\/p><p>En el <strong>programa N\u00ba159<\/strong> Juan Jos\u00e9 Carbajales, ex subsecretario de Hidrocarburos de la Naci\u00f3n y titular de la Consultora PASPART\u00da.<\/p><p>\u00abSi se privatiza YPF ser\u00e1 una empresa m\u00e1s del mercado, gestionada de manera profesional pero cuya inversi\u00f3n estar\u00e1 \u00fanicamente destinada a proyectos y objetivos bien rentables, retir\u00e1ndose de otras \u00e1reas o regiones donde la inversi\u00f3n no tiene un retorno tan importante\u00bb.<\/p><p>Adem\u00e1s, las columnas de Emmanuel Olea con el an\u00e1lisis pol\u00edtico sobre el resultado de las elecciones presidenciales; Franco Lavolpe acerca de la repercusi\u00f3n de la elecci\u00f3n de Javier Milei en el mundo y Paola Lederer con informaci\u00f3n sobre la pel\u00edcula argentina \u00abParti\u00f3 de mi un barco llev\u00e1ndome\u00bb.<\/p><p><iframe src=\"https:\/\/www.ivoox.com\/player_ej_119872593_6_1.html?c1=0094ff\" width=\"100%\" height=\"200\" frameborder=\"0\" scrolling=\"no\" allowfullscreen=\"allowfullscreen\"><\/iframe><\/p><p>En el <strong>programa N\u00ba158<\/strong> Eduardo Toniolli, Diputado de Santa Fe por Uni\u00f3n por la Patria e hijo de Eduardo Toniolli, militante de Montoneros desaparecido en dictadura<\/p><p>\u201cHay sectores de la dirigencia pol\u00edtica que extreman posiciones entendiendo que eso les genera un nicho para ir a buscar votos\u201d.<\/p><p>Adem\u00e1s, las columnas de Emmanuel Olea con el an\u00e1lisis pol\u00edtico del debate presidencial; Oscar Amaya acerca del campo sem\u00e1ntico post debate; Tom\u00e1s Barrionuevo con informaci\u00f3n sobre la coparticipaci\u00f3n federal y Florencia Blanco con las novedades del cine y el estreno de \u201cCuando acecha la maldad\u201d.<\/p><p><iframe src=\"https:\/\/www.ivoox.com\/player_ej_119483940_6_1.html?c1=0094ff\" width=\"100%\" height=\"200\" frameborder=\"0\" scrolling=\"no\" allowfullscreen=\"allowfullscreen\"><\/iframe><\/p><p>En el <strong>programa N\u00ba157<\/strong> Tom\u00e1s Barrionuevo, abogado<\/p><p>\u00abSergio Massa propone renogociar los t\u00e9rminos del acuerdo y tratar de pagar la deuda total\u00bb.<\/p><p>Adem\u00e1s, entrevista al economista, Guido Agostinelli; las columnas de Franco Lavolpe sobre la situaci\u00f3n entre Palestina e Israel, y Guillermina Cruz acerca de la historia de las costureras en Argentina.<\/p><p><iframe src=\"https:\/\/www.ivoox.com\/player_ej_119098447_6_1.html?c1=0094ff\" width=\"100%\" height=\"200\" frameborder=\"0\" scrolling=\"no\" allowfullscreen=\"allowfullscreen\"><\/iframe><\/p><p>En el <strong>programa N\u00ba156<\/strong> Rodolfo Tailhade, diputado Nacional por la PBA<\/p><p>\u00abLa gente no vota cualquier cosa, el pueblo argentino ha dado un ejemplo\u201d.<\/p><p>Adem\u00e1s, entrevista al intendente de Punta Indio, David \u201cCorcho\u201d Angueira, las columnas de Federico Guerra sobre la primera transmisi\u00f3n de f\u00fatbol por radio, y Loana Tejero sobre la reparaci\u00f3n de Atucha II<\/p><p><iframe src=\"https:\/\/www.ivoox.com\/player_ej_118724539_6_1.html?c1=0094ff\" width=\"100%\" height=\"200\" frameborder=\"0\" scrolling=\"no\" allowfullscreen=\"allowfullscreen\"><\/iframe><\/p><p>En el <strong>programa N\u00ba155<\/strong> Roberto Bacman, soci\u00f3logo y director del CEOP.<\/p><p>\u201cLa victoria de Sergio Massa tiene dos anclajes demogr\u00e1ficos: en la provincia de Buenos Aires y en el interior del pa\u00eds con la recuperaci\u00f3n de provincias, especialmente del Norte Grande\u201d.<\/p><p>Adem\u00e1s, entrevista a Pablo Esteban, periodista del diario P\u00e1gina 12 y especialista en ciencia con el impacto de las elecciones en el universo de la ciencia y la investigaci\u00f3n argentina; y las columnas de Emmanuel Olea sobre el an\u00e1lisis pol\u00edtico sobre los resultados de las elecciones generales; Franco Lavolpe acerca de la repercusi\u00f3n de los resultados electorales de Argentina en el mundo, y la columna de Paola Jinks con su cobertura durante las elecciones en el partido de Lan\u00fas.<\/p><p><iframe src=\"https:\/\/www.ivoox.com\/player_ej_118322755_6_1.html?c1=0094ff\" width=\"100%\" height=\"200\" frameborder=\"0\" scrolling=\"no\" allowfullscreen=\"allowfullscreen\"><\/iframe><\/p><p>En el <strong>programa N\u00ba154<\/strong> Jos\u00e9 Ignacio De Mendiguren, secretario de Industria y Desarrollo Productivo del Ministerio de Econom\u00eda.<\/p><p>\u201cConvertimos la peor crisis social, pol\u00edtica y econ\u00f3mica del pa\u00eds en el per\u00edodo de crecimiento m\u00e1s largo de la historia argentina entre 2002 y 2011\u201d.<\/p><p>Adem\u00e1s, las columnas de Emmanuel Olea sobre el an\u00e1lisis pol\u00edtico de cierre de campa\u00f1as presidenciales del 22 de octubre; Franco Lavolpe sobre el conflicto de Israel \u2013 Hamas, y la columna de Andrea Torres acerca del 17 de octubre, d\u00eda de la Lealtad peronista, en la mirada de las expresiones populares.<\/p><p><iframe src=\"https:\/\/www.ivoox.com\/player_ej_117955707_6_1.html?c1=0094ff\" width=\"100%\" height=\"200\" frameborder=\"0\" scrolling=\"no\" allowfullscreen=\"allowfullscreen\"><\/iframe><\/p><p>En el <strong>programa N\u00ba153<\/strong> Aldana Denis,economista del Centro de Economia Politica Argentina<\/p><p>\u201c Se ponen en juego dos modelos de pa\u00eds\u201d.<\/p><p>Adem\u00e1s, la entrevista a Leonardo Moreno, secretario General del partido de Escobar y candidato a diputado provincial de UXP, y las columnas de Emmanuel Olea sobre el an\u00e1lisis pol\u00edtico del debate presidencial; Franco Lavolpe sobre el conflicto de Israel \u2013 Hamas, y la columna de Paola Lederer sobre la Pel\u00edcula \u201cArgentina salvaje\u201d.<\/p><p><iframe src=\"https:\/\/www.ivoox.com\/player_ej_117569088_6_1.html?c1=0094ff\" width=\"100%\" height=\"200\" frameborder=\"0\" scrolling=\"no\" allowfullscreen=\"allowfullscreen\"><\/iframe><\/p><p>En el <strong>programaN\u00ba152<\/strong> Fortunato Mallimaci, soci\u00f3logo e investigador superior en el \u00e1rea de Sociedad, Cultura y Religi\u00f3n del CONICET<\/p><p>\u201cHay un ruido medi\u00e1tico de las empresas due\u00f1as de los medios de comunicaci\u00f3n que s\u00f3lo nos quieren mostrar que somos un pa\u00eds de mierda y que no servimos para nada\u201c.<\/p><p>Adem\u00e1s, la entrevista al Subdirector de Diario Conurbano, Ariel Maciel y las columnas de Emmanuel Olea sobre el an\u00e1lisis pol\u00edtico del debate presidencial; Franco Lavolpe sobre la mirada del mundo acerca del debate y la columna de Candela Lederer y Mar\u00eda Florencia Blanco sobre las pol\u00edticas audiovisuales del cine y BAFILMA.<\/p><p><iframe src=\"https:\/\/www.ivoox.com\/player_ej_117103333_6_1.html?c1=0094ff\" width=\"100%\" height=\"200\" frameborder=\"0\" scrolling=\"no\" allowfullscreen=\"allowfullscreen\"><\/iframe><\/p><p>En el <strong>programa N\u00ba151<\/strong>\u00a0Mar\u00eda Teresa Garc\u00eda , presidenta del bloque de senadores bonaerense por Frente de Todos<br \/>\u201c No hay una sola propuesta que se le pueda hacer a esta sociedad desde Juntos por Cambio que sea de desarrollo e inclusi\u00f3n \u201c<\/p><p>Adem\u00e1s, las columnas de Emmanuel Olea sobre las nuevas medidas del ministro de Econom\u00eda, Sergio Massa , y las Elecciones en Mendoza , y Oscar Amaya sobre los discursos de la oposici\u00f3n<\/p><p><iframe src=\"https:\/\/www.ivoox.com\/player_ej_116706328_6_1.html?c1=0094ff\" width=\"100%\" height=\"200\" frameborder=\"0\" scrolling=\"no\" allowfullscreen=\"allowfullscreen\"><\/iframe><\/p><p>En el <strong>programa N\u00ba150<\/strong> Mat\u00edas Gasparrini (@matiasgasparrini ), secretario de Cultura y Pol\u00edtica de Lomas de Zamora.<br \/>\u201cVamos a construir la escuela primaria y secundaria en Barrio Nueva Esperanza\u201d.<\/p><p>Adem\u00e1s, entrevista al director general de Gesti\u00f3n Pol\u00edtica y Social de la Autoridad de Cuenca Matanza Riachuelo (ACUMAR), Antol\u00edn Magallanes; las columnas de Loana Tejero con la presentaci\u00f3n del libro \u00abPlan Gas\u00bb, de Juan Jos\u00e9 Carbajales; y Andrea Torres con una rese\u00f1a de el libro \u00abCofres\u00bb de Sol Danisa L\u00f3pez<\/p><p><iframe src=\"https:\/\/www.ivoox.com\/player_ej_116315395_6_1.html?c1=0094ff\" width=\"100%\" height=\"200\" frameborder=\"0\" scrolling=\"no\" allowfullscreen=\"allowfullscreen\"><\/iframe><\/p><p>En el<strong> programa N\u00ba149<\/strong> Juan Jos\u00e9 Carbajales, ex subsecretario de hidrocarburos de la naci\u00f3n.<br \/>\u201c La expropiaci\u00f3n de YPF se revel\u00f3 acertada desde el punto de vista productivo, hoy vaca muerta abastece en t\u00e9rminos generales el 50% de la demanda de gas y petr\u00f3leo de nuestro pa\u00eds\u00bb.<\/p><p>Adem\u00e1s, entrevista a la Psic\u00f3loga y Maestra, Anal\u00eda kalinec, m\u00f3vippa\u00eds Ra\u00fal Jalil y las columnas de Emmanuel Olea con elecciones en Santa Fe; Guillermina Cruz con Moda R\u00e1pida y sustentable.<\/p><p><iframe src=\"https:\/\/www.ivoox.com\/player_ej_115913401_6_1.html?c1=0094ff\" width=\"100%\" height=\"200\" frameborder=\"0\" scrolling=\"no\" allowfullscreen=\"allowfullscreen\"><\/iframe><\/p><p>En el <strong>programa N\u00ba148<\/strong> Oscar Atienza, mag\u00edster en Salud P\u00fablica<br \/>\u201cHay dos motivos por los cuales hay un aumento de casos: primero que la pandemia no termin\u00f3 y despu\u00e9s que el virus mut\u00f3, por lo que se generaron nuevas variantes\u00bb.<\/p><p>Adem\u00e1s, entrevista al economista del Centro de Estudios Sociales y Econ\u00f3micos Scalabrini Ortiz (CESO), Federico Zirulnik; las columnas de Emmanuel Olea con novedades acerca de la cena de campa\u00f1a de Uni\u00f3n por la Patria en Parque Norte, y la columna de Derechos Humanos por la periodista, Loana Tejero.<\/p><p><iframe src=\"https:\/\/www.ivoox.com\/player_ej_115515224_6_1.html?c1=0094ff\" width=\"100%\" height=\"200\" frameborder=\"0\" scrolling=\"no\" allowfullscreen=\"allowfullscreen\"><\/iframe><\/p><p>En el <strong>programa N\u00ba147<\/strong> An\u00edbal Filippini, abogado, escritor y columnista en AM 750.<\/p><p>\u201cHay un cambio universal y una inclinaci\u00f3n a la ultra derecha que es muy peligrosa\u201d.<\/p><p>Adem\u00e1s, las columnas de Franco Lavolpe con el ingreso de Argentina a los BRICS; Emmanuel Olea con las nuevas medidas anunciadas por Sergio Massa; Paola Jinks con informaci\u00f3n acerca de la participaci\u00f3n de la ONG Caballos Libres del Sur en la Expo Rural y Federico Guerra con la lectura de su libro \u201cMa\u00f1ana es tarde\u201d.<\/p><p><iframe src=\"https:\/\/www.ivoox.com\/player_ej_115112031_6_1.html?c1=0094ff\" width=\"100%\" height=\"200\" frameborder=\"0\" scrolling=\"no\" allowfullscreen=\"allowfullscreen\"><\/iframe><\/p><p>En el <strong>programa N\u00ba146<\/strong> Guillermo Moreno, ex secretario de Comercio Interior y exprecandidato a presidente por \u00abPrincipios y Valores\u00bb<br \/>\u201cVoy a apoyar a Massa si hace lo que tiene que hacer\u00bb.<\/p><p>Adem\u00e1s, entrevista al Ingeniero nuclear, An\u00edbal Blanco y las columnas de Franco Lavolpe con las elecciones en Ecuador; Florencia Blanco con una rese\u00f1a acerca de la pel\u00edcula \u00abTu forma de ver el mundo\u00bb<\/p><p><iframe src=\"https:\/\/www.ivoox.com\/player_ej_114723044_6_1.html?c1=0094ff\" width=\"100%\" height=\"200\" frameborder=\"0\" scrolling=\"no\" allowfullscreen=\"allowfullscreen\"><\/iframe><\/p><p>En el <strong>programa N\u00ba145<\/strong> Mart\u00edn Rodr\u00edguez, analista pol\u00edtico, escritor y poeta.<br \/>\u201cEs una crisis de los trabajadores pobres, no es la del empleo, eso es lo que reflejan los votos\u00bb.<\/p><p>Adem\u00e1s, entrevista al economista, soci\u00f3logo y analista pol\u00edtico, Carlos Riello, y las columnas de Franco Lavolpe con la crisis en Ecuador y la Cumbre Amaz\u00f3nica de Belem; Candela Lederer con una rese\u00f1a acerca de la nueva pel\u00edcula \u00abLa Uruguaya\u00bb con estreno el jueves pr\u00f3ximo.<\/p><p><iframe src=\"https:\/\/www.ivoox.com\/player_ej_114265089_6_1.html?c1=0094ff\" width=\"100%\" height=\"200\" frameborder=\"0\" scrolling=\"no\" allowfullscreen=\"allowfullscreen\"><\/iframe><\/p><p>En el <strong>programa N\u00ba144<\/strong> Nicol\u00e1s Russo, precandidato a intendente de Lan\u00fas por Uni\u00f3n por la Patria<\/p><p>\u201cEl municipio no est\u00e1 bien, tiene un mont\u00f3n de problemas\u201d, y agreg\u00f3 que \u00abse viene postergando y en los \u00faltimos 20-25 a\u00f1os fue cayendo\u201d.<\/p><p>Adem\u00e1s, entrevista a Ariel Maciel, periodista especializado en pol\u00edtica econ\u00f3mica, y la columna de Emmanuel Olea acerca del encuentro con universidades nacionales en la Universidad Nacional de San Mart\u00edn que encabez\u00f3 el precandidato a presidente, Sergio Massa.<\/p><p><iframe src=\"https:\/\/www.ivoox.com\/player_ej_113934928_6_1.html?c1=0094ff\" width=\"100%\" height=\"200\" frameborder=\"0\" scrolling=\"no\" allowfullscreen=\"allowfullscreen\"><\/iframe><\/p><p>En el <strong>programa N\u00ba143<\/strong> Fabi\u00e1n Cagliardi, intendente de Berisso<\/p><p>\u201cVaca muerta, el litio y los recursos naturales que tenemos en la plataforma marina nos va a dar una nueva oportunidad.\u00bb<\/p><p>Adem\u00e1s, las columnas de Franco Lavolpe sobre el fin del acuerdo de granos en Rusia y la cumbre de la OTAN 2023; Paola Lederer acerca del Museo de Automovilismo en Balcarce y la biograf\u00eda de Juan Manuel Fangio; Emmanuel Olea acerca de las elecciones en la provincia de Chubut y Oscar Amaya con su columna de modelos de ser y estar en el espacio p\u00fablico.<\/p><p><iframe src=\"https:\/\/www.ivoox.com\/player_ej_113567655_6_1.html?c1=0094ff\" width=\"100%\" height=\"200\" frameborder=\"0\" scrolling=\"no\" allowfullscreen=\"allowfullscreen\"><\/iframe><\/p><p>En el <strong>programa N\u00ba142<\/strong> Jos\u00e9 Luis Pallares, senador por la Provincia de Buenos Aires por el Frente de Todos<br \/>\u201cEl gran ordenador de una campa\u00f1a sin duda es el debate y es a lo que est\u00e1 rehuyendo Juntos por el Cambio. S\u00f3lo se remiten a la agresi\u00f3n y a la chicana\u00bb.<\/p><p>Adem\u00e1s, el ex subsecretario de Hidrocarburos de la Naci\u00f3n y titular de la Consultora PASPART\u00da, Juan Jos\u00e9 Carbajales; el subsecretario de Pol\u00edticas Universitarias, Daniel L\u00f3pez; las columnas de Franco Lavolpe con Pol\u00edtica Internacional y Loana Tejero con la actualidad de los conflictos en la Provincia de Jujuy<\/p><p><iframe src=\"https:\/\/www.ivoox.com\/player_ej_112223522_6_1.html?c1=0094ff\" width=\"100%\" height=\"200\" frameborder=\"0\" scrolling=\"no\" allowfullscreen=\"allowfullscreen\"><\/iframe><\/p><p>En el <strong>programa N\u00ba141<\/strong> Diego Cordera, candidato a concejal en Lomas de Zamora por \u00abUni\u00f3n por la Patria\u00bb y Presidente del Consejo Deliberante del Municipio.<\/p><p>\u00abFederico Oterm\u00edn es la s\u00edntesis de continuidad de la exitosa gesti\u00f3n de Mart\u00edn Insaurralde\u00bb.<\/p><p>Adem\u00e1s, las columnas de Franco Lavolpe con Pol\u00edtica Internacional, Candela Lederer y su recomendaci\u00f3n de la serie de Fito Paez \u00abEl amor despues del amor\u00bb, Emmanuel Olea acerca de las elecciones en la provincia de San Juan y Federico Guerra con la presentaci\u00f3n de su nuevo libro \u00abMa\u00f1ana es tarde\u00bb.<\/p><p><iframe src=\"https:\/\/www.ivoox.com\/player_ej_111759887_6_1.html?c1=0094ff\" width=\"100%\" height=\"200\" frameborder=\"0\" scrolling=\"no\" allowfullscreen=\"allowfullscreen\"><\/iframe><\/p><p>En el <strong>programa N\u00ba140<\/strong> Nicol\u00e1s Mantegazza, Intendente de San Vicente.<br \/>\u00abPara el cierre de listas, muchos compa\u00f1eros dejaron de lado sus pretensiones personales para lograr una s\u00edntesis\u00bb.<\/p><p>Adem\u00e1s, las columnas de Franco Lavolpe con Pol\u00edtica Internacional, Paola Jinks sobre la ONG \u00abEl Cubo de la Verdad\u00bb y la Emmanuel Olea sobre la candidatura a Intendente en Lomas de Zamora de Federico Oterm\u00edn.<\/p><p><iframe src=\"https:\/\/www.ivoox.com\/player_ej_111316793_6_1.html?c1=0094ff\" width=\"100%\" height=\"200\" frameborder=\"0\" scrolling=\"no\" allowfullscreen=\"allowfullscreen\"><\/iframe><\/p><p>En el <strong>programa N\u00ba13<\/strong>9 Felisa Miceli, ex ministra de Econom\u00eda.<br \/>\u00abEn la Argentina no faltan d\u00f3lares, el problema es que el Banco Central los asigna de una manera muy generosa para algunos sectores y para otros no\u00bb.<\/p><p>Adem\u00e1s, las columnas de Franco Lavolpe con Pol\u00edtica Internacional, Oscar Amaya con violencia en el discurso electoral; Loana Tejero y su an\u00e1lisis de la novela \u00abP\u00e1jaros\u00bb de Lucas Dominichini y la columna de Emmanuel Olea con un repaso de las elecciones provinciales del domingo.<\/p><p><iframe src=\"https:\/\/www.ivoox.com\/player_ej_110354117_6_1.html?c1=0094ff\" width=\"100%\" height=\"200\" frameborder=\"0\" scrolling=\"no\" allowfullscreen=\"allowfullscreen\"><\/iframe><\/p><p>En el <strong>programa N\u00ba138<\/strong> Gustavo L\u00f3pez, vicepresidente del ENACOM<br \/>\u00abTELECOM amenaz\u00f3 a los siete directores del ENACOM para modificar la voluntad de nuestro voto con causas penales y denuncias civiles por da\u00f1os y prejuicios\u00bb<\/p><p>Adem\u00e1s, la columna de Franco Lavolpe con Pol\u00edtica Internacional, entrevista a Ariel Maciel enviado especial del diario perfil a China para cubrir la delegaci\u00f3n Argentina; y las columnas de Emmanuel Olea acerca de la interna de Juntos por el Cambio.<\/p><p><iframe src=\"https:\/\/www.ivoox.com\/player_ej_109855248_6_1.html?c1=0094ff\" width=\"100%\" height=\"200\" frameborder=\"0\" scrolling=\"no\" allowfullscreen=\"allowfullscreen\"><\/iframe><\/p><p>En el <strong>programa N\u00ba137<\/strong> Sergio\u00a0 Pianciola, Secretario de Educaci\u00f3n, Ciencia y Tecnolog\u00eda de Almirante Brown.<br \/>\u201dLa Feria del Libro es un servicio muy importante que brinda el Estado municipal y creemos que ha trascendido fronteras\u00bb.<br \/>\u201dLa sorpresa es que los dinosaurios de Tecn\u00f3polis ser\u00e1n los anfitriones de la Feria\u00bb.<br \/>Adem\u00e1s, las columnas de Franco Lavolpe con pol\u00edtica internacional; Emmanuel Olea sobre el viaje de Sergio Massa a China y Paola Jinks sobre el proyecto de la \u201cLey Sintientes\u201d.<\/p><p><iframe src=\"https:\/\/www.ivoox.com\/player_ej_109315984_6_1.html?c1=0094ff\" width=\"100%\" height=\"200\" frameborder=\"0\" scrolling=\"no\" allowfullscreen=\"allowfullscreen\"><\/iframe><\/p><p>En el <strong>programa N\u00ba136<\/strong> Sergio Wisch\u00f1evsky, historiador y periodista.<br \/>\u201dEs imposible pensar que los miembros de la Primera Junta hubieran conseguido su objetivo sin los batallones populares de su lado\u00bb.<br \/>Adem\u00e1s, las columnas de Franco Lavolpe con pol\u00edtica internacional; Candela Lederer sobre cine nacional y Nahuel Villar sobre deportes.<\/p><p><iframe src=\"https:\/\/www.ivoox.com\/player_ej_108843065_6_1.html?c1=0094ff\" width=\"100%\" height=\"200\" frameborder=\"0\" scrolling=\"no\" allowfullscreen=\"allowfullscreen\"><\/iframe><\/p><p>En el <strong>programa N\u00ba135<\/strong> Adri\u00e1n Albor, abogado penalista.<\/p><p>\u201cVivimos en una ficci\u00f3n en la cual creemos que los jueces aplican el derecho que crea el Congreso\u00bb.<\/p><p>Adem\u00e1s, las columnas de Franco lavolpe con pol\u00edtica internacional; Loana Tejero sobre Derechos Humanos y Emmanuel Olea acerca de las elecciones en San Juan, Tierra del Fuego, Salta y La Pampa.<\/p><p><iframe src=\"https:\/\/www.ivoox.com\/player_ej_108362119_6_1.html?c1=0094ff\" width=\"100%\" height=\"200\" frameborder=\"0\" scrolling=\"no\" allowfullscreen=\"allowfullscreen\"><\/iframe><\/p><p>En el <strong>programa N\u00ba134<\/strong> Santiago Arag\u00f3n, Analista pol\u00edtico<\/p><p>\u201dEl Peronismo tiene que recuperar un movimiento centr\u00edfugo, de afuera hacia adentro\u00bb<\/p><p>Adem\u00e1s ,entrevista a Federico Guerra con la distinci\u00f3n de AFA por su relato literario respecto al club Temperley, y las columnas de Franco Lavolpe sobre las elecciones constituyentes en Chile; y Emmanuel Olea acerca de la suspensi\u00f3n de las elecciones provinciales de San Juan y Tucum\u00e1n.<br \/><iframe src=\"https:\/\/www.ivoox.com\/player_ej_107889003_6_1.html?c1=0094ff\" width=\"100%\" height=\"200\" frameborder=\"0\" scrolling=\"no\" allowfullscreen=\"allowfullscreen\"><\/iframe><br \/>En el <strong>programa N\u00ba133<\/strong> Omar Plaini (@omarplaini53), Senador Provincial del Frente de Todos y Presidente de Club Atl\u00e9tico Los Andes.<br \/>\u201dCon Cristina tenemos la garant\u00eda de que sabemos lo que quiere y a donde va, porque ya lo hizo\u00bb.<br \/>Adem\u00e1s, el economista de Centro de Estudios Sociales y Econ\u00f3micos Scalarbini Ortiz, Federico Zirulnik (@fedezirulnik)y las columnas de Emmanuel Olea, Franco Lavolpe y Paola Lederer.<\/p><p><iframe src=\"https:\/\/www.ivoox.com\/player_ej_107435310_6_1.html?c1=0094ff\" width=\"100%\" height=\"200\" frameborder=\"0\" scrolling=\"no\" allowfullscreen=\"allowfullscreen\"><\/iframe><\/p><p>En el <strong>programa N\u00ba132<\/strong> Juan Jos\u00e9 Fabiani (@juanofabiani), Intendente de Almirante Brown (@municipiobrown).<br \/>\u201d Alberto hizo bien en despejar la duda sobre su candidatura, espero que ayude a ordenar el Frente de Todos\u00bb.<\/p><p>Adem\u00e1s, el Presidente del astillero Rio Santiago, Pedro Waseijko (@pedrowasiejko) y el economista Carlos Riello (@riellocarlos).<\/p><p><iframe src=\"https:\/\/www.ivoox.com\/player_ej_106975427_6_1.html?c1=0094ff\" width=\"100%\" height=\"200\" frameborder=\"0\" scrolling=\"no\" allowfullscreen=\"allowfullscreen\"><\/iframe><\/p><p>En el <strong>programa N\u00ba131<\/strong> Nicolas Mantegazza, Intendente de San Vicente<br \/>\u201cLa Universidad se va a acercando a cada punto, y eso para nosotros es para celebrar porque entendemos que la educaci\u00f3n es clave para construir una sociedad mejor\u00bb<br \/>Adem\u00e1s, el Director Nacional en Jefatura de Gabinete y Concejal de Lanus, Agust\u00edn Balladares; el Director General de Cultura y Educaci\u00f3n de PBA, Alberto Sileoni y las columnas de Emmanuel Olea y Candela Lederer<\/p><p><iframe src=\"https:\/\/www.ivoox.com\/player_ej_106601861_6_1.html?c1=0094ff\" width=\"100%\" height=\"200\" frameborder=\"0\" scrolling=\"no\" allowfullscreen=\"allowfullscreen\"><\/iframe><\/p><p>En el <strong>programa N\u00ba130<\/strong> Marina Lesci, Intendenta de Lomas de Zamora<br \/>\u201d Estamos a v\u00edsperas de la elecci\u00f3n, como frente no podemos poner en riesgo el futuro de tantas familias por discusiones internas\u00bb.<br \/>\u00abS\u00ed al debate, acerqu\u00e9monos al momento de fortalecer la unidad con las herramientas que el Gobierno Nacional o Provincial dispongan\u00bb.<br \/>Adem\u00e1s, las columnas de Emmanuel Olea, Franco Lavolpe y Nahuel Villar<\/p><p><iframe src=\"https:\/\/www.ivoox.com\/player_ej_106168331_6_1.html?c1=0094ff\" width=\"100%\" height=\"200\" frameborder=\"0\" scrolling=\"no\" allowfullscreen=\"allowfullscreen\"><\/iframe><\/p><p>En el <strong>programa N\u00ba 129<\/strong> Lorena Putero (@lorena.putero), economista del Centro de Estudios Econ\u00f3micos y Sociales Scalabrini Ortiz (@cesoargentino)<br \/>\u201d La econom\u00eda popular aumenta precios a reposici\u00f3n de g\u00f3ndola, no por especulaci\u00f3n\u201d.<br \/>Adem\u00e1s, Jorge Rachid, m\u00e9dico y asesor pol\u00edtico y las columnas de Alicia Paz, Franco Lavolpe y Paola Jinks (@paojinks)<\/p><p><iframe src=\"https:\/\/www.ivoox.com\/player_ej_105772176_6_1.html?c1=0094ff\" width=\"100%\" height=\"200\" frameborder=\"0\" scrolling=\"no\" allowfullscreen=\"allowfullscreen\"><\/iframe><\/p><p>En el <strong>programa N\u00ba128<\/strong> Francisco \u201cPaco\u201d Olveira (@franciscopacoolv), sacerdote de Opci\u00f3n por los Pobres<br \/>\u201dEn Am\u00e9rica Latina existe el Partido Judicial, que ac\u00e1 opera mayormente con la proscripci\u00f3n a Cristina\u201d.<br \/>Adem\u00e1s, el m\u00e9dico y magister en Salud P\u00fablica, Oscar Atienza (@oscaraatienza), y las columnas de Oscar Amaya, Emmanuel Olea y Loana Tejero.<\/p><p><iframe src=\"https:\/\/www.ivoox.com\/player_ej_104962283_6_1.html?c1=0094ff\" width=\"100%\" height=\"200\" frameborder=\"0\" scrolling=\"no\" allowfullscreen=\"allowfullscreen\"><\/iframe><\/p><p>En el programa<strong> N\u00ba127<\/strong> Federico Santarelli (<a class=\"x1i10hfl xjbqb8w x6umtig x1b1mbwd xaqea5y xav7gou x9f619 x1ypdohk xt0psk2 xe8uvvx xdj266r x11i5rnm xat24cr x1mh8g0r xexx8yu x4uap5 x18d9i69 xkhd6sd x16tdsg8 x1hl2dhg xggy1nq x1a2a7pz notranslate _a6hd\" tabindex=\"0\" role=\"link\" href=\"https:\/\/www.instagram.com\/santarelli_federico\/\">@santarelli_federico<\/a>) Secretario de Atenci\u00f3n Y Desarrollo Territorial de la Defensor\u00eda del Pueblo de la Provincia de Buenos Aires<\/p><p>\u201dIniciamos una denuncia penal para que se investigue a los directivos de Edesur\u201d<\/p><p><iframe src=\"https:\/\/www.ivoox.com\/player_ej_104962283_6_1.html?c1=0094ff\" width=\"100%\" height=\"200\" frameborder=\"0\" scrolling=\"no\" allowfullscreen=\"allowfullscreen\"><\/iframe><\/p><h4 style=\"text-align: center;\"><strong>2022<\/strong><\/h4><p>En el <strong>programa N\u00ba 126<\/strong> El cierre del a\u00f1o<br \/>Con las columnas de Emmanuel Olea, Alicia Paz, Franco Lavolpe, Juan Vega, Nahuel Villar, Oscar Amaya y los saludos de las estudiantes columnistas del programa.<\/p><p><iframe src=\"https:\/\/www.ivoox.com\/player_ej_99668732_4_1.html?c1=0094ff\" width=\"100%\" height=\"200\" frameborder=\"0\" scrolling=\"no\" allowfullscreen=\"allowfullscreen\"><\/iframe><\/p><p>En el <strong>programa N\u00ba125<\/strong> Eduardo Barcesat, abogado constitucionalista.<br \/>\u00abLa causa Vialidad es el caso m\u00e1s paradigm\u00e1tico del lawfare hoy en d\u00eda para tratar de inhibir y sacar de carrera pol\u00edtica a la actual vicepresidenta Cristina Fern\u00e1ndez de Kirchner\u00bb.<br \/>Adem\u00e1s, la columna de deporte por Nahuel Villar; el doctor Oscar Atienza, mag\u00edster en Salud P\u00fablica y doctor en medicina y la columna pol\u00edtica por Juan Vega.<\/p><p><iframe src=\"https:\/\/www.ivoox.com\/player_ej_98175015_4_1.html?c1=0094ff\" width=\"100%\" height=\"200\" frameborder=\"0\" scrolling=\"no\" allowfullscreen=\"allowfullscreen\"><\/iframe><\/p><p>En el <strong>programa N\u00ba124<\/strong>\u00a0Antol\u00edn Magallanes (@antolinmagallanes), director general de la Gesti\u00f3n Pol\u00edtica y Social de ACUMAR<br \/>\u00abLas pol\u00edticas del Estado cuando pierden continuidad vuelven a empezar de cero, en esta gesti\u00f3n pudimos avanzar en muchos proyectos que estaban atrasados, hemos recibido un ACUMAR vaciado y en una situaci\u00f3n peor de lo que la hab\u00edamos dejado\u00bb.<br \/>Adem\u00e1s, la columna del docente y periodista de la Facultad de Ciencias Sociales, Juan Bautista Vega; columna de Paola Lederer y la columna de deportes de Nahuel Villar.<br \/><iframe src=\"https:\/\/www.ivoox.com\/player_ej_97202672_4_1.html?c1=0094ff\" width=\"100%\" height=\"200\" frameborder=\"0\" scrolling=\"no\" allowfullscreen=\"allowfullscreen\"><\/iframe><br \/>En el <strong>programa N\u00ba123 <\/strong>Carlos Del Frade, diputado provincial por el Frente Social y Popular de Santa Fe y periodista.<br \/>\u00abQuien domina el Paran\u00e1 domina gran parte de la riqueza de Sudam\u00e9rica\u00bb Adem\u00e1s, Mariano G\u00f3mez, estudiante de la carrera de Dise\u00f1o Industrial en la Universidad Nacional de La Plata y docente de escuelas secundarias t\u00e9cnicas y del Instituto Superior de Formaci\u00f3n T\u00e9cnica 232 de Burzaco; Mario Secco, intendente de Ensenada; la columna de Paola Jinks.<\/p><p><iframe src=\"https:\/\/www.ivoox.com\/player_ej_96873242_4_1.html?c1=0094ff\" width=\"100%\" height=\"200\" frameborder=\"0\" scrolling=\"no\" allowfullscreen=\"allowfullscreen\" data-mce-fragment=\"1\"><\/iframe><\/p><p>En el <strong>programa N\u00ba122<\/strong> Nicol\u00e1s Pertierra, economista jefe en el Centro de Estudios Econ\u00f3micos y Sociales Scalabrini Ortiz (CESO).<br \/>\u00abNosotros lo vemos como algo positivo pero el problema inflacionario tampoco es una cuesti\u00f3n lineal de ciertos actores puntuales. Lo que vemos es un problema macroecon\u00f3mico muy consolidado\u00bb<br \/>Adem\u00e1s, Andr\u00e9s Gil Dom\u00ednguez, abogado; doctor y posdoctor en Derecho; profesor universitario; la columna internacional de Franco Lavolpe; la columna de econom\u00eda y pol\u00edtica de Emmanuel Olea y la columna de Oscar Amaya.<\/p><p><iframe src=\"https:\/\/www.ivoox.com\/player_ej_96445616_4_1.html?c1=0094ff\" width=\"100%\" height=\"200\" frameborder=\"0\" scrolling=\"no\" allowfullscreen=\"allowfullscreen\"><\/iframe><\/p><p>En el programa N\u00ba121 Carlos Rozanski, ex Juez de C\u00e1mara Federal y miembro Fundador del Foro Para la Justicia Democr\u00e1tica (FOJUDE).<br \/>\u00abCristina est\u00e1 resignada frente a este fascismo judicial que estamos viviendo\u00bb.<br \/>Adem\u00e1s, el Dr. Jorge Rachid, m\u00e9dico sanitarista, asesor del gobierno de la Provincia de Buenos Aires; la columna internacional de Franco Lavolpe; la columna de econom\u00eda y pol\u00edtica de Emmanuel Olea y la columna de Loana Tejero, estudiante de periodismo en #SocialesUNLZ.<br \/><iframe src=\"https:\/\/www.ivoox.com\/player_ej_95958605_4_1.html?c1=0094ff\" width=\"100%\" height=\"200\" frameborder=\"0\" scrolling=\"no\" allowfullscreen=\"allowfullscreen\"><\/iframe><br \/>En el <strong>programa N\u00ba120<\/strong> La cobertura de Loana Tejero sobre la VI edici\u00f3n del Encuentro Federal de Derechos Humanos con los testimonios de M\u00e1ximo Kirchner y otros funcionarios pol\u00edticos de la Argentina.<br \/>M\u00e1ximo Kirchner: \u00abEsta derecha violenta que estigmatiza todo aquello que siente que no le es d\u00f3cil, que siento no le obedece se muestra siempre dispuesta a ir corriendo los m\u00e1rgenes de los acuerdos democr\u00e1ticos\u201d.<br \/>Adem\u00e1s, la columna internacional de Franco Lavolpe y el informe acerca de Diego Armando Maradona.<\/p><p><iframe src=\"https:\/\/www.ivoox.com\/player_ej_95353927_4_1.html?c1=0094ff\" width=\"100%\" height=\"200\" frameborder=\"0\" scrolling=\"no\" allowfullscreen=\"allowfullscreen\"><\/iframe><\/p><p>En el <strong>programa N\u00ba119<\/strong> Omar Plaini, secretario de Pol\u00edticas Econ\u00f3micas y Sociales de la CGT y senador provincial por La Plata.<br \/>\u00abEs la autodeterminaci\u00f3n de los pueblos la que los hace soberanos, que los hace libres, independientes y los lleva a una situaci\u00f3n de mejorar la calidad de vida\u00bb<br \/>Adem\u00e1s, la columna de deportes de Nahuel Villar; la columna internacional de Franco Lavolpe; Marta Valle, directora del documental \u00abAmasando futuro\u00bb y la columna de Pilar Rodr\u00edguez Far\u00edas, estudiante de periodismo en #SocialesUNLZ<\/p><p><iframe src=\"https:\/\/www.ivoox.com\/player_ej_94850466_4_1.html?c1=0094ff\" width=\"100%\" height=\"200\" frameborder=\"0\" scrolling=\"no\" allowfullscreen=\"allowfullscreen\"><\/iframe><\/p><p>En el <strong>programa N\u00ba118<\/strong> Mart\u00edn Rodr\u00edguez, Periodista y escritor, que form\u00f3 parte del equipo de investigaci\u00f3n de la pel\u00edcula \u00abArgentina 1985\u00bb<br \/>La pel\u00edcula \u00abArgentina, 1985\u00bb permite devolverle un poco los derechos humanos a la sociedad, ofrece volver al grado 0, a los principios de lo que hizo el Estado en los comienzos de la democracia.<br \/>Adem\u00e1s Jose \u00abPepe\u00bb Tricanico, Juan Rattenbach y la columna de Camila Ayala.<\/p><p><iframe src=\"https:\/\/www.ivoox.com\/player_ej_94245876_4_1.html?c1=0094ff\" width=\"100%\" height=\"200\" frameborder=\"0\" scrolling=\"no\" allowfullscreen=\"allowfullscreen\"><\/iframe><\/p><p>En el <strong>programa N\u00b0117<\/strong> Cristina Ruiz, docente y directora de la maestr\u00eda en Curr\u00edculum de #SocialesUNLZ<br \/>\u00abCuando yo ingres\u00e9 a la Universidad, los primeros a\u00f1os de estudio los compart\u00eda con muchas carreras y eso fue bastante importante en la conformaci\u00f3n de nuestras identidades pol\u00edticas\u00bb<br \/>Adem\u00e1s, la columna de Emmanuel Olea sobre los cambios en el gabinete nacional; la columna internacional de Franco Lavolpe; la columna de cine argentino de Candela Lederer y la columna de diversidad cultural y lenguaje de Oscar Amaya .<\/p><p><iframe src=\"https:\/\/www.ivoox.com\/player_ej_93813207_4_1.html?c1=0094ff\" width=\"100%\" height=\"200\" frameborder=\"0\" scrolling=\"no\" allowfullscreen=\"allowfullscreen\"><\/iframe><\/p><p>En\u00a0 el <strong>programa N\u00ba116<\/strong> Gustavo Na\u00f3n, decano de #SocialesUNLZ nos cont\u00f3 sobre el XXIV Congreso de la RedCom que se llevar\u00e1 a cabo en la Universidad.<br \/>\u00abCuando empezamos a ver los t\u00f3picos para el Congreso nos preguntamos cu\u00e1les eran los desaf\u00edos que ten\u00edamos; c\u00f3mo pensamos los medios de comunicaci\u00f3n y su papel en el espacio p\u00fablico a partir de la instalaci\u00f3n de discursos de odio\u00bb<br \/>Adem\u00e1s, Eduardo Barcesat, abogado constitucionalista; la columna internacional de Francisco Lavolpe; la columna deportiva de Nahuel Villar y la columna de Emmanuel Olea sobre el conflicto del Sindicato \u00danico de Trabajadores del Neum\u00e1tico (SUTNA).<\/p><p><iframe src=\"https:\/\/www.ivoox.com\/player_ej_93006291_4_1.html?c1=0094ff\" width=\"100%\" height=\"200\" frameborder=\"0\" scrolling=\"no\" allowfullscreen=\"allowfullscreen\"><\/iframe><\/p><p>Enel <strong>programa N\u00ba115<\/strong> Ana Mar\u00eda Donato, hermana de la comunidad \u00abAprendices de Jes\u00fas\u00bb.<br \/>\u00abEl abrazo que ha quedado como algo muy simb\u00f3lico, creo que es una muestra de dos mujeres latiendo por las necesidades de los pobres\u00bb<br \/>Adem\u00e1s, Patricia Delfino, integrante de la Comisi\u00f3n por el Polo Educativo del Barrio Esperanza; la columna de Federico Guerra sobre el paso de Julio Cort\u00e1zar por Banfield; Loana Tejero y su columna acerca de las mujeres latinoamericanas que marcaron la historia y la columna de econom\u00eda de Emmanuel Olea.<\/p><p><iframe src=\"https:\/\/www.ivoox.com\/player_ej_92725830_4_1.html?c1=0094ff\" width=\"100%\" height=\"200\" frameborder=\"0\" scrolling=\"no\" allowfullscreen=\"allowfullscreen\"><\/iframe><\/p><p>En el <strong>programa N\u00ba114<\/strong> Alberto Sileoni, ex ministro de educaci\u00f3n y director en la Direcci\u00f3n General de Cultura y Educaci\u00f3n PBA.<br \/>\u00abPara muchos en la sociedad argentina el uno de septiembre roz\u00f3 una frontera atr\u00e1s de la cual hab\u00eda mucha oscuridad pero para otros fue un hecho delictivo menor\u00bb.<br \/>Adem\u00e1s Mempo Giardinelli, escritor y periodista argentino; Daniel Escribano, decano del Departamento de Cultura, Arte y Comunicaci\u00f3n de la Universidad Nacional de Avellaneda; Tom\u00e1s Orduna, m\u00e9dico infect\u00f3logo y Jefe de Servicio del Hospital Mu\u00f1iz ; y la columna de Paola Jinks sobre la cooperativa Duilio, dedicada a la gesti\u00f3n de residuos a municipios, industrias e instituciones.<\/p><p><iframe src=\"https:\/\/www.ivoox.com\/player_ej_92365280_4_1.html?c1=0094ff\" width=\"100%\" height=\"200\" frameborder=\"0\" scrolling=\"no\" allowfullscreen=\"allowfullscreen\"><\/iframe><\/p><p>En el <strong>programa N\u00ba113<\/strong> Victoria Montenegro, diputada de la Ciudad por el Frente de Todos y presidenta de la Comisi\u00f3n de Derechos Humanos.<br \/>\u00abLo que sucedi\u00f3 es de una gravedad institucional \u00fanica desde el retorno a la democracia\u00bb<br \/>Adem\u00e1s Francisco \u00abPaco\u00bb Olveira, sacerdote referente del Grupo de Curas en Opci\u00f3n por los Pobres y las columnas de Oscar Amaya, Franco Lavolpe y Paola Lederer.<\/p><p><iframe src=\"https:\/\/www.ivoox.com\/player_ej_92062385_4_1.html?c1=0094ff\" width=\"100%\" height=\"200\" frameborder=\"0\" scrolling=\"no\" allowfullscreen=\"allowfullscreen\"><\/iframe><\/p><p>En el <strong>programa N\u00ba112<\/strong> Santiago Arag\u00f3n, docente de #SocialesUNLZ, especialista en Comunicaci\u00f3n Pol\u00edtica y secretario de Coordinaci\u00f3n Institucional de la Universidad Nacional de Lomas de Zamora.<br \/>\u00abDe alguna manera, la ubican a Cristina en el coqueteo con su propia candidatura presidencial\u00bb.<br \/>Adem\u00e1s, la columna de Alicia Paz sobre los derechos de la ancianidad; Felipe Inostroza, periodista chileno y todo acerca de la reforma a la constituci\u00f3n del pa\u00eds vecino y Sergio Federovisky, viceministro de Ambiente.<\/p><p><iframe src=\"https:\/\/www.ivoox.com\/player_ej_91766991_4_1.html?c1=0094ff\" width=\"100%\" height=\"200\" frameborder=\"0\" scrolling=\"no\" allowfullscreen=\"allowfullscreen\"><\/iframe><\/p><p>En el <strong>programa N\u00ba111<\/strong> Carlos Riello, economista y soci\u00f3logo<br \/>\u00abSi uno lo pone en valores de costos, desde fin de 2015 a la fecha, la masa trabajadora perdi\u00f3 70 mil millones de d\u00f3lares. Eso pas\u00f3 del bolsillo de los trabajadores al grupo empresarial\u00bb.<br \/>Adem\u00e1s Jorge Rachid, dirigente pol\u00edtico, m\u00e9dico sanitarista, militante del campo popular y las columnas de Franco Lavolpe y Camila Vergara (@camivergara15)<\/p><p><iframe src=\"https:\/\/www.ivoox.com\/player_ej_91467546_4_1.html?c1=0094ff\" width=\"100%\" height=\"200\" frameborder=\"0\" scrolling=\"no\" allowfullscreen=\"allowfullscreen\"><\/iframe><\/p><p>En el <strong>programa N\u00ba110<\/strong> Sergio Oyhamburu, Secretario General de la CGT Regional de Lomas de Zamora. \u00a0\u00abLa expectativa para las organizaciones regionales es tener una sola voz para afuera\u00bb<br \/>Adem\u00e1s, Juan Carlos Menchikian, Secretario de la Federaci\u00f3n de Entidades de Autoservicistas, Almaceneros, Supermercadistas y Polirrubros de Buenos Aires y las columnas de Federico Guerra y Pilar Rodr\u00edguez Far\u00edas.<\/p><p><iframe src=\"https:\/\/www.ivoox.com\/player_ej_91168677_4_1.html?c1=0094ff\" width=\"100%\" height=\"200\" frameborder=\"0\" scrolling=\"no\" allowfullscreen=\"allowfullscreen\"><\/iframe><\/p><p>En el programa N\u00ba109 Alberto Fern\u00e1ndez: \u00abEstamos poniendo en marcha Mercado Lomas; es muy importante ya que queremos adecuar los precios a los salarios de la gente\u00bb<br \/>Adem\u00e1s, la columna de Camila Ayala, estudiante de Periodismo de <a class=\"oajrlxb2 g5ia77u1 qu0x051f esr5mh6w e9989ue4 r7d6kgcz rq0escxv nhd2j8a9 nc684nl6 p7hjln8o kvgmc6g5 cxmmr5t8 oygrvhab hcukyx3x jb3vyjys rz4wbd8a qt6c0cv9 a8nywdso i1ao9s8h esuyzwwr f1sip0of lzcic4wl _aa9_ _a6hd\" tabindex=\"0\" role=\"link\" href=\"https:\/\/www.instagram.com\/explore\/tags\/socialesunlz\/\">#SocialesUNLZ<\/a>, Emmanuel Olea y su an\u00e1lisis pol\u00edtico; Juan Manuel Ubeira, abogado; N\u00e9stor Restivo, periodista, historiador y docente argentino y la entrevista a Washington Uranga, periodista, docente e investigador de la comunicaci\u00f3n.<\/p><p><iframe src=\"https:\/\/www.ivoox.com\/player_ej_90891979_4_1.html?c1=0094ff\" width=\"100%\" height=\"200\" frameborder=\"0\" scrolling=\"no\" allowfullscreen=\"allowfullscreen\"><\/iframe><\/p><p>En el <strong>programa N\u00ba108 <\/strong>Sergio Chouza, economista, docente y director de la Consultora Sarand\u00ed.<br \/>\u00abFaltaba una estabilizaci\u00f3n que sea plena, sobre todo en aspectos inflacionarios\u00bb.<br \/>Adem\u00e1s, la columna de Federico Guerra, historiador y periodista agropecuario graduado de #SocialesUNLZ, Emmanuel Olea y su an\u00e1lisis pol\u00edtico y Loana Tejero con su columna de genero.<\/p><p><iframe src=\"https:\/\/www.ivoox.com\/player_ej_90602169_4_1.html?c1=0094ff\" width=\"100%\" height=\"200\" frameborder=\"0\" scrolling=\"no\" allowfullscreen=\"allowfullscreen\"><\/iframe><\/p><p>En el <strong>programa N\u00ba107<\/strong> Pablo Zurro, intendente del Partido de Pehuaj\u00f3 y jefe comunal del Frente de Todos en el coraz\u00f3n de la soja bonaerense.<br \/>\u00abDesde la militancia tenemos que seguir pregonando lo que hicieron N\u00e9stor y Cristina\u00bb<br \/>Adem\u00e1s Mat\u00edas Gasparrini, Secretario de Cultura y Educaci\u00f3n de Lomas de Zamora, el Dr. Tom\u00e1s Orduna, M\u00e9dico infect\u00f3logo y jefe de Servicio en el Hospital Mu\u00f1iz y las columnas de Oscar Amaya y Candela Lederer.<\/p><p><iframe src=\"https:\/\/www.ivoox.com\/player_ej_90305332_4_1.html?c1=0094ff\" width=\"100%\" height=\"200\" frameborder=\"0\" scrolling=\"no\" allowfullscreen=\"allowfullscreen\"><\/iframe><\/p><p>En el <strong>programa N\u00ba106<\/strong> Mercedes Marc\u00f3 del Pont, titular de AFIP, ex diputada nacional y ex titular del Banco Central, nos da su opini\u00f3n sobre la situaci\u00f3n pol\u00edtico-econ\u00f3mica del pa\u00eds tras la llegada de Batakis como ministra de Econom\u00eda.<br \/>\u00abEn Argentina tenemos una econom\u00eda muy extranjerizada\u00bb<br \/>Adem\u00e1s, Pablo Llonto, abogado especialista en Derechos Humanos, periodista y comunicador, Roberto Bacman, soci\u00f3logo y director del Centro de<br \/>Estudios de Opini\u00f3n P\u00fablica (CEOP) y la columna de Franco Lavolpe.<\/p><p><iframe src=\"https:\/\/www.ivoox.com\/player_ej_89708900_4_1.html?c1=0094ff\" width=\"100%\" height=\"200\" frameborder=\"0\" scrolling=\"no\" allowfullscreen=\"allowfullscreen\"><\/iframe><\/p><p>En el <strong>programa N\u00ba105<\/strong>\u00a0Omar Plaini, Senador bonaerense por el Frente de Todos, nos da su opini\u00f3n sobre el panorama econ\u00f3mico tras la renuncia de Mart\u00edn Guzm\u00e1n<br \/>\u201cSilvina Batakis est\u00e1 altamente preparada para llevar a cabo el puesto que le toca ocupar\u201d<br \/>Adem\u00e1s, Miriam Mariotto y las columnas de Franco Lavolpe y Paola Jinks.<\/p><p><iframe src=\"https:\/\/www.ivoox.com\/player_ej_89414511_4_1.html?c1=0094ff\" width=\"100%\" height=\"200\" frameborder=\"0\" scrolling=\"no\" allowfullscreen=\"allowfullscreen\"><\/iframe><\/p><p>En el <strong>programa N\u00ba104<\/strong> Hugo Yasky, Diputado Nacional por el Frente de Todos y secretario general de la CTA de los trabajadores, nos da su opini\u00f3n sobre el panorama que describi\u00f3 Cristina sobre el manejo de los planes sociales.<br \/>\u00abEs muy importante el an\u00e1lisis que hizo Cristina sobre la fuga de capitales que termina en la inflaci\u00f3n que afecta a las clases populares\u00bb.<br \/>Adem\u00e1s Nicol\u00e1s Pertierra, economista, Horacio Tettamanti, extitular de la Subsecretar\u00eda de Puertos y V\u00edas Navegables y las columnas de Franco Lavolpe y Paola Lederer<\/p><p><iframe src=\"https:\/\/www.ivoox.com\/player_ej_89116578_4_1.html?c1=0094ff\" width=\"100%\" height=\"200\" frameborder=\"0\" scrolling=\"no\" allowfullscreen=\"allowfullscreen\"><\/iframe><\/p><p>En el <strong>programa N\u00ba 103<\/strong> Sergio Pianciola, secretario de Educaci\u00f3n, Ciencia y Tecnolog\u00eda de Almirante Brown, nos cuenta sobre la sexta Feria Internacional del Libro que se realizar\u00e1 del 23 al 26 de junio en Adrogu\u00e9.<br \/>\u00abSe decidi\u00f3 tener un espacio donde las y los vecinos del municipio puedan donar libros, para que sean distribuidos en los establecimientos educativos del distrito\u00bb.<br \/>Adem\u00e1s Jessica Belgrano, descendiente de Manuel Belgrano, Mat\u00edas Barroetave\u00f1a, legislador porte\u00f1o del Frente de Todos y las columnas de Franco Lavolpe, Emmanuel Olea y Camila Vergara.<\/p><p><iframe src=\"https:\/\/www.ivoox.com\/player_ej_88863829_4_1.html?c1=0094ff\" width=\"100%\" height=\"200\" frameborder=\"0\" scrolling=\"no\" allowfullscreen=\"allowfullscreen\"><\/iframe><\/p><p>En el programa N\u00ba102 Carlos Del Frade, diputado provincial por el Frente Social y Popular de Santa Fe, nos cuenta sobre la convocatoria del pr\u00f3ximo 23 de junio en defensa del R\u00edo Paran\u00e1 y del Canal Magdalena.<br \/>\u00abLa caravana terminar\u00e1 el 24 de junio frente a la Bolsa de Comercio de Rosario, que es la verdadera usina ideol\u00f3gica que piensa al R\u00edo Paran\u00e1 como un insumo para extranjerizar riquezas\u00bb<br \/>Adem\u00e1s Guadalupe Godoy, abogada e integrante de la Liga Argentina por los Derechos Humanos y las columnas de Franco Lavolpe, Candela Lederer y Oscar Amaya.<\/p><p><iframe src=\"https:\/\/www.ivoox.com\/player_ej_88477031_4_1.html?c1=0094ff\" width=\"100%\" height=\"200\" frameborder=\"0\" scrolling=\"no\" allowfullscreen=\"allowfullscreen\"><\/iframe><\/p><p>En el <strong>programa N\u00ba101<\/strong> Alberto Sileoni, Director en Direcci\u00f3n General de Cultura y Educaci\u00f3n PBA<br \/>\u00abEstamos trabajando con las consecuencias que nos dej\u00f3 la pandemia: chicos desconectados de la escuela y aprendizajes que no ocurrieron\u00bb<br \/>Adem\u00e1s Anal\u00eda De Pino, jefa del departamento de Memoria, Verdad y Justicia del municipio de San Vicente y las columnas de Nahuel Villar, Camila Ayala y Oscar Amaya.<\/p><p><iframe src=\"https:\/\/www.ivoox.com\/player_ej_88227555_4_1.html?c1=0094ff\" width=\"100%\" height=\"200\" frameborder=\"0\" scrolling=\"no\" allowfullscreen=\"allowfullscreen\"><\/iframe><\/p><p>En el <strong>programa N\u00ba100<\/strong> Liliana Gonzalez (@lilianagonzalezok), profesora y licenciada en psicopedagog\u00eda de la Universidad Nacional de R\u00edo Cuarto, realiz\u00f3 un diagn\u00f3stico relaci\u00f3n de la familia con la escuela:<br \/>\u00abEn la pandemia se sinti\u00f3 tanto la necesidad de la escuela que hoy estamos en un momento ideal para fortalecer el v\u00ednculo entre docentes y padres\u00bb<br \/>Adem\u00e1s, Juan Manuel Baretto, Presidente de CORADIR; Gustavo L\u00f3pez, Director de ENACOM, y las columnas de Cristina Olid, Franco Lavolpe y Pilar Rodr\u00edguez Far\u00edas.<br \/><iframe src=\"https:\/\/www.ivoox.com\/player_ej_87862127_4_1.html?c1=0094ff\" width=\"100%\" height=\"200\" frameborder=\"0\" scrolling=\"no\" allowfullscreen=\"allowfullscreen\"><\/iframe><\/p><p>En el <strong>programa N\u00ba99 <\/strong>Una propuesta de la C\u00e1tedra de Radio, con los o\u00eddos y la vista puestos en los barrios, las ciudades, los pueblos. Desde la regi\u00f3n al pa\u00eds, desde la Patria grande al mundo.<\/p><p><iframe src=\"https:\/\/www.ivoox.com\/player_ej_87777822_4_1.html?c1=0094FF\" width=\"100%\" height=\"200\" frameborder=\"0\" scrolling=\"no\" allowfullscreen=\"allowfullscreen\"><\/iframe><\/p><p>En el <strong>programa N\u00ba98<\/strong> Jorge Ferraresi, Ministro de Desarrollo Territorial y H\u00e1bitat. \u201cContar con una vivienda no tiene que ser un sue\u00f1o cumplido, sino un derecho\u201d.<br \/>Adem\u00e1s el Doctor Jorge Geffner, Investigador del CONICET.<br \/><iframe src=\"https:\/\/www.ivoox.com\/player_ej_87171196_4_1.html?c1=0094ff\" width=\"100%\" height=\"200\" frameborder=\"0\" scrolling=\"no\" allowfullscreen=\"allowfullscreen\"><\/iframe><\/p><p>En el <strong>programaN\u00ba97<\/strong>\u00a0Mempo Giardinelli, escritor y periodista argentino,nos cuenta sobre la soberan\u00eda del R\u00edo Paran\u00e1 y el canal Magdalena.<br \/>Estamos pidi\u00e9ndole al Gobierno Nacional que derogue el decreto 949\/20 que desnacionaliza el R\u00edo Paran\u00e1 y entrega la soberan\u00eda.<br \/>Adem\u00e1s Mariano Poledo, coordinador del pr\u00f3ximo CENSO 2022<\/p><p><iframe src=\"https:\/\/www.ivoox.com\/player_ej_86879330_4_1.html?c1=0094ff\" width=\"100%\" height=\"200\" frameborder=\"0\" scrolling=\"no\" allowfullscreen=\"allowfullscreen\"><\/iframe><\/p><p>En el <strong>programa N\u00ba96<\/strong> Santiago Arag\u00f3n, docente, Magister en Gesti\u00f3n en la Comunicaci\u00f3n de las Organizaciones y Diplomado en Comunicaci\u00f3n Pol\u00edtica:<br \/>\u00abLo que se rompe no son las condiciones de alianzas de gobierno entre Alberto y Cristina, sino la representaci\u00f3n del campo popular.\u00bb<br \/>Adem\u00e1s Nicol\u00e1s Macchi, Delgado de Cooperativa de Trabajo Metal\u00fargica Llavallol Limitada (COTRAMEL) y Gustavo Campana, Subdirector de Radio Nacional<\/p><p><iframe src=\"https:\/\/www.ivoox.com\/player_ej_86601695_4_1.html?c1=0094ff\" width=\"100%\" height=\"200\" frameborder=\"0\" scrolling=\"no\" allowfullscreen=\"allowfullscreen\"><\/iframe><br \/>En el <strong>programa N\u00ba95<\/strong> Sebasti\u00e1n Sarqu\u00eds (@sarquissebastiancine) director e integrante de la Asociaci\u00f3n Bonaerense de Productores y Directores de Cine y Artes Audiovisuales (APDCA) sobre la charla \u00abEvitemos el Apag\u00f3n Cultural\u00bb que se realizar\u00e1 esta tarde en el @espaciodisparete:<br \/>\u00abHay bastante desconocimiento con esta caducidad del financiamiento de las industrias culturales nacionales\u00bb.<br \/>Adem\u00e1s Pablo Zurro, Intendente de Pehuaj\u00f3 y Silvia Beatriz Giglia, psic\u00f3loga y profesora en ciencias naturales;<\/p><p><iframe src=\"https:\/\/www.ivoox.com\/player_ej_86265022_4_1.html?c1=0094ff\" width=\"100%\" height=\"200\" frameborder=\"0\" scrolling=\"no\" allowfullscreen=\"allowfullscreen\"><\/iframe><\/p><p>En el <strong>programa N\u00ba94<\/strong> Mario Secco, Intendente de Ensenada.<br \/>\u00abCambiemos quiere el cargo nuevo que cedi\u00f3 el Presidente de la Corte para manejar el Consejo de la Magistratura.\u201d<br \/>Adem\u00e1s @drjorgerachid, m\u00e9dico sanitarista, Nicol\u00e1s Pertierra, economista y @federicosassone, Secretario de Producci\u00f3n y Empleo de Almirante Brown<br \/><iframe src=\"https:\/\/www.ivoox.com\/player_ej_85954028_4_1.html?c1=0094ff\" width=\"100%\" height=\"200\" frameborder=\"0\" scrolling=\"no\" allowfullscreen=\"allowfullscreen\"><\/iframe><\/p><p>En el <strong>programa N\u00ba93<\/strong> entrevista a Omar Plaini, senador bonaerense por el Frente de Todos, sobre el proyecto presentado para cancelar parte de la deuda con el FMI con el dinero fugado al exterior:<br \/>\u00abHay que militar para que salga la ley porque, de lo contrario, esta irresponsabilidad que contrajo el gobierno anterior la estar\u00eda pagando gran parte del pueblo argentino\u00bb.<br \/>Adem\u00e1s Agust\u00edn Balladares , director Nacional en Jefatura de Gabinete de Lan\u00fas, y el padre \u201cPaco\u201d Olveira.<\/p><p><iframe src=\"https:\/\/www.ivoox.com\/player_ej_85652329_4_1.html?c1=0094ff\" width=\"100%\" height=\"200\" frameborder=\"0\" scrolling=\"no\" allowfullscreen=\"allowfullscreen\"><\/iframe><\/p><p style=\"text-align: left;\">En el <strong>programa N\u00ba92 <\/strong>Silvia Barrera(@silviabarrera_vgm ), Veterana de Malvinas, nos cuenta su historia como instrumentadora quir\u00fargica durante la guerra.<br \/>\u00abEn este nuevo aniversario hay mucha gente interesada en conocer nuestra historia\u00bb<br \/>Adem\u00e1s Laura Toledo, Directora del Fondo Argentino Sectorial en la @agenciaidiar sobre el desarrollo de la vacuna argentina contra el Covid-19<\/p><p><iframe src=\"https:\/\/www.ivoox.com\/player_ej_85174708_4_1.html?c1=0094ff\" width=\"100%\" height=\"200\" frameborder=\"0\" scrolling=\"no\" allowfullscreen=\"allowfullscreen\"><\/iframe><\/p><p style=\"text-align: center;\"><strong>2021<\/strong><\/p><p>En el <strong>programa N\u00ba91<\/strong>, Gustavo Na\u00f3n, decano de @socialesunlz, realiza un saludo de despedida para este fin de a\u00f1o.<br \/>Estamos trabajando en el retorno de la vida universitaria que involucra procesos que dependen de la responsabilidad y el compromiso de quienes conformamos la comunidad acad\u00e9mica de la UNLZ<\/p><p><iframe id=\"audio_79284755\" style=\"border: 1px solid #EEE; box-sizing: border-box; width: 100%;\" src=\"https:\/\/www.ivoox.com\/player_ej_79284755_4_1.html?c1=0094ff\" height=\"200\" frameborder=\"0\" scrolling=\"no\" allowfullscreen=\"allowfullscreen\"><\/iframe><br \/>En el <strong>programa N\u00ba 90 <\/strong>Entrevista al abogado Javier Ortega sobre la Resoluci\u00f3n del Tribunal 5 en el caso Hotesur y sobreseimiento de la vicepresidenta Cristina Fern\u00e1ndez de Kirchner.<br \/>\u201cEn el hecho de estar procesado hay una estigmatizaci\u00f3n de presunta culpabilidad y eso es destruirle la carrera a un pol\u00edtico\u201d.<br \/><iframe id=\"audio_78975214\" style=\"border: 1px solid #EEE; box-sizing: border-box; width: 100%;\" src=\"https:\/\/www.ivoox.com\/player_ej_78975214_4_1.html?c1=0094ff\" height=\"200\" frameborder=\"0\" scrolling=\"no\" allowfullscreen=\"allowfullscreen\"><\/iframe><\/p><p>En el <strong>programa N\u00ba89<\/strong> Entrevista a @rvalentini_, historiador y docente universitario, sobre el control del precio de los medicamentos y su historia.<br \/>\u201cEl debate hist\u00f3rico sobre sobre el control del precio de los medicamentos tiene que ver con el rol del Estado en materia de salud p\u00fablica y en lo econ\u00f3mico que es transversal a toda pol\u00edtica p\u00fablica\u201d.<br \/><iframe id=\"audio_78334364\" style=\"border: 1px solid #EEE; box-sizing: border-box; width: 100%;\" src=\"https:\/\/www.ivoox.com\/player_ej_78334364_4_1.html?c1=0094ff\" height=\"200\" frameborder=\"0\" scrolling=\"no\" allowfullscreen=\"allowfullscreen\"><\/iframe><\/p><p>En el\u00a0<strong>programa N\u00ba88<\/strong>\u00a0Entrevista a \u00a0Gustavo Na\u00f3n, decano de @SocialesUNLZ, realiz\u00f3 un balance sobre las IV Jornadas de Comunicaci\u00f3n Estrat\u00e9gica.<br \/>\u00abPor cuarto a\u00f1o consecutivo, la Facultad de Ciencias Sociales se instal\u00f3 en las agendas de ciencias de la comunicaci\u00f3n de nuestro pa\u00eds y tambi\u00e9n del extranjero con estas Jornadas de Comunicaci\u00f3n Estrat\u00e9gica\u00bb.<br \/><iframe id=\"audio_77980094\" style=\"border: 1px solid #EEE; box-sizing: border-box; width: 100%;\" src=\"https:\/\/www.ivoox.com\/player_ej_77980094_4_1.html?c1=0094ff\" height=\"200\" frameborder=\"0\" scrolling=\"no\" allowfullscreen=\"allowfullscreen\"><\/iframe><\/p><p>En el <strong>programa N\u00ba87<\/strong> Entrevista a @diegobarralle, candidato a primer concejal por el Frente de Todos en San Vicente<br \/>\u00abLos medios de comunicaci\u00f3n nos hacen creer que el problema est\u00e1 en los que menos tienen, en los trabajadores, pero evitan discutir la riqueza y la distribuci\u00f3n de los ingresos\u00bb<br \/>Adem\u00e1s, @marioelozano vir\u00f3logo y Doctor en Ciencias Bioqu\u00edmicas<br \/><iframe id=\"audio_77665966\" style=\"border: 1px solid #EEE; box-sizing: border-box; width: 100%;\" src=\"https:\/\/www.ivoox.com\/player_ej_77665966_4_1.html?c1=0094ff\" height=\"200\" frameborder=\"0\" scrolling=\"no\" allowfullscreen=\"allowfullscreen\"><\/iframe><\/p><p>En el <strong>programa N\u00ba86<\/strong> Entrevista a \u00a0@vtolosapaz, primera candidata a Diputada Nacional por PBA por el Frente de Todos.<br \/>Adem\u00e1s Daniel Goll\u00e1n, V\u00edctor Fera y Carolina Rodr\u00edguez<br \/><iframe id=\"audio_77342828\" style=\"border: 1px solid #EEE; box-sizing: border-box; width: 100%;\" src=\"https:\/\/www.ivoox.com\/player_ej_77342828_4_1.html?c1=0094ff\" height=\"200\" frameborder=\"0\" scrolling=\"no\" allowfullscreen=\"allowfullscreen\"><span data-mce-type=\"bookmark\" style=\"display: inline-block; width: 0px; overflow: hidden; line-height: 0;\" class=\"mce_SELRES_start\">\ufeff<\/span><\/iframe><\/p><p>En el <strong>programa N\u00ba85<\/strong> Entrevista a \u00a0Nicol\u00e1s Pertierra, economista miembro del CESO, sobre el acuerdo de precios.<br \/>\u00abLa inflaci\u00f3n tiene un componente inercial muy importante que hace que se d\u00e9 el aumento de precios en los supermercados, pero lo que vemos hoy es muy superior a eso\u00bb.<br \/>Adem\u00e1s, Luz Canella Tsuji y Dolores Puente.<br \/><iframe id=\"audio_77015120\" style=\"border: 1px solid #EEE; box-sizing: border-box; width: 100%;\" src=\"https:\/\/www.ivoox.com\/player_ej_77015120_4_1.html?c1=0094ff\" height=\"200\" frameborder=\"0\" scrolling=\"no\" allowfullscreen=\"allowfullscreen\"><\/iframe><\/p><p>En el <strong>programa N\u00ba84<\/strong>\u00a0Entrevista a Valeria Carreras, abogada de familias de las v\u00edctimas del hundimiento del #AraSanJuan, sobre la citaci\u00f3n a indagatoria de Mauricio Macri por espionaje.<br \/>\u00abLo que hicieron fue muy grave porque no solo fueron contra derechos constitucionales sino que tambi\u00e9n se ensa\u00f1aron con las mujeres\u00bb.<br \/>Adem\u00e1s, Paco Oliveira y @drjorgerachid.<br \/><iframe id=\"audio_76381890\" style=\"border: 1px solid #EEE; box-sizing: border-box; width: 100%;\" src=\"https:\/\/www.ivoox.com\/player_ej_76381890_4_1.html?c1=0094ff\" height=\"200\" frameborder=\"0\" scrolling=\"no\" allowfullscreen=\"allowfullscreen\"><span data-mce-type=\"bookmark\" style=\"display: inline-block; width: 0px; overflow: hidden; line-height: 0;\" class=\"mce_SELRES_start\">\ufeff<\/span><\/iframe><\/p><p>En el <strong>programa N\u00ba83<\/strong> Entrevista a Tom\u00e1s Orduna, m\u00e9dico infect\u00f3logo y miembro del comit\u00e9 que asesora al Gobierno en la Pandemia.<br \/>\u00abFue muy importante haber logrado atrasar la llegada de la variante Delta, porque nos permiti\u00f3 avanzar much\u00edsimo con la vacunaci\u00f3n\u00bb.<br \/>Adem\u00e1s, Pol L\u00f3pez Salich y Felipe Inostroza.<br \/><iframe id=\"audio_76061950\" style=\"border: 1px solid #EEE; box-sizing: border-box; width: 100%;\" src=\"https:\/\/www.ivoox.com\/player_ej_76061950_4_1.html?c1=0094ff\" height=\"200\" frameborder=\"0\" scrolling=\"no\" allowfullscreen=\"allowfullscreen\"><span data-mce-type=\"bookmark\" style=\"display: inline-block; width: 0px; overflow: hidden; line-height: 0;\" class=\"mce_SELRES_start\">\ufeff<\/span><\/iframe><\/p><p>En el <strong>programa N\u00ba82<\/strong> Entrevista a \u00a0Roberto Bacman, soci\u00f3logo y director del CEOP, dio detalles del escenario pos electoral.<br \/>\u00abLo que hay que mirar con gran preocupaci\u00f3n es el &#8216;no voto&#8217; que termin\u00f3 favoreciendo a Juntos por el Cambio\u00bb.<br \/>Adem\u00e1s, Mart\u00edn Rodr\u00edguez, Celina Calore y Walter Correa.<\/p><p><iframe id=\"audio_75738058\" style=\"border: 1px solid #EEE; box-sizing: border-box; width: 100%;\" src=\"https:\/\/www.ivoox.com\/player_ej_75738058_4_1.html?c1=0094ff\" height=\"200\" frameborder=\"0\" scrolling=\"no\" allowfullscreen=\"allowfullscreen\"><\/iframe><\/p><p>En el <strong>programa N\u00ba81, <\/strong>entrevista a\u00a0<strong>Artemio L\u00f3pez<\/strong>, soci\u00f3logo, analista pol\u00edtico y director de Equis Consultora.\u00a0Adem\u00e1s, <strong>Guillermo Valcarce y Santiago Arag\u00f3n.<\/strong><\/p><p><iframe id=\"audio_75434258\" style=\"border: 1px solid #EEE; box-sizing: border-box; width: 100%;\" src=\"https:\/\/ar.ivoox.com\/es\/player_ej_75434258_4_1.html?c1=0094ff\" height=\"200\" frameborder=\"0\" scrolling=\"no\" allowfullscreen=\"allowfullscreen\"><\/iframe><\/p><p>En el\u00a0<strong>programa N\u00ba80, <\/strong>Federico Oterm\u00edn, presidente de la C\u00e1mara de Diputados de PBA.\u00a0Adem\u00e1s, Juan Modarelli, Nicol\u00e1s Partierra y Santiago Arag\u00f3n.<\/p><p><iframe id=\"audio_75109084\" style=\"border: 1px solid #EEE; box-sizing: border-box; width: 100%;\" src=\"https:\/\/ar.ivoox.com\/es\/player_ej_75109084_4_1.html?c1=0094ff\" height=\"200\" frameborder=\"0\" scrolling=\"no\" allowfullscreen=\"allowfullscreen\"><\/iframe><\/p><p>En el\u00a0<strong>programa N\u00ba79, <\/strong>entrevista a\u00a0<strong>Daniel Arroyo<\/strong>, precandidato a diputado nacional por el Frente de Todos y ex Ministro de Desarrollo Social de la Naci\u00f3n.\u00a0Adem\u00e1s, <strong>Mario Lozano<\/strong> y <strong>Dar\u00edo Villarruel.<\/strong><\/p><p><iframe id=\"audio_74823313\" style=\"border: 1px solid #EEE; box-sizing: border-box; width: 100%;\" src=\"https:\/\/ar.ivoox.com\/es\/player_ej_74823313_4_1.html?c1=0094ff\" height=\"200\" frameborder=\"0\" scrolling=\"no\" allowfullscreen=\"allowfullscreen\"><\/iframe><\/p><p>En el\u00a0<strong>programa N\u00ba78, <\/strong>entrevista al Dr. <strong>Tom\u00e1s Orduna<\/strong>, miembro del Comit\u00e9 Asesor de Presidencia de la Naci\u00f3n en la lucha contra el Covid, nos cont\u00f3 c\u00f3mo viene el proceso de vacunaci\u00f3n y el posible brote de la Variante Delta.\u00a0Adem\u00e1s, <strong>Mar\u00eda G\u00f3mez Riquelme<\/strong>, <strong>Juan Rivera<\/strong>\u00a0 y las columnas de Franco Lavolpe, Federico Guerra,\u00a0Candela Lederer y Florencia Ojeda.<\/p><p><iframe id=\"audio_74496759\" style=\"border: 1px solid #EEE; box-sizing: border-box; width: 100%;\" src=\"https:\/\/ar.ivoox.com\/es\/player_ej_74496759_4_1.html?c1=0094ff\" height=\"200\" frameborder=\"0\" scrolling=\"no\" allowfullscreen=\"allowfullscreen\"><\/iframe><\/p><p>En el\u00a0<strong>programa N\u00ba77, <\/strong>entrevista a <strong>H\u00e9ctor Recalde<\/strong>, ex diputado Nacional y abogado Laboralista, brind\u00f3 un an\u00e1lisis sobre las declaraciones de la UIA acerca de la obligatoriedad de la vacunaci\u00f3n para asistir a trabajar, y la Ley de Jornada de Trabajo.\u00a0Adem\u00e1s, <strong>Sergio Gamboa, Paola Jinks, Tom\u00e1s Luaces<\/strong> y las columnas de Emmanuel Olea, Oscar Amaya y Franco Lavolpe<\/p><p><iframe id=\"audio_74205306\" style=\"border: 1px solid #EEE; box-sizing: border-box; width: 100%;\" src=\"https:\/\/ar.ivoox.com\/es\/player_ej_74205306_4_1.html?c1=0094ff\" height=\"200\" frameborder=\"0\" scrolling=\"no\" allowfullscreen=\"allowfullscreen\"><\/iframe><\/p><p>En el\u00a0<strong>programa N\u00ba76, <\/strong><span style=\"font-size: 1rem;\"><strong>Luc\u00eda Garc\u00eda Itzigsohn<\/strong>, directora Provincial de Planificaci\u00f3n y Gesti\u00f3n Comunicacional del Ministerio de las Mujeres, G\u00e9nero y Diversidad.\u00a0<\/span><span style=\"font-size: 1rem;\">Adem\u00e1s, <strong>Leticia Ceriani, Juan Diego Incardona<\/strong>, y las columnas de Emmanuel Olea, Nahuel Villar y Federico Guerra.<\/span><\/p><p><iframe id=\"audio_73909976\" style=\"border: 1px solid #EEE; box-sizing: border-box; width: 100%;\" src=\"https:\/\/ar.ivoox.com\/es\/player_ej_73909976_4_1.html?c1=0094ff\" height=\"200\" frameborder=\"0\" scrolling=\"no\" allowfullscreen=\"allowfullscreen\"><\/iframe><\/p><p>En el\u00a0<strong>programa N\u00ba75, <\/strong>entrevista a\u00a0<strong>Jorge Geffne<\/strong>r, investigador del CONICET, se refiere al esquema de vacunaci\u00f3n y los casos de la variante Delta en el pa\u00eds.\u00a0Adem\u00e1s, <strong>Jos\u00e9 Alessi,<\/strong> <strong>Adri\u00e1n Grilli,<\/strong> Franco Lavolpe y Nahuel Villar.<\/p><p><iframe id=\"audio_73628567\" style=\"border: 1px solid #EEE; box-sizing: border-box; width: 100%;\" src=\"https:\/\/ar.ivoox.com\/es\/player_ej_73628567_4_1.html?c1=0094ff\" height=\"200\" frameborder=\"0\" scrolling=\"no\" allowfullscreen=\"allowfullscreen\"><\/iframe><\/p><p>En el\u00a0<strong>programa N\u00ba74,<\/strong>\u00a0entrevista a\u00a0<strong>Oscar Atienza<\/strong>, asesor del comit\u00e9 sanitario nacional, nos da detalles del programa de vacunaci\u00f3n COVID-19.\u00a0Adem\u00e1s, Luis Mart\u00ednez, Emmanuel Olea, Franco Lavolpe y Nahuel Villar<\/p><p><iframe id=\"audio_73348887\" style=\"border: 1px solid #EEE; box-sizing: border-box; width: 100%;\" src=\"https:\/\/ar.ivoox.com\/es\/player_ej_73348887_4_1.html?c1=0094ff\" height=\"200\" frameborder=\"0\" scrolling=\"no\" allowfullscreen=\"allowfullscreen\"><\/iframe><\/p><p>En el\u00a0<strong>programa N\u00ba73, \u00a0<\/strong><span style=\"font-size: 1rem;\"><strong>Agust\u00edn Rossi,<\/strong> ministro de Defensa de la Naci\u00f3n, se refiere a la denuncia de Bolivia hacia el gobierno de Macri sobre el env\u00edo de material b\u00e9lico para consolidar el golpe de Estado.\u00a0<\/span><span style=\"font-size: 1rem;\">Adem\u00e1s, Mar\u00eda Rosa Mart\u00ednez, Mariano Godoy, Franco Lavolpe, Nahuel Villar y Felipe Inostroza.<\/span><\/p><div class=\"dropdown-info\"><div id=\"scroll-programa\" data-collapsed=\"200\" data-uncollapsed=\"2000\"><div class=\"viewport viewport-md\"><div class=\"overview\"><div>\u00a0<\/div><\/div><\/div><\/div><\/div><p><iframe id=\"audio_72758432\" style=\"border: 1px solid #EEE; box-sizing: border-box; width: 100%;\" src=\"https:\/\/ar.ivoox.com\/es\/player_ej_72758432_4_1.html?c1=0094ff\" height=\"200\" frameborder=\"0\" scrolling=\"no\" allowfullscreen=\"allowfullscreen\"><\/iframe><\/p><p>En el\u00a0<strong>programa N\u00ba72, <\/strong>entrevista a\u00a0<strong>Jos\u00e9 Luis Pallares<\/strong>, senador por la PBA del Frente de Todos, se refiri\u00f3 al proyecto de ley que se aprob\u00f3 sobre el \u00abD\u00eda de la Prevenci\u00f3n y Concientizaci\u00f3n del Abuso contra Ni\u00f1as, Ni\u00f1os y Adolescentes\u00bb.\u00a0Adem\u00e1s, <strong>Santiago Arag\u00f3n<\/strong>, <strong>Mat\u00edas Gasparrini<\/strong> y <strong>Jorge Rachid<\/strong>.<\/p><p><iframe id=\"audio_72442484\" style=\"border: 1px solid #EEE; box-sizing: border-box; width: 100%;\" src=\"https:\/\/ar.ivoox.com\/es\/player_ej_72442484_4_1.html?c1=0094ff\" height=\"200\" frameborder=\"0\" scrolling=\"no\" allowfullscreen=\"allowfullscreen\"><\/iframe><\/p><p>En el\u00a0<strong>programa N\u00ba71, <\/strong>entrevista a\u00a0<strong>Jos\u00e9 Luis Ram\u00f3n<\/strong>, diputado Nacional por Mendoza del Frente de Todos, se refiri\u00f3 a la Ley de Zona Fr\u00eda que redujo las tarifas de gas en zonas de baja temperatura.\u00a0Adem\u00e1s, <strong>Lucas Monz\u00f3n<\/strong> y las columnas de Francisco Lavolpe y Emmanuel Olea.<\/p><p><iframe id=\"audio_72111572\" style=\"border: 1px solid #EEE; box-sizing: border-box; width: 100%;\" src=\"https:\/\/ar.ivoox.com\/es\/player_ej_72111572_4_1.html?c1=0094ff\" height=\"200\" frameborder=\"0\" scrolling=\"no\" allowfullscreen=\"allowfullscreen\"><\/iframe><\/p><p>En el\u00a0<strong>programa N\u00ba70, <\/strong>entrevista a\u00a0<strong>Miriam Juaiek<\/strong>, integrante del Centro de Estudios Econ\u00f3micos y Sociales Scalabrini Ort\u00edz, nos cont\u00f3 sobre el proyecto de Ley de Cambios en el R\u00e9gimen de Monotributo.\u00a0Adem\u00e1s, <strong>Alejandro Apo<\/strong>, <strong>Julio Fornelli<\/strong> y las columnas de Federico Guerra y Emmanuel Olea.<\/p><p><iframe id=\"audio_71779390\" style=\"border: 1px solid #EEE; box-sizing: border-box; width: 100%;\" src=\"https:\/\/ar.ivoox.com\/es\/player_ej_71779390_4_1.html?c1=0094ff\" height=\"200\" frameborder=\"0\" scrolling=\"no\" allowfullscreen=\"allowfullscreen\"><\/iframe><\/p><p>En el\u00a0<strong>programa N\u00ba 69, <\/strong>entrevista a\u00a0<strong>Nicol\u00e1s Pertierra<\/strong>, economista e integrante del CESO, se refiere a la suspensi\u00f3n de la exportaci\u00f3n de carne.\u00a0Adem\u00e1s, las columnas de Franco Lavolpe, Federico Guerra, Alicia Paz y Emmanuel Olea.<\/p><p><iframe id=\"audio_71454141\" style=\"border: 1px solid #EEE; box-sizing: border-box; width: 100%;\" src=\"https:\/\/ar.ivoox.com\/es\/player_ej_71454141_4_1.html?c1=0094ff\" height=\"200\" frameborder=\"0\" scrolling=\"no\" allowfullscreen=\"allowfullscreen\"><\/iframe><\/p><p style=\"text-align: left;\">En el <strong>programa N\u00ba 68, <\/strong>entrevista en<strong>\u00a0<\/strong><strong>Mar\u00eda Laura Ram\u00edrez,<\/strong> diputada provincial del Frente de Todos, nos cont\u00f3 los detalles sobre la compra de vacunas por parte de la PBA.\u00a0Adem\u00e1s, el periodista <strong>Carlos Ulanovsky,<\/strong> la economista <strong>Cecilia Gonz\u00e1lez Bonorino<\/strong> y las columnas de Felipe Inostroza y Emmanuel Olea.<\/p><p><iframe id=\"audio_71113235\" style=\"border: 1px solid #EEE; box-sizing: border-box; width: 100%;\" src=\"https:\/\/ar.ivoox.com\/es\/player_ej_71113235_4_1.html?c1=0094ff\" height=\"200\" frameborder=\"0\" scrolling=\"no\" allowfullscreen=\"allowfullscreen\"><\/iframe><\/p><p>En el\u00a0<strong>programa N\u00ba67, <\/strong>entrevista a\u00a0<strong>Santiago Maggiott<\/strong>i, secretario de H\u00e1bitat del Ministerio Nacional del Desarrollo y H\u00e1bitat, se refiri\u00f3 al programa Reconstruir que financiar\u00e1 55 mil viviendas.<br \/>Adem\u00e1s,<strong> Oscar Atienza, Pedro Peretti<\/strong> y las columnas de Franco Lavolpe, Alicia Paz y Federico Guerra.<\/p><p><iframe id=\"audio_70835180\" style=\"border: 1px solid #EEE; box-sizing: border-box; width: 100%;\" src=\"https:\/\/ar.ivoox.com\/es\/player_ej_70835180_4_1.html?c1=0094ff\" height=\"200\" frameborder=\"0\" scrolling=\"no\" allowfullscreen=\"allowfullscreen\"><\/iframe><\/p><p>En el\u00a0<strong>programa N\u00ba66, <\/strong>entrevista a\u00a0<strong>Roberto Salvarezza,<\/strong> ministro de Ciencia, Tecnolog\u00eda e Innovaci\u00f3n de la Naci\u00f3n, se refiri\u00f3 a los proyectos de innovaci\u00f3n durante la pandemia.\u00a0Adem\u00e1s, <strong>Adriana Ram\u00edrez<\/strong>, periodista integrante de Barrio Adentro, noticiero popular se refiri\u00f3 a la situaci\u00f3n actual en Colombia , <strong>Federico Thea<\/strong> , secretario General de la Gobernaci\u00f3n de la PBA, y las columnas de Alicia Paz y Francisco Lavolpe<\/p><p><iframe id=\"audio_70206554\" style=\"border: 1px solid #EEE; box-sizing: border-box; width: 100%;\" src=\"https:\/\/ar.ivoox.com\/es\/player_ej_70206554_4_1.html?c1=0094ff\" height=\"200\" frameborder=\"0\" scrolling=\"no\" allowfullscreen=\"allowfullscreen\"><\/iframe><\/p><p>En el\u00a0<strong>programa N\u00ba65, <\/strong>entrevista a <strong>Juan Manuel Ubeira<\/strong>, abogado penalista, se refiere a el fallo de la Corte sobre la presencialidad en las escuelas.\u00a0Adem\u00e1s, <strong>N\u00e9stor Restivo<\/strong>, periodista y miembro del Consejo Asesor Honorario de la Canciller\u00eda argentina, el <strong>Padre Domingo Bresci<\/strong>, miembre del Movimiento de Sacerdotes para el Tercer Mundo y las columnas de Alicia Paz y Francisco Lavolpe.<\/p><p><iframe id=\"audio_69854145\" style=\"border: 1px solid #EEE; box-sizing: border-box; width: 100%;\" src=\"https:\/\/ar.ivoox.com\/es\/player_ej_69854145_4_1.html?c1=0094ff\" height=\"200\" frameborder=\"0\" scrolling=\"no\" allowfullscreen=\"allowfullscreen\"><\/iframe><\/p><p>En el\u00a0<strong>programa N\u00ba64, <\/strong>entrevista a\u00a0<strong>Arnaldo Dubin, <\/strong>referente de la Sociedad Argentina de Terapia Intensiva.<strong><br \/><\/strong>Adem\u00e1s, <strong>Horacio Tettamanti\u00a0<\/strong>hablando sobre Hidrov\u00edas, <strong>Andrea Villamayor<\/strong>\u00a0de \u00abTeatro sobre la Identidad\u00bb y las columnas de Nahuel Villar y Federico Guerra<\/p><p><iframe id=\"audio_69557201\" style=\"border: 1px solid #EEE; box-sizing: border-box; width: 100%;\" src=\"https:\/\/ar.ivoox.com\/es\/player_ej_69557201_4_1.html?c1=0094ff\" height=\"200\" frameborder=\"0\" scrolling=\"no\" allowfullscreen=\"allowfullscreen\"><\/iframe><\/p><p>En el\u00a0<strong>programa N\u00ba63, <\/strong>entrevista a\u00a0<strong>Walter G\u00f3mez<\/strong>, secretario de Salud de Almirante Brown, da detalles del plan de vacunaci\u00f3n en em distrito.\u00a0Adem\u00e1s, la economista Cecilia Wilhelm, el informe de Loana Tejero y\u00a0Marina Jaureguiberry.<\/p><p><iframe id=\"audio_69194132\" style=\"border: 1px solid #EEE; box-sizing: border-box; width: 100%;\" src=\"https:\/\/ar.ivoox.com\/es\/player_ej_69194132_4_1.html?c1=0094ff\" height=\"200\" frameborder=\"0\" scrolling=\"no\" allowfullscreen=\"allowfullscreen\"><\/iframe><\/p><p>En el <strong>programa N\u00ba62<\/strong>, entrevista a\u00a0<strong>Jorge Rachid<\/strong>, asesor del gobierno de la provincia de Buenos Aires, nos cont\u00f3 la situaci\u00f3n sanitaria en el marco de la Pandemia.\u00a0Adem\u00e1s, <strong>Pedro Ponce<\/strong>, consejero Escolar de Lomas de Zamora por el Frente de Todos;<strong> Roc\u00edo Galv\u00e1n<\/strong>, especialista en temas de industria, pol\u00edtica y econom\u00eda, e <strong>Ignacio Copani<\/strong>, m\u00fasico y compositor<\/p><p><iframe id=\"audio_68893939\" style=\"border: 1px solid #EEE; box-sizing: border-box; width: 100%;\" src=\"https:\/\/ar.ivoox.com\/es\/player_ej_68893939_4_1.html?c1=0094ff\" height=\"200\" frameborder=\"0\" scrolling=\"no\" allowfullscreen=\"allowfullscreen\"><\/iframe><\/p><p>En el <strong>programa N\u00ba61,<\/strong> entrevista a <strong>Leticia Ceriani<\/strong>, subsecretaria de Gesti\u00f3n de la Informaci\u00f3n, Educaci\u00f3n Permanente y Fiscalizaci\u00f3n del Min. de Salud de la PBA.\u00a0Adem\u00e1s, las columnas de Francisco Lavolpe y Federico Guerra. Y desde Cuba, <strong>Mario Della Rocca<\/strong> nos cuenta sobre la producci\u00f3n de vacunas en el pa\u00eds.<\/p><p><iframe id=\"audio_68541090\" style=\"border: 1px solid #EEE; box-sizing: border-box; width: 100%;\" src=\"https:\/\/ar.ivoox.com\/es\/player_ej_68541090_4_1.html?c1=0094ff\" height=\"200\" frameborder=\"0\" scrolling=\"no\" allowfullscreen=\"allowfullscreen\"><\/iframe><\/p><p>En el <strong>programa N\u00b060 del 2021<\/strong>,Entrevista al bioqu\u00edmico y vir\u00f3logo del Conicet <strong>Mario Lozano<\/strong>, quien se refiri\u00f3 a la eficacia de las vacunas tras el contagio de Alberto Fernandez. Adem\u00e1s, entrevista al m\u00e9dico infect\u00f3logo <strong>Tom\u00e1s Orduna<\/strong> que analiz\u00f3 la situaci\u00f3n sanitaria del pa\u00eds. Por \u00faltimo, en di\u00e1logo con Emmanuel Olea la soci\u00f3loga y docente<strong>\u00a0Elaine Aguiar<\/strong> nos detall\u00f3 la alarmante situaci\u00f3n que viven en Brasil por la pandemia<\/p><p><iframe id=\"audio_68178861\" style=\"border: 1px solid #EEE; box-sizing: border-box; width: 100%;\" src=\"https:\/\/ar.ivoox.com\/es\/player_ej_68178861_4_1.html?c1=0094ff\" height=\"200\" frameborder=\"0\" scrolling=\"no\" allowfullscreen=\"allowfullscreen\"><\/iframe><\/p><p style=\"text-align: center;\"><strong>2020<\/strong><\/p><p>En el <strong>programa N\u00b059<\/strong>, entrevista a <strong>Diego Molea<\/strong>, miembro del consejo de la magistratura y rector de la #UNLZ, quien realiz\u00f3 un balance sobre la actuaci\u00f3n de la justicia en este 2020. Adem\u00e1s,<strong> Gustavo Na\u00f3n<\/strong>, decano de #SocialesUNLZ, el infect\u00f3logo<strong> Tom\u00e1s Orduna<\/strong>, el director de SAOP Oscar Amaya y el periodista <strong>Ernesto Cherquis Bialo<\/strong>.<\/p><p><iframe id=\"audio_62426524\" style=\"border: 1px solid #EEE; box-sizing: border-box; width: 100%;\" src=\"https:\/\/ar.ivoox.com\/es\/player_ej_62426524_4_1.html?c1=0094ff\" height=\"200\" frameborder=\"0\" scrolling=\"no\" allowfullscreen=\"allowfullscreen\"><\/iframe><\/p><p>En el <strong>programa N\u00b058<\/strong>, el Intendente de Villa Gesell, <strong>Gustavo Barrera<\/strong>, dio detalles sobre el lanzamiento de temporada de verano. Adem\u00e1s, entrevista a <strong>Agustina Pan<\/strong>, secretaria de Extensi\u00f3n de #SocialesUNLZ.<\/p><p><iframe id=\"audio_62036505\" style=\"border: 1px solid #EEE; box-sizing: border-box; width: 100%;\" src=\"https:\/\/ar.ivoox.com\/es\/player_ej_62036505_4_1.html?c1=0094ff\" height=\"200\" frameborder=\"0\" scrolling=\"no\" allowfullscreen=\"allowfullscreen\"><\/iframe><\/p><p>En el<strong> programa N\u00b057<\/strong>, Entrevista a <strong>Matias Gasparrini<\/strong>, secretario de Cultura y Educaci\u00f3n de Lomas de Zamora.<br \/>Adem\u00e1s, <strong>Nerea Barbosa<\/strong> nos cont\u00f3 qu\u00e9 significa Diego Maradona para ella,<strong> Eduardo Mej\u00edas<\/strong>, present\u00f3 testimonios de vecinos de #VillaFiorito, y <strong>Martina Solomita<\/strong> realiz\u00f3 un informe sobre moda sustentable.<\/p><p><iframe id=\"audio_61295789\" style=\"border: 1px solid #EEE; box-sizing: border-box; width: 100%;\" src=\"https:\/\/ar.ivoox.com\/es\/player_ej_61295789_4_1.html?c1=0094ff\" height=\"200\" frameborder=\"0\" scrolling=\"no\" allowfullscreen=\"allowfullscreen\"><\/iframe><\/p><p>En el <strong>programa N\u00b056<\/strong>, entrevista a la abogada querellante <strong>Valeria Carreras<\/strong>, representante de 27 familiares de los 44 tripulantes del Ara San Juan, en el marco del aniversario del hundimiento del submarino.\u00a0 Adem\u00e1s, la estudiante de periodismo <strong>Paula Constanzo<\/strong>, explic\u00f3 Le Ley Yolanda y el docente de Historia Social y Econ\u00f3mica de Sociales UNLZ, <strong>Julio Fornelli<\/strong> nos dio detalles sobre el D\u00eda de la Soberan\u00eda.<\/p><p><iframe id=\"audio_60885151\" style=\"border: 1px solid #EEE; box-sizing: border-box; width: 100%;\" src=\"https:\/\/ar.ivoox.com\/es\/player_ej_60885151_4_1.html?c1=0094ff\" height=\"200\" frameborder=\"0\" scrolling=\"no\" allowfullscreen=\"allowfullscreen\"><\/iframe><\/p><p>En el <strong>programa N\u00b055<\/strong>, entrevistaron al abogado <strong>Miguel Fern\u00e1ndez Pastor<\/strong>, quien dio detalles sobre la Nueva F\u00f3rmula de Movilidad Jubilatoria. Adem\u00e1s, <strong>Emmanuel Cabrera Vaquera<\/strong>, estudiante de periodismo de #SocialesUNLZ, J<strong>uan Mart\u00edn Scalerandi<\/strong>, guitarrista y compositor, quien cont\u00f3 sobre el Festival de Tango y Criollismo que se realizar\u00e1 el pr\u00f3ximo fin de semana y <strong>Paula Lambertini<\/strong>, jefa Regional de ANSES Conurbano 2, explic\u00f3 la situaci\u00f3n de la regi\u00f3n sobre la Previsi\u00f3n Social.<\/p><p><iframe id=\"audio_60557031\" style=\"border: 1px solid #EEE; box-sizing: border-box; width: 100%;\" src=\"https:\/\/ar.ivoox.com\/es\/player_ej_60557031_4_1.html?c1=0094ff\" height=\"200\" frameborder=\"0\" scrolling=\"no\" allowfullscreen=\"allowfullscreen\"><\/iframe><\/p><p>En el <strong>programa N\u00b054<\/strong>, entrevistaron a <strong>Leticia Ceriani<\/strong> subsecretaria de Gesti\u00f3n de la Informaci\u00f3n, educaci\u00f3n permanente, y fiscalizaci\u00f3n del Ministerio de Salud de Provincia, Adem\u00e1s,\u00a0<strong>Pilar Rodr\u00edguez Far\u00edas<\/strong>, estudiante de Periodismo de #SocialesUNLZ, realiz\u00f3 su columna sobre Innovaci\u00f3n Tecnol\u00f3gica, las noticias internacionales de la mano de <strong>Francisco Lavolpe<\/strong> y <strong>Federico Guerra<\/strong>, periodista e historiador, nos brind\u00f3 detalles sobre el D\u00eda Nacional del Donante Voluntario de Sangre.<\/p><p><iframe id=\"audio_60342782\" style=\"border: 1px solid #EEE; box-sizing: border-box; width: 100%;\" src=\"https:\/\/ar.ivoox.com\/es\/player_ej_60342782_4_1.html?c1=0094ff\" height=\"200\" frameborder=\"0\" scrolling=\"no\" allowfullscreen=\"allowfullscreen\"><\/iframe><\/p><p>En el <strong>programa N\u00b053<\/strong>, entrevistaron a <strong>Gabriela Torrents<\/strong>, investigadora de Proyecto Habitar. Adem\u00e1s, Podcaste vinos y m\u00fasica de la Argentina, recorrido por el norte del pa\u00eds, en una sinfon\u00eda de vi\u00f1edos y<strong> Federico Guerra<\/strong> present\u00f3 su #ebook sobre el club de Temperley llamado \u00abMa\u00f1ana es tarde\u00bb.<\/p><p><iframe id=\"audio_59540145\" style=\"border: 1px solid #EEE; box-sizing: border-box; width: 100%;\" src=\"https:\/\/ar.ivoox.com\/es\/player_ej_59540145_4_1.html?c1=0094ff\" height=\"200\" frameborder=\"0\" scrolling=\"no\" allowfullscreen=\"allowfullscreen\"><\/iframe><\/p><p>En el <strong>programa N\u00b052<\/strong>, entrevistaron a <strong>Pedro Peretti<\/strong>, ex director titular de la Federaci\u00f3n Agraria Argentina, quien se refiri\u00f3 al funcionamiento del campo en nuestro pa\u00eds.<br \/>Adem\u00e1s, <strong>Loana Tejero<\/strong> realiz\u00f3 su columna sobre el D\u00eda Nacional por el Derecho a la Identidad,<strong> Rub\u00e9n Telechea<\/strong> dio detalles sobre la situaci\u00f3n econ\u00f3mica del pa\u00eds y<strong> Felipe Inostroza<\/strong> cont\u00f3 lo que se vivi\u00f3 en Chile el domingo.<\/p><p><iframe id=\"audio_58566922\" style=\"border: 1px solid #EEE; box-sizing: border-box; width: 100%;\" src=\"https:\/\/ar.ivoox.com\/es\/player_ej_58566922_4_1.html?c1=0094ff\" height=\"200\" frameborder=\"0\" scrolling=\"no\" allowfullscreen=\"allowfullscreen\"><\/iframe><\/p><p>En el <strong>programa N\u00b051<\/strong>, el Senador Provincial <strong>Omar Plaini<\/strong>, dio detalles sobre c\u00f3mo fue la caravana del 17 de octubre por el Dia de la Lealtad. Adem\u00e1s, entrevista a <strong>Pablo Javier Zurro<\/strong>, intendente de Pehuaj\u00f3, <strong>Francisco Lavolpe<\/strong>, especialista en pol\u00edtica internacional, analiz\u00f3 los resultados de las elecciones en Bolivia que dieron como ganador al candidato del MAS, Luis Arce y<strong> Felipe Inostroza<\/strong>, periodista chileno, explic\u00f3 los \u00faltimos hechos que sucedieron en Chile con las nuevas protestas.<\/p><p><iframe id=\"audio_58222377\" style=\"border: 1px solid #EEE; box-sizing: border-box; width: 100%;\" src=\"https:\/\/ar.ivoox.com\/es\/player_ej_58222377_4_1.html?c1=0094ff\" height=\"200\" frameborder=\"0\" scrolling=\"no\" allowfullscreen=\"allowfullscreen\"><\/iframe><\/p><p>En el <strong>programa N\u00b050<\/strong>, entrevistaron a <strong>Nicol\u00e1s Kreplak<\/strong>, viceministro de Salud de la Provincia de Buenos Aires, quien se refiri\u00f3 a la situaci\u00f3n sanitaria que vive la Provincia y la vuelta a clases presenciales en algunos municipios.<br \/>Adem\u00e1s, <strong>Camila Reppin<\/strong>, estudiante de periodismo de Sociales UNLZ, realiz\u00f3 su columna sobre Medio Ambiente,<strong> C\u00e9sar Croccita<\/strong>, economista y miembro del Consejo Productivo Nacional, cont\u00f3 lo que viven las PyMEs en esta Pandemia, <strong>Nahuel Villar<\/strong> dio detalles sobre las novedades deportivas y<strong> Francisco Lavolpe<\/strong>, director del Instituto de Estudios Internacionales de la UNLZ, nos explic\u00f3 las principales noticias internacionales.<\/p><p><iframe id=\"audio_57878801\" style=\"border: 1px solid #EEE; box-sizing: border-box; width: 100%;\" src=\"https:\/\/ar.ivoox.com\/es\/player_ej_57878801_4_1.html?c1=0094ff\" height=\"200\" frameborder=\"0\" scrolling=\"no\" allowfullscreen=\"allowfullscreen\"><\/iframe><\/p><p>En el <strong>programa N\u00b049<\/strong>, entrevistaron a <strong>Diego Molea<\/strong>, rector de la UNLZ y miembro del Consejo de la Magistratura, quien explic\u00f3 el \u00abper saltum\u00bb que aprob\u00f3 la Corte Suprema de Justicia por el traslado de los jueces federales Castelli, Bruglia y Bertuzzi. Adem\u00e1s, <strong>Francisco Gonz\u00e1lez T\u00e1boas<\/strong>, naturalista, observador de aves, y vocal del directorio de Parques Nacionales por el Ministerio de Turismo de la Naci\u00f3n, dio detalles sobre el proyecto de \u00abPaisajes Sonoros\u00bb, la diputada Nacional de C\u00f3rdoba por el Frente de Todos, <strong>Gabriela Est\u00e9vez<\/strong> se refiri\u00f3 a los incendios forestales en su provincia, y <strong>Felipe Inostroza<\/strong>, periodista chileno, habl\u00f3 sobre la Violencia institucional en Chile luego del video que se hizo viral en donde un joven fue empujado desde un puente por un polic\u00eda.<\/p><p><iframe id=\"audio_57565540\" style=\"border: 1px solid #EEE; box-sizing: border-box; width: 100%;\" src=\"https:\/\/ar.ivoox.com\/es\/player_ej_57565540_4_1.html?c1=0094ff\" height=\"200\" frameborder=\"0\" scrolling=\"no\" allowfullscreen=\"allowfullscreen\"><\/iframe><\/p><p>En el <strong>programa N\u00b048<\/strong>, entrevista a <strong>Milagro Sala<\/strong>, l\u00edder de la organizaci\u00f3n T\u00fapac Amaru, quien se encuentra con prisi\u00f3n domiciliaria. Adem\u00e1s, <strong>Ra\u00fal Barboza<\/strong>, secretario General de la delegaci\u00f3n de Lomas de Zamora del SADOP, quien explic\u00f3 la situaci\u00f3n de establecimientos educativos privados en la regi\u00f3n y <strong>Mart\u00edn Sabio<\/strong>, director del documental \u00abPasco. Avanzar m\u00e1s all\u00e1 de la muerte\u00bb.<br \/><iframe id=\"audio_57234115\" style=\"border: 1px solid #EEE; box-sizing: border-box; width: 100%;\" src=\"https:\/\/ar.ivoox.com\/es\/player_ej_57234115_4_1.html?c1=0094ff\" height=\"200\" frameborder=\"0\" scrolling=\"no\" allowfullscreen=\"allowfullscreen\"><\/iframe><br \/>En el <strong>programa N\u00b047<\/strong>, entrevistaron al <strong>Dr. Jorge Rachid<\/strong>, integrante del equipo de sanitaristas que asesora al gobierno de la Provincia de Buenos Aires. Adem\u00e1s, <strong>Cecilia Wilhelm<\/strong>, economista del Centro de Estudios Econ\u00f3micos y Sociales Scalabrini Ortiz y t\u00e9cnica en el Ministerio de Desarrollo de la Naci\u00f3n, explic\u00f3 las medidas cambiarias tomadas por el gobierno, y <strong>Francisco Lavolpe<\/strong> realiz\u00f3 su columna de Politica Internacional.<\/p><p><iframe id=\"audio_56898516\" style=\"border: 1px solid #EEE; box-sizing: border-box; width: 100%;\" src=\"https:\/\/ar.ivoox.com\/es\/player_ej_56898516_4_1.html?c1=0094ff\" height=\"200\" frameborder=\"0\" scrolling=\"no\" allowfullscreen=\"allowfullscreen\"><\/iframe><\/p><p>En el <strong>programa N\u00b046<\/strong>, entrevistaron a <strong>Mario Secco<\/strong>, intendente de Ensenada, quien se refiri\u00f3 a las protestas realizadas la semana pasada por la Polic\u00eda Bonaerense. Adem\u00e1s, <strong>Rub\u00e9n Telechea<\/strong>, docente de Econom\u00eda de Sociales UNLZ, explic\u00f3 la Coparticipaci\u00f3n Federal y la transferencia de recursos de la Ciudad a la Provincia de Buenos Aires, y <strong>Silvina Batakis<\/strong>, secretaria de Provincias del Ministerio del Interior, dio detalles sobre el Fondo de Fortalecimiento Financiero Fiscal para la Provincia que anunci\u00f3 Alberto Fern\u00e1ndez.<\/p><p><iframe id=\"audio_56571833\" style=\"border: 1px solid #EEE; box-sizing: border-box; width: 100%;\" src=\"https:\/\/ar.ivoox.com\/es\/player_ej_56571833_4_1.html?c1=0094ff\" height=\"200\" frameborder=\"0\" scrolling=\"no\" allowfullscreen=\"allowfullscreen\"><\/iframe><\/p><p>En el <strong>programa N\u00b045<\/strong>, la Dra. <strong>Rosa Reina<\/strong>, presidenta de la Sociedad Argentina de Terapia Intensiva (SATI), se refiri\u00f3 a la situaci\u00f3n del sistema de salud ante la #Pandemia. Adem\u00e1s, <strong>Oscar Amaya<\/strong>, director del Servicio de Atenci\u00f3n y Orientaci\u00f3n Psicopedag\u00f3gica (SAOP) de #SocialesUNLZ, analiz\u00f3 las pr\u00e1cticas de ense\u00f1anza en momentos de Pandemia y <strong>Federico Oterm\u00edn<\/strong>, presidente de la C\u00e1mara de Diputados de la Provincia de Buenos Aires, dio detalles sobre el plan \u00abProvincia en Marcha# que anunci\u00f3 Axel Kicillof para reactivar la econom\u00eda en la pospandemia.<\/p><p><iframe id=\"audio_56311595\" style=\"border: 1px solid #EEE; box-sizing: border-box; width: 100%;\" src=\"https:\/\/ar.ivoox.com\/es\/player_ej_56311595_4_1.html?c1=0094ff\" height=\"200\" frameborder=\"0\" scrolling=\"no\" allowfullscreen=\"allowfullscreen\"><\/iframe><\/p><p>En el <strong>programa N\u00b044<\/strong>, entrevistaron al Ministro de Ciencia, Tecnolog\u00eda e Innovaci\u00f3n de la Naci\u00f3n,<strong> Roberto Salvarezza<\/strong> quien se refiri\u00f3 al lanzamiento del Sat\u00e9lite Saocom 1B. Adem\u00e1s, <strong>Gustavo L\u00f3pez<\/strong>, vicepresidente de Enacom, dio detalles sobre lo que significa la declaraci\u00f3n de servicio p\u00fablico esencial a la telefon\u00eda m\u00f3vil, Internet y la TV paga y <strong>Gustavo Na\u00f3n<\/strong>, decano de Sociales UNLZ, cont\u00f3 sobre el acompa\u00f1amiento de la Red-Com a este DNU.<\/p><p><iframe id=\"audio_55965496\" style=\"border: 1px solid #EEE; box-sizing: border-box; width: 100%;\" src=\"https:\/\/ar.ivoox.com\/es\/player_ej_55965496_4_1.html?c1=0094ff\" height=\"200\" frameborder=\"0\" scrolling=\"no\" allowfullscreen=\"allowfullscreen\"><\/iframe><\/p><p>En el <strong>programa N\u00b043<\/strong>, entrevistaron al Ministro de Defensa de la Naci\u00f3n <strong>Agust\u00edn Rossi<\/strong> quien se refiri\u00f3 a la actualidad pol\u00edtica del pa\u00eds: La Reforma Judicial, la declaraci\u00f3n como servicio p\u00fablico de la telefon\u00eda celular, internet y la televisi\u00f3n paga, y la Pandemia. Adem\u00e1s, la locutora<strong> Mar\u00eda Eugenia Karall<\/strong> se expres\u00f3 sobre el Centenario de la Radio y realiz\u00f3 un recorrido por su carrera.<\/p><p><iframe id=\"audio_55674050\" style=\"border: 1px solid #EEE; box-sizing: border-box; width: 100%;\" src=\"https:\/\/ar.ivoox.com\/es\/player_ej_55674050_4_1.html?c1=0094ff\" height=\"200\" frameborder=\"0\" scrolling=\"no\" allowfullscreen=\"allowfullscreen\"><\/iframe><\/p><p>En el <strong>programa N\u00b042<\/strong>, el periodista <strong>Matias Colombatti<\/strong> dio detalles sobre el caso de Facundo Castro y el periodista <strong>Pablo Ladaga<\/strong> se refiri\u00f3 al Centenario de la #Radio y cuenta los inicios de su carrera.<br \/>Adem\u00e1s, entrevista a <strong>Luciano Scatolini<\/strong>, subsecretario de Pol\u00edtica de Suelo y Urbanismo, quien explic\u00f3 al relanzamiento de Procrear para mejora y refacci\u00f3n de viviendas.<br \/><iframe id=\"audio_55431443\" style=\"border: 1px solid #EEE; box-sizing: border-box; width: 100%;\" src=\"https:\/\/ar.ivoox.com\/es\/player_ej_55431443_4_1.html?c1=0094ff\" height=\"200\" frameborder=\"0\" scrolling=\"no\" allowfullscreen=\"allowfullscreen\"><\/iframe><br \/>En el <strong>programaN\u00ba41<\/strong>, entrevistaron a <strong>Miguel Briscas<\/strong>, titular de ADIULZA, y <strong>Sergio Oyhamburu<\/strong>, secretario General de la CGT de Lomas de Zamora, quienes se refirieron a la situaci\u00f3n de los trabajadores debido a la Pandemia por Covid19.<br \/>Adem\u00e1s, <strong>Francisco Lavolpe<\/strong>, director del Instituto de Estudios Internacionales de la UNLZ, dio detalles sobre la explosi\u00f3n en Beirut.<\/p><p><iframe id=\"audio_55088261\" style=\"border: 1px solid #EEE; box-sizing: border-box; width: 100%;\" src=\"https:\/\/ar.ivoox.com\/es\/player_ej_55088261_4_1.html?c1=0094ff\" height=\"200\" frameborder=\"0\" scrolling=\"no\" allowfullscreen=\"allowfullscreen\"><\/iframe><\/p><p>En el <strong>programa N\u00ba40<\/strong>, <strong>Linus Spatz<\/strong>, bi\u00f3logo director de Inmunova, explic\u00f3 al avance argentino contra el Coronavirus que aprob\u00f3 la ANMAT: Un tratamiento realizado con suero de caballo. Adem\u00e1s,\u00a0<strong>Mar\u00eda Teresa Garc\u00eda<\/strong>, ministra de Gobierno de la Provincia de Buenos Aires, cont\u00f3 c\u00f3mo trabajan respecto a la Pandemia por Covid19,\u00a0<strong>Gervasio Bozzano<\/strong>, presidente del bloque de senadores del Frente De Todos en la Provincia de Buenos Aires,\u00a0 dio detalles sobre la actualidad pol\u00edtica y econ\u00f3mica, y <strong>Romina Calderaro<\/strong>, periodista y escritora, se refiri\u00f3 al Centenario de la Radio que se celebrar\u00e1 el 27 de agosto.<\/p><p><iframe id=\"audio_54785152\" style=\"border: 1px solid #EEE; box-sizing: border-box; width: 100%;\" src=\"https:\/\/ar.ivoox.com\/es\/player_ej_54785152_4_1.html?c1=0094ff\" height=\"200\" frameborder=\"0\" scrolling=\"no\" allowfullscreen=\"allowfullscreen\"><\/iframe><\/p><p>En el <strong>programa N\u00ba39<\/strong>, el <strong>Dr. Tom\u00e1s Orduna<\/strong>, m\u00e9dico infect\u00f3logo y asesor del presidente Alberto Fern\u00e1ndez, explic\u00f3 la situaci\u00f3n en la que se encuentra el pa\u00eds debido a la Pandemia por Covid 19, y<strong> Diego Molea<\/strong>, rector de la UNLZ e integrante del Consejo de la Magistratura, se refiri\u00f3 a la reforma judicial que proyecta el gobierno nacional.<\/p><p><iframe id=\"audio_54505252\" style=\"border: 1px solid #EEE; box-sizing: border-box; width: 100%;\" src=\"https:\/\/ar.ivoox.com\/es\/player_ej_54505252_4_1.html?c1=0094ff\" height=\"200\" frameborder=\"0\" scrolling=\"no\" allowfullscreen=\"allowfullscreen\"><\/iframe><\/p><p>En el <strong>programa N\u00ba38<\/strong>, <strong>Sergio Pianciola<\/strong>, secretario de Educaci\u00f3n, Ciencia y Tecnolog\u00eda de Almirante Brown, se refiri\u00f3 al IV Congreso de Educaci\u00f3n que se realiza en el distrito de forma virtual bajo el eje \u00abReflexiones pedag\u00f3gicas necesarias: Hacer Escuela\u00bb, <strong>Miguel Fern\u00e1ndez Pastor<\/strong>, abogado Especialista en Seguridad Social, explic\u00f3 la situaci\u00f3n del Fondo de Garant\u00eda de Sustentabilidad en el contexto de Pandemia: \u00abLas cosas que est\u00e1n pasando complicaron las finanzas\u00bb, y <strong>Mariano Godoy<\/strong>, director de la Orquesta Escuela de Bandoneones (OEB), dio detalles de la interpretaci\u00f3n virtual de \u00abRomance de Barrio\u00bb, de An\u00edbal Troilo, que realizaron sus alumnos por motivo del \u00abD\u00eda del Bandone\u00f3n\u00bb.<\/p><p><iframe id=\"audio_53920320\" style=\"border: 1px solid #EEE; box-sizing: border-box; width: 100%;\" src=\"https:\/\/ar.ivoox.com\/es\/player_ej_53920320_4_1.html?c1=0094ff\" height=\"200\" frameborder=\"0\" scrolling=\"no\" allowfullscreen=\"allowfullscreen\"><\/iframe><\/p><p>En el <strong>programa N\u00ba37<\/strong>, <strong>Nora Etchenique<\/strong>, directora del Instituto de Hemoterapia de la Provincia de Buenos Aires, explic\u00f3 el tratamiento que realizan con plasma de pacientes recuperados de Covid-19. Adem\u00e1s, <strong>Mart\u00edn Rodr\u00edguez<\/strong>, periodista, dio detalles sobre las principales novedades pol\u00edticas del pa\u00eds y<strong> Cecilia Wilhelm<\/strong>, asesora t\u00e9cnica en el Ministerio de Desarrollo Productivo, analiz\u00f3 la situaci\u00f3n econ\u00f3mica actual.<\/p><p><iframe id=\"audio_53440624\" style=\"border: 1px solid #EEE; box-sizing: border-box; width: 100%;\" src=\"https:\/\/ar.ivoox.com\/es\/player_ej_53440624_4_1.html?c1=0094ff\" height=\"200\" frameborder=\"0\" scrolling=\"no\" allowfullscreen=\"allowfullscreen\"><\/iframe><\/p><p>En el <strong>programa N\u00ba36<\/strong>, <strong>Carlos Del Frade<\/strong>, diputado provincial por el Frente Social y Popular en la Provincia de Santa Fe, dio detalles del conflicto de la empresa Vicentin. Adem\u00e1s, entrevistaron a la abogada <strong>Graciana Pe\u00f1afort<\/strong> quien se refiri\u00f3 a las \u00faltimas novedades de la causa sobre el Memor\u00e1ndum de entendimiento con la Rep\u00fablica de Ir\u00e1n que involucraba a la expresidenta Cristina Fern\u00e1ndez de Kirchner y al ex canciller H\u00e9ctor Timerman, de quien actu\u00f3 como defensora. Por \u00faltimo, <strong>Oscar Amaya<\/strong>, director del SAOP, explic\u00f3 la educaci\u00f3n en tiempos pand\u00e9micos y <strong>Felipe Inostroza<\/strong>, periodista chileno, nos cont\u00f3 la situaci\u00f3n de #Chile ante la Pandemia por Covid-19.<\/p><p><iframe id=\"audio_53027998\" style=\"border: 1px solid #EEE; box-sizing: border-box; width: 100%;\" src=\"https:\/\/ar.ivoox.com\/es\/player_ej_53027998_4_1.html?c1=0094ff\" height=\"200\" frameborder=\"0\" scrolling=\"no\" allowfullscreen=\"allowfullscreen\"><\/iframe><\/p><p>En el <strong>programa N\u00ba35<\/strong>, entrevistaron a <strong>Anibal Fern\u00e1ndez<\/strong>, quien se refiri\u00f3 a su trabajo como interventor en YCRT, la situaci\u00f3n del pa\u00eds ante la Pandemia, el conflicto de Vicentin y las causas por Espionaje Ilegal.<br \/>Adem\u00e1s, <strong>Francisco Dura\u00f1ona<\/strong>, senador provincial del Frente de Todos, dio detalles de los dos proyectos de ley que present\u00f3 para mejorar el h\u00e1bitat rural.<\/p><p><iframe id=\"audio_52387491\" style=\"border: 1px solid #EEE; box-sizing: border-box; width: 100%;\" src=\"https:\/\/ar.ivoox.com\/es\/player_ej_52387491_4_1.html?c1=0094ff\" height=\"200\" frameborder=\"0\" scrolling=\"no\" allowfullscreen=\"allowfullscreen\"><\/iframe><\/p><p>En <strong>programa N\u00ba34<\/strong> de la temporada dos, <strong>Rub\u00e9n Telechea,<\/strong> docente y titular de la c\u00e1tedra de Econom\u00eda General de la Facultad de Ciencias Sociales de la UNLZ, explic\u00f3 el conflicto en la empresa Vicent\u00edn y las medidas tomadas. Adem\u00e1s,\u00a0<strong>Marina Lesci<\/strong>, presidenta del Concejo Deliberante de Lomas De Zamora,\u00a0 se refiri\u00f3 a su rol en la pol\u00edtica y los efectos de la pandemia en el municipio, <strong>Roc\u00edo Galv\u00e1n<\/strong> dio detalles de los avances tecnol\u00f3gicos para dar batalla al Covid-19 y <strong>Julio Fornelli<\/strong>, profesor de la c\u00e1tedra de Historia Social General de la Facultad, explic\u00f3 las Efem\u00e9rides durante las primeras semanas de Junio.<\/p><p><iframe id=\"audio_52137965\" style=\"border: 1px solid #EEE; box-sizing: border-box; width: 100%;\" src=\"https:\/\/ar.ivoox.com\/es\/player_ej_52137965_4_1.html?c1=0094ff\" height=\"200\" frameborder=\"0\" scrolling=\"no\" allowfullscreen=\"allowfullscreen\"><\/iframe><\/p><p>En el <strong>programa N\u00ba33<\/strong>, <strong>Conrado Castaldi<\/strong>, periodista de LRA 57 Radio Nacional El Bols\u00f3n, cont\u00f3 la situaci\u00f3n ante la Pandemia en la provincia de RioNegro y <strong>Miriam Mariotto<\/strong>, integrante del equipo, entrevist\u00f3 a <strong>B\u00e1rbara Garcia<\/strong>. Su madre fue secuestrada y asesinada durante la Dictadura Militar de 1976 y ahora, luego de reconocer al exmilitar Mart\u00edn S\u00e1nchez Zinny, fue denunciada por falso testimonio.<br \/>Adem\u00e1s,<strong> Luc\u00eda Chemes<\/strong>, investigadora del CONICET, se refiere a los avances que hicieron junto al equipo en el desarrollo de una vacuna contra el Coronavirus.<\/p><p><iframe id=\"audio_51911436\" style=\"border: 1px solid #EEE; box-sizing: border-box; width: 100%;\" src=\"https:\/\/ar.ivoox.com\/es\/player_ej_51911436_4_1.html?c1=0094ff\" height=\"200\" frameborder=\"0\" scrolling=\"no\" allowfullscreen=\"allowfullscreen\"><\/iframe><\/p><p>En el <strong>programaN\u00ba32<\/strong> dela temporada dos, <strong>Mariano Cascallares<\/strong>, intendente de Almirante Brown, se refiri\u00f3 a la situaci\u00f3n del municipio ante la Pandemia. Adem\u00e1s, <strong>Francisco Lavolpe<\/strong>, director del Instituto de Relaciones Internacionales de la UNLZ, dio detalles del impacto del Coronavirus en el mundo.<\/p><p><iframe id=\"audio_51695506\" style=\"border: 1px solid #EEE; box-sizing: border-box; width: 100%;\" src=\"https:\/\/ar.ivoox.com\/es\/player_ej_51695506_4_1.html?c1=0094ff\" height=\"200\" frameborder=\"0\" scrolling=\"no\" allowfullscreen=\"allowfullscreen\"><\/iframe><\/p><p>En el<strong> programa N\u00b031<\/strong>, <strong>Rub\u00e9n Telechea<\/strong>, titular de la c\u00e1tedra de Econom\u00eda de Sociales, analiz\u00f3 las primeras palabras del ministro Mart\u00edn Guzm\u00e1n, <strong>Juan Vega<\/strong> convers\u00f3 junto a <strong>Beto Solas<\/strong> sobre el discurso del nuevo gobernador de la provincia de Buenos Aires, Axel Kicillof, en su asunci\u00f3n, el periodista <strong>Federico Guerra<\/strong> nos relat\u00f3 el crimen de Irma Avegno, un policial que sucedi\u00f3 en Turdera a comienzos del Siglo XX, y <strong>Oscar Amaya<\/strong>, director del SAOP, tambi\u00e9n particip\u00f3 del cierre del ciclo con unas hermosas palabras de Hasta Luego.<\/p><p><iframe id=\"audio_45411591\" style=\"border: 1px solid #EEE; box-sizing: border-box; width: 100%;\" src=\"https:\/\/ar.ivoox.com\/es\/player_ej_45411591_4_1.html?c1=0094ff\" height=\"200\" frameborder=\"0\" scrolling=\"no\" allowfullscreen=\"allowfullscreen\"><\/iframe><\/p><p>En el <strong>programa N\u00ba30<\/strong>, <strong>Miriam Mariotto<\/strong>, en vivo desde el Congreso de la Naci\u00f3n, dio todos los detalles sobre c\u00f3mo se vivi\u00f3 el Cambio de Mando entre Alberto Fern\u00e1ndez y Mauricio Macri, <strong>Francisco Lavolpe<\/strong>, titular de la C\u00e1tedra de Relaciones Internacionales de Sociales, brind\u00f3 su an\u00e1lisis sobre el traspaso de mando y c\u00f3mo repercute en la regi\u00f3n, <strong>Juan Vega<\/strong> nos explic\u00f3 qu\u00e9 pasa con el traspaso de mando en la Provincia de Buenos Aires que ser\u00e1 ma\u00f1ana, y el cantante <strong>Bruno Arias<\/strong>, uno de los artistas de los festejos en Plaza de Mayo en el que estaba <strong>Emmanuel Olea<\/strong>, cronista del programa, convers\u00f3 sobre este d\u00eda.<\/p><p><iframe id=\"audio_45302591\" style=\"border: 1px solid #EEE; box-sizing: border-box; width: 100%;\" src=\"https:\/\/ar.ivoox.com\/es\/player_ej_45302591_4_1.html?c1=0094ff\" height=\"200\" frameborder=\"0\" scrolling=\"no\" allowfullscreen=\"allowfullscreen\"><\/iframe><\/p><p>En su <strong>programa N\u00ba29<\/strong>, <strong>Francisco Lavolpe<\/strong> cont\u00f3 todas las novedades sobre pol\u00edtica internacional, <strong>Irina Hauser<\/strong>, periodista especializada en temas judiciales, se refiri\u00f3 a su especializaci\u00f3n, y <strong>Rub\u00e9n Telechea<\/strong>, docente de Sociales, explic\u00f3 qu\u00e9 n\u00fameros deja esta gesti\u00f3n en la econom\u00eda argentina. Adem\u00e1s, <strong>Mar\u00eda S\u00e1nchez<\/strong> se refiri\u00f3 a la Asociaci\u00f3n Positivo de La Matanza, a la cual pertenece, que ayuda, acompa\u00f1a y brinda informaci\u00f3n a los pacientes con VIH quienes fueron intimadas a realizar un certificado m\u00e9dico digital sin el cual dejar\u00e1n de percibir medicamentos.<\/p><p><iframe id=\"audio_45145337\" style=\"border: 1px solid #EEE; box-sizing: border-box; width: 100%;\" src=\"https:\/\/ar.ivoox.com\/es\/player_ej_45145337_4_1.html?c1=0094ff\" height=\"200\" frameborder=\"0\" scrolling=\"no\" allowfullscreen=\"allowfullscreen\"><\/iframe><\/p><p>En el <strong>emisi\u00f3n\u00a0N\u00ba28<\/strong>, <strong>Pablo D\u00edaz<\/strong>, uno de los sobrevivientes de la represi\u00f3n de La Noche de los L\u00e1pices, se refiri\u00f3 a la previa al juicio del Pozo de Banfield que ser\u00e1 el 6 de diciembre. Adem\u00e1s, <strong>Jos\u00e9 di Bartolo<\/strong> dio detalles de la reuni\u00f3n de Autoridades de las Universidades p\u00fablicas de nuestro pa\u00eds para dialogar sobre los aportes que pueden realizar en la lucha contra el hambre, y <strong>Ariel Bargach<\/strong>, docente de Sociales y miembro del colectivo Banfield por los Derechos Humanos, brind\u00f3 informaci\u00f3n sobre el \u00a0acuerdo que ma\u00f1ana se firmar\u00e1 con Abuelas de Plaza de Mayo para sumarse a la campa\u00f1a a favor de la b\u00fasqueda de los nietos y nietas apropiados durante la \u00faltima dictadura c\u00edvico militar.<\/p><p><iframe id=\"audio_45048640\" style=\"border: 1px solid #EEE; box-sizing: border-box; width: 100%;\" src=\"https:\/\/ar.ivoox.com\/es\/player_ej_45048640_4_1.html?c1=0094ff\" height=\"200\" frameborder=\"0\" scrolling=\"no\" allowfullscreen=\"allowfullscreen\"><\/iframe><\/p><p>En el <strong>programa N\u00b027<\/strong>, el diputado Nacional<strong> Leopoldo Moreau<\/strong> se refiri\u00f3 a la situaci\u00f3n en la regi\u00f3n, <strong>Osvaldo Bassano<\/strong>, de la Asociaci\u00f3n de Defensa de los Derechos de Usuarios y Consumidores (ADDUC), se refiri\u00f3 a la Ley de G\u00f3ndolas, y <strong>Federico Guerra<\/strong>, periodista, para contar sobre Mar\u00eda Eugenia Alvarez la enfermera de Evita.<\/p><p><iframe id=\"audio_44883248\" style=\"border: 1px solid #EEE; box-sizing: border-box; width: 100%;\" src=\"https:\/\/ar.ivoox.com\/es\/player_ej_44883248_4_1.html?c1=0094ff\" height=\"200\" frameborder=\"0\" scrolling=\"no\" allowfullscreen=\"allowfullscreen\"><\/iframe><\/p><p>En su <strong>programa N\u00ba26<\/strong>, <strong>Francisco Lavolpe<\/strong>, director del Instituto de Relaciones Internacionales de la UNLZ, se refiri\u00f3 a las elecciones en Uruguay y a la situaci\u00f3n de Colombia, <strong>Miriam Mariotto<\/strong> dio detalles del viaje de Profesionales y miembros de organizaciones sociales argentinas a Bolivia para conversar con ciudadanos del Alto que sufrieron la feroz represi\u00f3n del Golpe de Estado encabezado por Jeanine \u00c1\u00f1ez, y <strong>Claudia Perugino<\/strong>, abogada especialista en g\u00e9nero, se refiri\u00f3 al D\u00eda Internacional de la Eliminaci\u00f3n de la Violencia de G\u00e9nero. Adem\u00e1s<strong> Nahuel Villar<\/strong> realiz\u00f3 su columna de deportes.<\/p><p><iframe id=\"audio_44782654\" style=\"border: 1px solid #EEE; box-sizing: border-box; width: 100%;\" src=\"https:\/\/ar.ivoox.com\/es\/player_ej_44782654_4_1.html?c1=0094ff\" height=\"200\" frameborder=\"0\" scrolling=\"no\" allowfullscreen=\"allowfullscreen\"><\/iframe><\/p><p>En su <strong>emisi\u00f3n N\u00ba 25<\/strong>, participaron<strong> Francisco Lavolpe<\/strong>, director del Instituto de Relaciones Internacionales de la UNLZ, quien se refiri\u00f3 al golpe de Estado en Bolivia,<strong> Emmanuel Olea<\/strong>, periodista y columnista del programa, quien dio detalles del paro que realizan los trabajadores de Subtes por la presencia de asbesto, y<strong> Oscar Amaya<\/strong>, director del SAOP, quien habl\u00f3 de los 70 a\u00f1os de la Gratuidad Universitaria.<\/p><p><iframe id=\"audio_44600283\" style=\"border: 1px solid #EEE; box-sizing: border-box; width: 100%;\" src=\"https:\/\/ar.ivoox.com\/es\/player_ej_44600283_4_1.html?c1=0094ff\" height=\"200\" frameborder=\"0\" scrolling=\"no\" allowfullscreen=\"allowfullscreen\"><\/iframe><\/p><p>En el <strong>programa N\u00b024<\/strong>, dedicado al colega Sebasti\u00e1n Moro, periodista que falleci\u00f3 como consecuencia de un ACV en la ciudad de Bolivia, participaron <strong>Stella Calloni<\/strong>, historiadora y periodista especializada en pol\u00edtica internacional, y <strong>Felipe Inostroza<\/strong>, periodista chileno.<br \/>Adem\u00e1s, el docente de Historia Social de Sociales, <strong>Sergio Gamboa<\/strong>, hizo un repaso sobre lo que signific\u00f3 la Batalla de la Vuelta de Obligado en un nuevo aniversario, y <strong>Rocio Galv\u00e1n<\/strong>, periodista especializada en Pymes y producci\u00f3n, analiz\u00f3 el futuro del sector luego de la asunci\u00f3n del nuevo gobierno.<\/p><p><iframe id=\"audio_44503327\" style=\"border: 1px solid #EEE; box-sizing: border-box; width: 100%;\" src=\"https:\/\/ar.ivoox.com\/es\/player_ej_44503327_4_1.html?c1=0094ff\" height=\"200\" frameborder=\"0\" scrolling=\"no\" allowfullscreen=\"allowfullscreen\"><\/iframe><\/p><p>En el <strong>programa N\u00ba23<\/strong>, <strong>Demetrio Boy\u00e1n<\/strong>, especialista en RRII y miembro de Generaci\u00f3n Evo Argentino, se refiri\u00f3 a la situaci\u00f3n en Bolivia, y <strong>Felipe Inostroza<\/strong> cont\u00f3 detalles sobre los \u00faltimos hechos ocurridos en Chile. Por \u00faltimo, <strong>Pablo Romano<\/strong>, coordinador del \u00c1rea de Medios, se refiri\u00f3 al trabajo que realizaron en el documental: \u201cGratuidad Universitaria. 70 a\u00f1os de una pol\u00edtica de estado\u201d, que se presentar\u00e1 ma\u00f1ana a las 18 en la Facultad de Ciencias Sociales.<\/p><p><iframe id=\"audio_44338242\" style=\"border: 1px solid #EEE; box-sizing: border-box; width: 100%;\" src=\"https:\/\/ar.ivoox.com\/es\/player_ej_44338242_4_1.html?c1=0094ff\" height=\"200\" frameborder=\"0\" scrolling=\"no\" allowfullscreen=\"allowfullscreen\"><\/iframe><\/p><p>En el<strong> programa N\u00ba22<\/strong>, <strong>Francisco Lavolpe<\/strong>, director del Instituto de Relaciones Internacionales de la UNLZ, contextualiz\u00f3 lo que est\u00e1 sucediendo en Bolivia. Adem\u00e1s, <strong>Gloria Beretervide<\/strong>, periodista especializada en documentales para TV, y luego <strong>Sergio Wisch\u00f1evsky<\/strong>, historiador, periodista y docente de la UBA, dieron su an\u00e1lisis sobre el conflicto.<\/p><p><iframe id=\"audio_44225353\" style=\"border: 1px solid #EEE; box-sizing: border-box; width: 100%;\" src=\"https:\/\/ar.ivoox.com\/es\/player_ej_44225353_4_1.html?c1=0094ff\" height=\"200\" frameborder=\"0\" scrolling=\"no\" allowfullscreen=\"allowfullscreen\"><\/iframe><\/p><p>En su <strong>emisi\u00f3n N\u00b021<\/strong>, <strong>Sebasti\u00e1n Moro<\/strong>, periodista de P\u00e1gina 12 en Bolivia, relat\u00f3 qu\u00e9 sucedi\u00f3 y c\u00f3mo vivi\u00f3 la movilizaci\u00f3n de mujeres bolivianas, el abogado <strong>Maximiliano Rusconi<\/strong> analiz\u00f3 el pedido de explicaciones del Relator para la Independencia de los Magistrados y Abogados de la ONU, Diego Garc\u00eda Say\u00e1n, al gobierno de Mauricio Macri, y <strong>Jos\u00e9 Di Bartolo<\/strong>, periodista y columnista, dio a conocer testimonios sobre la denuncia para pedir la impugnaci\u00f3n de las elecciones en Maip\u00fa que realiz\u00f3 el candidato a intendente por el Frente de Todos, Facundo Coudannes.<br \/>Adem\u00e1s,<strong> Nahuel Villar<\/strong> realiz\u00f3 su columna deportiva.<\/p><p><iframe id=\"audio_44047480\" style=\"border: 1px solid #EEE; box-sizing: border-box; width: 100%;\" src=\"https:\/\/ar.ivoox.com\/es\/player_ej_44047480_4_1.html?c1=0094ff\" height=\"200\" frameborder=\"0\" scrolling=\"no\" allowfullscreen=\"allowfullscreen\"><\/iframe><\/p><p>En el <strong>programa N\u00ba20<\/strong>, <strong>Gustavo Na\u00f3n<\/strong>, decano de la Facultad de Ciencias Sociales, visit\u00f3 el \u00c1rea de Medios para charlar sobre la Segunda Jornada de Comunicaci\u00f3n Estrat\u00e9gica que se realizar\u00e1 en la facultad el viernes. Adem\u00e1s, la periodista <strong>Mar\u00eda Daniela Yaccar<\/strong>, cont\u00f3 su experiencia en Chile, <strong>Francisco Lavolpe<\/strong>, director del Instituto de Relaciones Internacionales de la UNLZ, se refiri\u00f3 a las noticias m\u00e1s importantes del mundo, y<strong> Miriam Mariotto<\/strong> dio detalles de la transici\u00f3n presidencial entre el gobierno de Mauricio Macri y el de Alberto Fern\u00e1ndez.<\/p><p><iframe id=\"audio_43961473\" style=\"border: 1px solid #EEE; box-sizing: border-box; width: 100%;\" src=\"https:\/\/ar.ivoox.com\/es\/player_ej_43961473_4_1.html?c1=0094ff\" height=\"200\" frameborder=\"0\" scrolling=\"no\" allowfullscreen=\"allowfullscreen\"><\/iframe><\/p><p>En su p<strong>rograma N\u00ba 19<\/strong>, S<strong>antiago Alberto Carasatorre<\/strong>, 1\u00b0 Concejal de Lomas De Zamora, convers\u00f3 sobre lo que dejaron las Elecciones y la pol\u00edtica lomense, <strong>Miriam Mariotto<\/strong> nos cont\u00f3 sobre la reuni\u00f3n que tuvieron hoy Axel Kicillof y Mar\u00eda Eugenia Vidal, <strong>Rub\u00e9n Telechea<\/strong>, docente de la c\u00e1tedra de Econom\u00eda General de Sociales, visit\u00f3 el estudio del \u00c1rea de Medios y analiz\u00f3 la econom\u00eda del pa\u00eds, y <strong>Nahuel Villar<\/strong> realiz\u00f3 un repaso sobre el Mundial Sub-17.<\/p><p><iframe id=\"audio_43789200\" style=\"border: 1px solid #EEE; box-sizing: border-box; width: 100%;\" src=\"https:\/\/ar.ivoox.com\/es\/player_ej_43789200_4_1.html?c1=0094ff\" height=\"200\" frameborder=\"0\" scrolling=\"no\" allowfullscreen=\"allowfullscreen\"><\/iframe><\/p><p>En el <strong>programa N\u00ba18<\/strong>, abordaron, junto a especialistas, lo que dejaron las Elecciones 2019: <strong>Juan Vega<\/strong> dio detalles de lo que ser\u00e1 el recuento de votos definitivo que comenzar\u00e1 ma\u00f1ana en la ciudad de La Plata, el\u00a0 periodista <strong>Mario Wainfeld<\/strong> analiz\u00f3 c\u00f3mo quedar\u00e1 el mapa pol\u00edtico nacional, y la soci\u00f3loga, docente universitaria, investigadora del Conicet y ex diputada nacional <strong>Alcira Argumedo<\/strong>, se refiri\u00f3 al 40% de argentinos que votaron a Mauricio Macri<br \/>Adem\u00e1s, <strong>Francisco Lavolpe<\/strong>, director del Instituto de Relaciones Internacionales de la UNLZ\u202c, analiz\u00f3 las elecciones de Evo Morales en \u202aBolivia\u202c y la delicada situaci\u00f3n de \u202aChile\u202c.<\/p><p><iframe id=\"audio_43689194\" style=\"border: 1px solid #EEE; box-sizing: border-box; width: 100%;\" src=\"https:\/\/ar.ivoox.com\/es\/player_ej_43689194_4_1.html?c1=0094ff\" height=\"200\" frameborder=\"0\" scrolling=\"no\" allowfullscreen=\"allowfullscreen\"><\/iframe><\/p><p>En su <strong>emisi\u00f3n N\u00ba17<\/strong>,<strong> Mar\u00eda In\u00e9s Bussio<\/strong>, secretar\u00eda General del SADOP de la Provincia de Buenos Aires, se refiri\u00f3 al Proyecto de Ley Antidespidos.<br \/>Adem\u00e1s,\u00a0<strong>Oscar Amaya<\/strong>, <strong>Nahuel Villar<\/strong>, y <strong>Francisco Lavolpe<\/strong> realizaron sus columnas sobre sociedad, deportes, y noticias internacionales, respectivamente.<\/p><p><iframe id=\"audio_43510342\" style=\"border: 1px solid #EEE; box-sizing: border-box; width: 100%;\" src=\"https:\/\/ar.ivoox.com\/es\/player_ej_43510342_4_1.html?c1=0094ff\" height=\"200\" frameborder=\"0\" scrolling=\"no\" allowfullscreen=\"allowfullscreen\"><\/iframe><\/p><p>En su <strong>emisi\u00f3n N\u00ba16<\/strong>,<strong> Felipe Inostroza<\/strong>, periodista chileno, se refiri\u00f3 a la situaci\u00f3n que esta atravesando su pa\u00eds. Adem\u00e1s, participaron <strong>Miriam Mariotto<\/strong>, columnista del programa, quien analiz\u00f3 el debate presidencial, <strong>Claudia Ormachea<\/strong>, candidata a diputada nacional por el Frente de Todos, junto con <strong>Ezequiel Carissimo<\/strong>, dirigente del gremio de La Bancaria y candidato a concejal por el mismo partido, y<strong> Silvia Vilta<\/strong>, ex Directora de Educaci\u00f3n de Adultos de la provincia, quien cont\u00f3 sobre el encuentro de educaci\u00f3n que se realiz\u00f3 en Ensenada.<\/p><p><iframe id=\"audio_43394801\" style=\"border: 1px solid #EEE; box-sizing: border-box; width: 100%;\" src=\"https:\/\/ar.ivoox.com\/es\/player_ej_43394801_4_1.html?c1=0094ff\" height=\"200\" frameborder=\"0\" scrolling=\"no\" allowfullscreen=\"allowfullscreen\"><\/iframe><\/p><p>En el <strong>programa N\u00ba15<\/strong>, participaron <strong>Julio Fornelli<\/strong>, profesor de la c\u00e1tedra de Historia Social General de la Facultad de Ciencias Sociales,quien hizo un repaso sobre lo que sucedi\u00f3 el 17 de octubre de 1945 con motivo del D\u00eda de la Lealtad , <strong>Lorenzo Pepe<\/strong>, referente y dirigente hist\u00f3rico del Peronismo, y <strong>Agustina Pan<\/strong>, secretaria de extensi\u00f3n de Sociales, quien cont\u00f3 su experiencia en el Encuentro Nacional de Mujeres realizado en la ciudad de La Plata.<br \/>Adem\u00e1s, la periodista especializada en producci\u00f3n,<strong> Rocio Galvan<\/strong>, realiz\u00f3 su columna sobre pymes.<\/p><p><iframe id=\"audio_43231266\" style=\"border: 1px solid #EEE; box-sizing: border-box; width: 100%;\" src=\"https:\/\/ar.ivoox.com\/es\/player_ej_43231266_4_1.html?c1=0094ff\" height=\"200\" frameborder=\"0\" scrolling=\"no\" allowfullscreen=\"allowfullscreen\"><\/iframe><\/p><p>En su <strong>emisi\u00f3n N\u00ba14<\/strong>, <strong>Carlos Tomada,<\/strong> legislador de CABA y ex ministro de trabajo de la naci\u00f3n, se refiri\u00f3 a la conferencia \u201cAgenda urgente para una sociedad del trabajo\u201d, que brindar\u00e1 en la Facultad de Ciencias Sociales, y <strong>M\u00f3nica Ag\u00fcera,<\/strong> y <strong>Ana Mar\u00eda M\u00e9ndez<\/strong>, docentes en el barrio Santa Catalina II de Lomas de Zamora,\u00a0 conversaron sobre el Proyecto de Interculturalidad que llevaron adelante involucrando a alumnos, docentes, autoridades y familias de distintas nacionalidades que conviven en el barrio. Adem\u00e1s, <strong>Emmanuel Olea<\/strong> analiz\u00f3 el primer Debate Presidencial, y <strong>Francisco Lavolpe<\/strong>, cont\u00f3 los detalles del Encuentro de Redes del Programa de Ciencia y Tecnolog\u00eda para el Desarrollo que se realiz\u00f3 en M\u00e9xico.<\/p><p><iframe id=\"audio_43125182\" style=\"border: 1px solid #EEE; box-sizing: border-box; width: 100%;\" src=\"https:\/\/ar.ivoox.com\/es\/player_ej_43125182_4_1.html?c1=0094ff\" height=\"200\" frameborder=\"0\" scrolling=\"no\" allowfullscreen=\"allowfullscreen\"><\/iframe><\/p><p>En el <strong>programa N\u00ba13<\/strong>, participaron <strong>Juan Pablo Gellibert Ram\u00edrez<\/strong>, periodista ecuatoriano, quien cont\u00f3 la situaci\u00f3n en su pa\u00eds,\u00a0<strong>Nicol\u00e1s Macchi<\/strong>, presidente de la cooperativa de trabajadores metal\u00fargicos de Llavallol (CooTraMel), y <strong>Rub\u00e9n Telechea<\/strong>, docente y titular de la c\u00e1tedra de Econom\u00eda General de la Facultad de Ciencias Sociales, quien explic\u00f3\u00a0todo lo que pasa en la econom\u00eda nacional y qu\u00e9 se espera que suceda en los pr\u00f3ximos d\u00edas.<\/p><p><iframe id=\"audio_42962908\" style=\"border: 1px solid #EEE; box-sizing: border-box; width: 100%;\" src=\"https:\/\/ar.ivoox.com\/es\/player_ej_42962908_4_1.html?c1=0094ff\" height=\"200\" frameborder=\"0\" scrolling=\"no\" allowfullscreen=\"allowfullscreen\"><\/iframe><\/p><p>En su <strong>programa N\u00ba12<\/strong>, participaron<strong> Eduardo de la Serna<\/strong>, sacerdote y miembro del \u00abGrupo de Curas en Opci\u00f3n por los Pobres\u00bb, <strong>Sioux Manhattan Cavalcante<\/strong>, ingeniero forestal miembro de la Asociaci\u00f3n Forestal Peronista, y <strong>Celeste Mandrut<\/strong>, fot\u00f3grafa facilitadora de educaci\u00f3n digital de la direcci\u00f3n provincial de innovaci\u00f3n y tecnolog\u00eda educativa. Adem\u00e1s, <strong>Francisco Lavolpe<\/strong> realiz\u00f3 su columna con las noticias internacionales m\u00e1s importantes.<\/p><p><iframe id=\"audio_42859105\" style=\"border: 1px solid #EEE; box-sizing: border-box; width: 100%;\" src=\"https:\/\/ar.ivoox.com\/es\/player_ej_42859105_4_1.html?c1=0094ff\" height=\"200\" frameborder=\"0\" scrolling=\"no\" allowfullscreen=\"allowfullscreen\"><\/iframe><\/p><p>En su <strong>11\u00ba emisi\u00f3n<\/strong>,\u00a0 <strong>Federico Oterm\u00edn<\/strong>, diputado provincial del Frente de Todos y dirigente de Lomas de Zamora, visit\u00f3 el estudio del \u00c1rea de medios de la Facultad de Ciencias Sociales. Adem\u00e1s participaron <strong>Nahuel Villar<\/strong>, quien trajo todas las novedades del f\u00fatbol de la zona sur, y <strong>Oscar Amaya<\/strong>, director del Servicio de Atenci\u00f3n Y Orientaci\u00f3n Psicopedag\u00f3gica (SAOP).<br \/><iframe id=\"audio_42588227\" style=\"border: 1px solid #EEE; box-sizing: border-box; width: 100%;\" src=\"https:\/\/ar.ivoox.com\/es\/player_ej_42588227_4_1.html?c1=0094ff\" height=\"200\" frameborder=\"0\" scrolling=\"no\" allowfullscreen=\"allowfullscreen\"><\/iframe><\/p><p>En su <strong>programa n\u00famero 10<\/strong>, <strong>Aldana Ros<\/strong>, abogada especialista en derecho laboral, convers\u00f3 sobre el nuevo DNU, <strong>Emmanuel Olea<\/strong> estuvo en las 13\u00ba Jornadas Universitarias \u00abLa Radio del Nuevo Siglo\u00bb y cont\u00f3 todo lo que pas\u00f3, <strong>Roc\u00edo Galv\u00e1n<\/strong> hizo un recorrido por la econom\u00eda y producci\u00f3n local, <strong>Francisco Lavolpe<\/strong>, director del Instituto de Relaciones Internacionales de la UNLZ, dio detalles sobre los principales sucesos de la pol\u00edtica mundial, y <strong>Cristina Olid<\/strong> entrevist\u00f3 a <strong>Ana Avalos<\/strong>, docente de la escuela especial 504 de Lomas de Zamora.<iframe id=\"audio_42439118\" style=\"border: 1px solid #EEE; box-sizing: border-box; width: 100%;\" src=\"https:\/\/ar.ivoox.com\/es\/player_ej_42439118_4_1.html?c1=0094ff\" height=\"200\" frameborder=\"0\" scrolling=\"no\" allowfullscreen=\"allowfullscreen\"><\/iframe><\/p><p>En la <strong>novena emisi\u00f3n<\/strong> de Virtud del p\u00e1jaro, <strong>Luis Longhi<\/strong>, int\u00e9rprete de \u201cEnrique\u201d, dio detalles de la obra sobre la vida de Disc\u00e9polo, <strong>Cecilia Whilmeim<\/strong>, miembro del Centro de Estudios Econ\u00f3micos Scalabrini Ortiz,\u00a0 explic\u00f3 qu\u00e9 est\u00e1 sucediendo econ\u00f3micamente en nuestro pa\u00eds en base a la decisi\u00f3n que tom\u00f3 el FMI, y la historiadora <strong>Patricia Rodriguez<\/strong> convers\u00f3 sobre \u201cPasco, avanzar m\u00e1s all\u00e1 de la muerte\u201d, un documental realizado por los alumnos de la Escuela Secundaria 15 de Lomas. Por otro lado, <strong>Juan Vega<\/strong> hizo un\u00a0<span class=\"text_exposed_show\">recorrido sobre las noticias pol\u00edticas, sociales y econ\u00f3micas,\u00a0<\/span><strong>Miriam Mariotto<\/strong> realiz\u00f3 su columna de pol\u00edtica nacional, y <strong>Francisco Lavolpe<\/strong>, director del Instituto de Relaciones Internacionales de la UNLZ, dio el presente con todas las novedades de la pol\u00edtica mundial.<\/p><p><iframe id=\"audio_42097628\" style=\"border: 1px solid #EEE; box-sizing: border-box; width: 100%;\" src=\"https:\/\/ar.ivoox.com\/es\/player_ej_42097628_4_1.html?c1=0094ff\" height=\"200\" frameborder=\"0\" scrolling=\"no\" allowfullscreen=\"allowfullscreen\"><\/iframe><\/p><p>En su <strong>octavo programa, <\/strong>entrevistaron al \u00a0<strong>Dr. Miguel Fern\u00e1ndez Pastor<\/strong>, abogado especialista en previsi\u00f3n social, y a <strong>Jorge Paoloni<\/strong>, miembro de la Asociaci\u00f3n de Plantadores de Arroz, quien cont\u00f3 c\u00f3mo es la tarea que realizan en Entre Rios. Por otro lado,\u00a0<strong>Emmanuel Olea<\/strong> realiz\u00f3 su columna sobre el mundo laboral,\u00a0<strong>Cristina Olid<\/strong>\u00a0convers\u00f3 telef\u00f3nicamente con\u00a0<strong>Graciela Broggini<\/strong>, trabajadora social y orientadora escolar, y\u00a0<strong>Francisco Lavolpe<\/strong>, director del Instituto de Relaciones Internacionales de la UNLZ, cont\u00f3 las novedades sobre la Cumbre de las Naciones Unidas y la problem\u00e1tica ambiental.<\/p><p><iframe id=\"audio_41916935\" style=\"border: 1px solid #EEE; box-sizing: border-box; width: 100%;\" src=\"https:\/\/ar.ivoox.com\/es\/player_ej_41916935_4_1.html?c1=0094ff\" height=\"200\" frameborder=\"0\" scrolling=\"no\" allowfullscreen=\"allowfullscreen\"><\/iframe><\/p><p>En su <strong>s\u00e9ptima emisi\u00f3n<\/strong>, entrevistaron a <strong>Carolina Carbone<\/strong>, egresada de sociales, docente, y expositora en el X Congreso Internacional de Relaciones P\u00fablicas (ALACAURP), <strong>Miguel Briscas<\/strong>, secretario General de la Asociaci\u00f3n de Docentes e Investigadores de la UNLZ (ADIULZA), quien se refiri\u00f3 a la paritaria docente, y a <strong>Pedro Ponce<\/strong>, docente y referente gremial de Lomas de Zamora, quien convers\u00f3 sobre la situaci\u00f3n de sus colegas en Chubut. Tambi\u00e9n,\u00a0<strong>Oscar Amaya<\/strong>, director del Servicio de Atenci\u00f3n y Orientaci\u00f3n Psicopedag\u00f3gica (SAOP),\u00a0 y <strong>Juan Vega<\/strong>, miembro del programa, realizaron sus columnas.<\/p><p><iframe id=\"audio_41862718\" style=\"border: 1px solid #EEE; box-sizing: border-box; width: 100%;\" src=\"https:\/\/ar.ivoox.com\/es\/player_ej_41862718_4_1.html?c1=0094ff\" height=\"200\" frameborder=\"0\" scrolling=\"no\" allowfullscreen=\"allowfullscreen\"><\/iframe><\/p><p>En el <strong>sexto programa<\/strong>, el profesor de historia de la Facultad de Ciencias Sociales de la UNLZ, <strong>Sergio Gamboa<\/strong>, realiz\u00f3 un repaso sobre dos fechas que marcaron la historia argentina: La noche de los l\u00e1pices y el golpe de 1955. Adem\u00e1s, participaron <strong>Luz Canella Tsuji<\/strong>, secretaria de Investigaciones de Sociales, quien dio detalles del X Congreso Internacional de Relaciones P\u00fablicas (ALACAURP), y <strong>Francisco Lavolpe<\/strong>, director del Instituto de Relaciones Internacionales de la universidad, quien analiz\u00f3 en vivo la geopol\u00edtica mundial.<\/p><p><iframe id=\"audio_41580785\" style=\"border: 1px solid #EEE; box-sizing: border-box; width: 100%;\" src=\"https:\/\/ar.ivoox.com\/es\/player_ej_41580785_4_1.html?c1=0094ff\" height=\"200\" frameborder=\"0\" scrolling=\"no\" allowfullscreen=\"allowfullscreen\"><\/iframe><\/p><p>La <strong>quinta emisi\u00f3n<\/strong> de Virtud del p\u00e1jaro cont\u00f3 con la columna deportiva de <strong>Nahuel Villar. <\/strong>Tambi\u00e9n,\u00a0<strong>Eduardo Febbro,\u00a0<\/strong>periodista y corresponsal del diario P\u00e1gina 12 en Francia,charl\u00f3 sobre peronismo y populismo, el <strong>Padre Paco Oliveira<\/strong>\u00a0se refiri\u00f3 a la Emergencia Sanitaria, la docente <strong>Ana Andr\u00e9s<\/strong> festej\u00f3 el d\u00eda del maestro en la radio, el profesor <strong>Diego Vel\u00e1zquez<\/strong> present\u00f3 su libro \u00abTestimonios de la transferencia\u00bb, y el docente de la carrera de letras, <strong>Jorge Aloy<\/strong>, cont\u00f3 sobre su proyecto \u00abLecturas m\u00ednimas\u00bb.<\/p><p><iframe id=\"audio_41502035\" style=\"border: 1px solid #EEE; box-sizing: border-box; width: 100%;\" src=\"https:\/\/ar.ivoox.com\/es\/player_ej_41502035_4_1.html?c1=0094ff\" height=\"200\" frameborder=\"0\" scrolling=\"no\" allowfullscreen=\"allowfullscreen\"><\/iframe><\/p><p>En su <strong>cuarto programa<\/strong>, el decano de la Facultad de Ciencias Sociales de la UNLZ,\u00a0<strong>Gustavo Na\u00f3n,<\/strong> repas\u00f3 la agenda acad\u00e9mica y los proyectos que tiene de gesti\u00f3n para el pr\u00f3ximo a\u00f1o. Adem\u00e1s, participaron<strong> Miriam Mariotto, <\/strong>quien cont\u00f3 la situaci\u00f3n de los docentes y trabajadores de Chubut, <strong>Guillermo Moretti<\/strong>, vice presidente tercero de la Uni\u00f3n Industrial Argentina, y <strong>Jorge Rocaro<\/strong>, miembro del Movimiento de Trabajadores Excluidos y reciclador urbano de Lan\u00fas.<iframe id=\"audio_41501863\" style=\"border: 1px solid #EEE; box-sizing: border-box; width: 100%;\" src=\"https:\/\/ar.ivoox.com\/es\/player_ej_41501863_4_1.html?c1=0094ff\" height=\"200\" frameborder=\"0\" scrolling=\"no\" allowfullscreen=\"allowfullscreen\"><\/iframe><\/p><p>En su <strong>tercera<\/strong>\u00a0<strong>emisi\u00f3n<\/strong>\u00a0participaron <strong>Cecilia Wihelm<\/strong>, (casi) economista e investigadora del Centro de Estudios Econ\u00f3micos y Sociales Scalabrini Ortiz, <strong>Francisco Lavolpe<\/strong>, director del Instituto de Estudios Internacionales de la UNLZ,\u00a0<strong>Roc\u00edo Galv\u00e1n<\/strong>, periodista especializada en industria y pymes, y <strong>Emmanuel Olea<\/strong>, periodista e integrante del programa, quien se refiri\u00f3 a la situaci\u00f3n laboral en Argentina. Tambi\u00e9n, pudieron entrevistar a <strong>Mariano Olmedo<\/strong>, director, productor y docente de Sociales, quien cont\u00f3 detalles de la pel\u00edcula sobre la vida de su padre Alberto \u201cel Negro\u201d Olmedo; y a <strong>Nora del Carmen Cruz<\/strong>, docente rural de Santa Victoria Oeste.<iframe id=\"audio_41500637\" style=\"border: 1px solid #EEE; box-sizing: border-box; width: 100%;\" src=\"https:\/\/ar.ivoox.com\/es\/player_ej_41500637_4_1.html?c1=0094ff\" height=\"200\" frameborder=\"0\" scrolling=\"no\" allowfullscreen=\"allowfullscreen\"><\/iframe><\/p><p>En el <strong>segundo programa<\/strong> de Virtud del p\u00e1jaro, estuvieron <strong>Rub\u00e9n Telechea<\/strong>, contador y titular de la c\u00e1tedra de Econom\u00eda General, quien analiz\u00f3 la situaci\u00f3n pol\u00edtica actual, y\u00a0<strong>Mariela Lojko<\/strong>, docente de la c\u00e1tedra de Creatividad en Publicidad, quien dio detalles del I Congreso Nacional de Publicidad que se realiz\u00f3 en la Facultad de Ciencias Sociales de la UNLZ.<\/p><p><iframe id=\"audio_41499763\" style=\"border: 1px solid #EEE; box-sizing: border-box; width: 100%;\" src=\"https:\/\/ar.ivoox.com\/es\/player_ej_41499763_4_1.html?c1=0094ff\" height=\"200\" frameborder=\"0\" scrolling=\"no\" allowfullscreen=\"allowfullscreen\"><\/iframe><\/p><p><strong>Programa inaugural<\/strong> de Virtud del p\u00e1jaro. En \u00e9l, fueron entrevistados el Coordinador del \u00c1rea de Medios <strong>Pablo Romano<\/strong>, y el\u00a0docente finalista del \u201cGlobal Teacher Price\u201d por su proyecto la radio en la escuela, <strong>Mart\u00edn Salvetti<\/strong>. Adem\u00e1s participaron <strong>Francisco Lavolpe<\/strong>, director del Instituto de Estudios Internacionales de la UNLZ, y<strong> Oscar Amaya<\/strong>, \u00a0director del Servicio de Atenci\u00f3n y Orientaci\u00f3n Psicopedag\u00f3gica (SAOP).<iframe id=\"audio_41375541\" style=\"border: 1px solid #EEE; box-sizing: border-box; width: 100%;\" src=\"https:\/\/ar.ivoox.com\/es\/player_ej_41375541_4_1.html?c1=0094ff\" height=\"200\" frameborder=\"0\" scrolling=\"no\" allowfullscreen=\"allowfullscreen\"><\/iframe>[vc-row][vc_column][vc_column_text]<\/p>\t\t\t\t\t\t\t\t<\/div>\n\t\t\t\t<\/div>\n\t\t\t\t\t<\/div>\n\t\t<\/div>\n\t\t\t\t\t<\/div>\n\t\t<\/section>\n\t\t\t\t<\/div>\n\t\t","protected":false},"excerpt":{"rendered":"<p>\u00a0&#8230;<\/p>\n","protected":false},"author":3,"featured_media":5728,"parent":0,"menu_order":0,"comment_status":"closed","ping_status":"closed","template":"","meta":{"om_disable_all_campaigns":false,"_monsterinsights_skip_tracking":false,"_monsterinsights_sitenote_active":false,"_monsterinsights_sitenote_note":"","_monsterinsights_sitenote_category":0,"footnotes":""},"class_list":["post-4593","page","type-page","status-publish","has-post-thumbnail","hentry"],"yoast_head":"<!-- This site is optimized with the Yoast SEO plugin v27.5 - https:\/\/yoast.com\/product\/yoast-seo-wordpress\/ -->\n<title>Virtud del P\u00e1jaro - Radio Conurbana<\/title>\n<meta name=\"robots\" content=\"index, follow, max-snippet:-1, max-image-preview:large, max-video-preview:-1\" \/>\n<link rel=\"canonical\" href=\"https:\/\/www.radioconurbana.unlz.edu.ar\/wordpress\/virtud-del-pajaro-2\/\" \/>\n<meta property=\"og:locale\" content=\"es_ES\" \/>\n<meta property=\"og:type\" content=\"article\" \/>\n<meta property=\"og:title\" content=\"Virtud del P\u00e1jaro - Radio Conurbana\" \/>\n<meta property=\"og:description\" content=\"\u00a0...\" \/>\n<meta property=\"og:url\" content=\"https:\/\/www.radioconurbana.unlz.edu.ar\/wordpress\/virtud-del-pajaro-2\/\" \/>\n<meta property=\"og:site_name\" content=\"Radio Conurbana\" \/>\n<meta property=\"article:publisher\" content=\"https:\/\/www.facebook.com\/ConurbanaRadio\/\" \/>\n<meta property=\"article:modified_time\" content=\"2026-04-21T20:13:36+00:00\" \/>\n<meta property=\"og:image\" content=\"https:\/\/www.radioconurbana.unlz.edu.ar\/wordpress\/wp-content\/uploads\/2021\/12\/2.png\" \/>\n\t<meta property=\"og:image:width\" content=\"1920\" \/>\n\t<meta property=\"og:image:height\" content=\"700\" \/>\n\t<meta property=\"og:image:type\" content=\"image\/png\" \/>\n<meta name=\"twitter:card\" content=\"summary_large_image\" \/>\n<meta name=\"twitter:site\" content=\"@ConurbanaRadio\" \/>\n<meta name=\"twitter:label1\" content=\"Tiempo de lectura\" \/>\n\t<meta name=\"twitter:data1\" content=\"81 minutos\" \/>\n<script type=\"application\/ld+json\" class=\"yoast-schema-graph\">{\"@context\":\"https:\\\/\\\/schema.org\",\"@graph\":[{\"@type\":\"WebPage\",\"@id\":\"https:\\\/\\\/www.radioconurbana.unlz.edu.ar\\\/wordpress\\\/virtud-del-pajaro-2\\\/\",\"url\":\"https:\\\/\\\/www.radioconurbana.unlz.edu.ar\\\/wordpress\\\/virtud-del-pajaro-2\\\/\",\"name\":\"Virtud del P\u00e1jaro - Radio Conurbana\",\"isPartOf\":{\"@id\":\"https:\\\/\\\/www.radioconurbana.unlz.edu.ar\\\/wordpress\\\/#website\"},\"primaryImageOfPage\":{\"@id\":\"https:\\\/\\\/www.radioconurbana.unlz.edu.ar\\\/wordpress\\\/virtud-del-pajaro-2\\\/#primaryimage\"},\"image\":{\"@id\":\"https:\\\/\\\/www.radioconurbana.unlz.edu.ar\\\/wordpress\\\/virtud-del-pajaro-2\\\/#primaryimage\"},\"thumbnailUrl\":\"https:\\\/\\\/www.radioconurbana.unlz.edu.ar\\\/wordpress\\\/wp-content\\\/uploads\\\/2021\\\/12\\\/2.png\",\"datePublished\":\"2021-09-20T12:59:36+00:00\",\"dateModified\":\"2026-04-21T20:13:36+00:00\",\"breadcrumb\":{\"@id\":\"https:\\\/\\\/www.radioconurbana.unlz.edu.ar\\\/wordpress\\\/virtud-del-pajaro-2\\\/#breadcrumb\"},\"inLanguage\":\"es\",\"potentialAction\":[{\"@type\":\"ReadAction\",\"target\":[\"https:\\\/\\\/www.radioconurbana.unlz.edu.ar\\\/wordpress\\\/virtud-del-pajaro-2\\\/\"]}]},{\"@type\":\"ImageObject\",\"inLanguage\":\"es\",\"@id\":\"https:\\\/\\\/www.radioconurbana.unlz.edu.ar\\\/wordpress\\\/virtud-del-pajaro-2\\\/#primaryimage\",\"url\":\"https:\\\/\\\/www.radioconurbana.unlz.edu.ar\\\/wordpress\\\/wp-content\\\/uploads\\\/2021\\\/12\\\/2.png\",\"contentUrl\":\"https:\\\/\\\/www.radioconurbana.unlz.edu.ar\\\/wordpress\\\/wp-content\\\/uploads\\\/2021\\\/12\\\/2.png\",\"width\":1920,\"height\":700},{\"@type\":\"BreadcrumbList\",\"@id\":\"https:\\\/\\\/www.radioconurbana.unlz.edu.ar\\\/wordpress\\\/virtud-del-pajaro-2\\\/#breadcrumb\",\"itemListElement\":[{\"@type\":\"ListItem\",\"position\":1,\"name\":\"Portada\",\"item\":\"https:\\\/\\\/www.radioconurbana.unlz.edu.ar\\\/wordpress\\\/\"},{\"@type\":\"ListItem\",\"position\":2,\"name\":\"Virtud del P\u00e1jaro\"}]},{\"@type\":\"WebSite\",\"@id\":\"https:\\\/\\\/www.radioconurbana.unlz.edu.ar\\\/wordpress\\\/#website\",\"url\":\"https:\\\/\\\/www.radioconurbana.unlz.edu.ar\\\/wordpress\\\/\",\"name\":\"Radio Conurbana\",\"description\":\"Facultad de Ciencias Sociales UNLZ\",\"publisher\":{\"@id\":\"https:\\\/\\\/www.radioconurbana.unlz.edu.ar\\\/wordpress\\\/#organization\"},\"potentialAction\":[{\"@type\":\"SearchAction\",\"target\":{\"@type\":\"EntryPoint\",\"urlTemplate\":\"https:\\\/\\\/www.radioconurbana.unlz.edu.ar\\\/wordpress\\\/?s={search_term_string}\"},\"query-input\":{\"@type\":\"PropertyValueSpecification\",\"valueRequired\":true,\"valueName\":\"search_term_string\"}}],\"inLanguage\":\"es\"},{\"@type\":\"Organization\",\"@id\":\"https:\\\/\\\/www.radioconurbana.unlz.edu.ar\\\/wordpress\\\/#organization\",\"name\":\"Radio Conurbana\",\"url\":\"https:\\\/\\\/www.radioconurbana.unlz.edu.ar\\\/wordpress\\\/\",\"logo\":{\"@type\":\"ImageObject\",\"inLanguage\":\"es\",\"@id\":\"https:\\\/\\\/www.radioconurbana.unlz.edu.ar\\\/wordpress\\\/#\\\/schema\\\/logo\\\/image\\\/\",\"url\":\"http:\\\/\\\/www.radioconurbana.unlz.edu.ar\\\/wordpress\\\/wp-content\\\/uploads\\\/2021\\\/09\\\/cropped-Redondo.png\",\"contentUrl\":\"http:\\\/\\\/www.radioconurbana.unlz.edu.ar\\\/wordpress\\\/wp-content\\\/uploads\\\/2021\\\/09\\\/cropped-Redondo.png\",\"width\":512,\"height\":512,\"caption\":\"Radio Conurbana\"},\"image\":{\"@id\":\"https:\\\/\\\/www.radioconurbana.unlz.edu.ar\\\/wordpress\\\/#\\\/schema\\\/logo\\\/image\\\/\"},\"sameAs\":[\"https:\\\/\\\/www.facebook.com\\\/ConurbanaRadio\\\/\",\"https:\\\/\\\/x.com\\\/ConurbanaRadio\",\"https:\\\/\\\/www.instagram.com\\\/conurbanaradio\\\/\"]}]}<\/script>\n<!-- \/ Yoast SEO plugin. -->","yoast_head_json":{"title":"Virtud del P\u00e1jaro - Radio Conurbana","robots":{"index":"index","follow":"follow","max-snippet":"max-snippet:-1","max-image-preview":"max-image-preview:large","max-video-preview":"max-video-preview:-1"},"canonical":"https:\/\/www.radioconurbana.unlz.edu.ar\/wordpress\/virtud-del-pajaro-2\/","og_locale":"es_ES","og_type":"article","og_title":"Virtud del P\u00e1jaro - Radio Conurbana","og_description":"\u00a0...","og_url":"https:\/\/www.radioconurbana.unlz.edu.ar\/wordpress\/virtud-del-pajaro-2\/","og_site_name":"Radio Conurbana","article_publisher":"https:\/\/www.facebook.com\/ConurbanaRadio\/","article_modified_time":"2026-04-21T20:13:36+00:00","og_image":[{"width":1920,"height":700,"url":"https:\/\/www.radioconurbana.unlz.edu.ar\/wordpress\/wp-content\/uploads\/2021\/12\/2.png","type":"image\/png"}],"twitter_card":"summary_large_image","twitter_site":"@ConurbanaRadio","twitter_misc":{"Tiempo de lectura":"81 minutos"},"schema":{"@context":"https:\/\/schema.org","@graph":[{"@type":"WebPage","@id":"https:\/\/www.radioconurbana.unlz.edu.ar\/wordpress\/virtud-del-pajaro-2\/","url":"https:\/\/www.radioconurbana.unlz.edu.ar\/wordpress\/virtud-del-pajaro-2\/","name":"Virtud del P\u00e1jaro - Radio Conurbana","isPartOf":{"@id":"https:\/\/www.radioconurbana.unlz.edu.ar\/wordpress\/#website"},"primaryImageOfPage":{"@id":"https:\/\/www.radioconurbana.unlz.edu.ar\/wordpress\/virtud-del-pajaro-2\/#primaryimage"},"image":{"@id":"https:\/\/www.radioconurbana.unlz.edu.ar\/wordpress\/virtud-del-pajaro-2\/#primaryimage"},"thumbnailUrl":"https:\/\/www.radioconurbana.unlz.edu.ar\/wordpress\/wp-content\/uploads\/2021\/12\/2.png","datePublished":"2021-09-20T12:59:36+00:00","dateModified":"2026-04-21T20:13:36+00:00","breadcrumb":{"@id":"https:\/\/www.radioconurbana.unlz.edu.ar\/wordpress\/virtud-del-pajaro-2\/#breadcrumb"},"inLanguage":"es","potentialAction":[{"@type":"ReadAction","target":["https:\/\/www.radioconurbana.unlz.edu.ar\/wordpress\/virtud-del-pajaro-2\/"]}]},{"@type":"ImageObject","inLanguage":"es","@id":"https:\/\/www.radioconurbana.unlz.edu.ar\/wordpress\/virtud-del-pajaro-2\/#primaryimage","url":"https:\/\/www.radioconurbana.unlz.edu.ar\/wordpress\/wp-content\/uploads\/2021\/12\/2.png","contentUrl":"https:\/\/www.radioconurbana.unlz.edu.ar\/wordpress\/wp-content\/uploads\/2021\/12\/2.png","width":1920,"height":700},{"@type":"BreadcrumbList","@id":"https:\/\/www.radioconurbana.unlz.edu.ar\/wordpress\/virtud-del-pajaro-2\/#breadcrumb","itemListElement":[{"@type":"ListItem","position":1,"name":"Portada","item":"https:\/\/www.radioconurbana.unlz.edu.ar\/wordpress\/"},{"@type":"ListItem","position":2,"name":"Virtud del P\u00e1jaro"}]},{"@type":"WebSite","@id":"https:\/\/www.radioconurbana.unlz.edu.ar\/wordpress\/#website","url":"https:\/\/www.radioconurbana.unlz.edu.ar\/wordpress\/","name":"Radio Conurbana","description":"Facultad de Ciencias Sociales UNLZ","publisher":{"@id":"https:\/\/www.radioconurbana.unlz.edu.ar\/wordpress\/#organization"},"potentialAction":[{"@type":"SearchAction","target":{"@type":"EntryPoint","urlTemplate":"https:\/\/www.radioconurbana.unlz.edu.ar\/wordpress\/?s={search_term_string}"},"query-input":{"@type":"PropertyValueSpecification","valueRequired":true,"valueName":"search_term_string"}}],"inLanguage":"es"},{"@type":"Organization","@id":"https:\/\/www.radioconurbana.unlz.edu.ar\/wordpress\/#organization","name":"Radio Conurbana","url":"https:\/\/www.radioconurbana.unlz.edu.ar\/wordpress\/","logo":{"@type":"ImageObject","inLanguage":"es","@id":"https:\/\/www.radioconurbana.unlz.edu.ar\/wordpress\/#\/schema\/logo\/image\/","url":"http:\/\/www.radioconurbana.unlz.edu.ar\/wordpress\/wp-content\/uploads\/2021\/09\/cropped-Redondo.png","contentUrl":"http:\/\/www.radioconurbana.unlz.edu.ar\/wordpress\/wp-content\/uploads\/2021\/09\/cropped-Redondo.png","width":512,"height":512,"caption":"Radio Conurbana"},"image":{"@id":"https:\/\/www.radioconurbana.unlz.edu.ar\/wordpress\/#\/schema\/logo\/image\/"},"sameAs":["https:\/\/www.facebook.com\/ConurbanaRadio\/","https:\/\/x.com\/ConurbanaRadio","https:\/\/www.instagram.com\/conurbanaradio\/"]}]}},"rttpg_featured_image_url":{"full":["https:\/\/www.radioconurbana.unlz.edu.ar\/wordpress\/wp-content\/uploads\/2021\/12\/2.png",1920,700,false],"landscape":["https:\/\/www.radioconurbana.unlz.edu.ar\/wordpress\/wp-content\/uploads\/2021\/12\/2.png",1920,700,false],"portraits":["https:\/\/www.radioconurbana.unlz.edu.ar\/wordpress\/wp-content\/uploads\/2021\/12\/2.png",1920,700,false],"thumbnail":["https:\/\/www.radioconurbana.unlz.edu.ar\/wordpress\/wp-content\/uploads\/2021\/12\/2-150x150.png",150,150,true],"medium":["https:\/\/www.radioconurbana.unlz.edu.ar\/wordpress\/wp-content\/uploads\/2021\/12\/2-300x109.png",300,109,true],"large":["https:\/\/www.radioconurbana.unlz.edu.ar\/wordpress\/wp-content\/uploads\/2021\/12\/2-1024x373.png",1024,373,true],"1536x1536":["https:\/\/www.radioconurbana.unlz.edu.ar\/wordpress\/wp-content\/uploads\/2021\/12\/2-1536x560.png",1536,560,true],"2048x2048":["https:\/\/www.radioconurbana.unlz.edu.ar\/wordpress\/wp-content\/uploads\/2021\/12\/2.png",1920,700,false],"bm-post-thumb":["https:\/\/www.radioconurbana.unlz.edu.ar\/wordpress\/wp-content\/uploads\/2021\/12\/2-250x250.png",250,250,true],"bm-post-medium":["https:\/\/www.radioconurbana.unlz.edu.ar\/wordpress\/wp-content\/uploads\/2021\/12\/2-480x250.png",480,250,true],"roneous_grid":["https:\/\/www.radioconurbana.unlz.edu.ar\/wordpress\/wp-content\/uploads\/2021\/12\/2-600x400.png",600,400,true],"roneous_box":["https:\/\/www.radioconurbana.unlz.edu.ar\/wordpress\/wp-content\/uploads\/2021\/12\/2-650x600.png",650,600,true],"tlg_framework_thumbnail":["https:\/\/www.radioconurbana.unlz.edu.ar\/wordpress\/wp-content\/uploads\/2021\/12\/2-60x60.png",60,60,true]},"rttpg_author":{"display_name":"Radio Conurbana","author_link":"https:\/\/www.radioconurbana.unlz.edu.ar\/wordpress\/author\/radio\/"},"rttpg_comment":0,"rttpg_category":null,"rttpg_excerpt":"\u00a0...","_links":{"self":[{"href":"https:\/\/www.radioconurbana.unlz.edu.ar\/wordpress\/wp-json\/wp\/v2\/pages\/4593","targetHints":{"allow":["GET"]}}],"collection":[{"href":"https:\/\/www.radioconurbana.unlz.edu.ar\/wordpress\/wp-json\/wp\/v2\/pages"}],"about":[{"href":"https:\/\/www.radioconurbana.unlz.edu.ar\/wordpress\/wp-json\/wp\/v2\/types\/page"}],"author":[{"embeddable":true,"href":"https:\/\/www.radioconurbana.unlz.edu.ar\/wordpress\/wp-json\/wp\/v2\/users\/3"}],"replies":[{"embeddable":true,"href":"https:\/\/www.radioconurbana.unlz.edu.ar\/wordpress\/wp-json\/wp\/v2\/comments?post=4593"}],"version-history":[{"count":840,"href":"https:\/\/www.radioconurbana.unlz.edu.ar\/wordpress\/wp-json\/wp\/v2\/pages\/4593\/revisions"}],"predecessor-version":[{"id":19712,"href":"https:\/\/www.radioconurbana.unlz.edu.ar\/wordpress\/wp-json\/wp\/v2\/pages\/4593\/revisions\/19712"}],"wp:featuredmedia":[{"embeddable":true,"href":"https:\/\/www.radioconurbana.unlz.edu.ar\/wordpress\/wp-json\/wp\/v2\/media\/5728"}],"wp:attachment":[{"href":"https:\/\/www.radioconurbana.unlz.edu.ar\/wordpress\/wp-json\/wp\/v2\/media?parent=4593"}],"curies":[{"name":"wp","href":"https:\/\/api.w.org\/{rel}","templated":true}]}}